{"id":3153,"date":"2022-07-27T15:10:43","date_gmt":"2022-07-27T14:10:43","guid":{"rendered":"https:\/\/downlleida.org\/quienes-somos\/"},"modified":"2025-10-10T08:20:10","modified_gmt":"2025-10-10T07:20:10","slug":"quienes-somos","status":"publish","type":"page","link":"https:\/\/downlleida.org\/es\/quienes-somos\/","title":{"rendered":"Qui\u00e9nes somos"},"content":{"rendered":"<p><div class=\"fusion-fullwidth fullwidth-box fusion-builder-row-1 fusion-flex-container has-pattern-background has-mask-background nonhundred-percent-fullwidth non-hundred-percent-height-scrolling fusion-sticky-container\" style=\"--link_hover_color: var(--awb-color5);--link_color: var(--awb-color8);--awb-border-color:hsla(var(--awb-color3-h),var(--awb-color3-s),calc(var(--awb-color3-l) + 10%),var(--awb-color3-a));--awb-border-radius-top-left:0px;--awb-border-radius-top-right:0px;--awb-border-radius-bottom-right:0px;--awb-border-radius-bottom-left:0px;--awb-padding-top:15px;--awb-padding-bottom:15px;--awb-background-color:var(--awb-color1);--awb-sticky-background-color:var(--awb-color1) !important;--awb-box-shadow:0px 2px 7px 0px hsla(var(--awb-color8-h),var(--awb-color8-s),var(--awb-color8-l),calc(var(--awb-color8-a) - 93%));\" data-transition-offset=\"0\" data-scroll-offset=\"0\" data-sticky-small-visibility=\"1\" data-sticky-medium-visibility=\"1\" data-sticky-large-visibility=\"1\" ><div class=\"fusion-builder-row fusion-row fusion-flex-align-items-flex-start\" style=\"max-width:1248px;margin-left: calc(-4% \/ 2 );margin-right: calc(-4% \/ 2 );\"><div class=\"fusion-layout-column fusion_builder_column fusion-builder-column-0 fusion_builder_column_1_1 1_1 fusion-flex-column fusion-flex-align-self-flex-start fusion-column-no-min-height fusion-animated\" style=\"--awb-bg-blend:overlay;--awb-bg-size:cover;--awb-width-large:100%;--awb-margin-top-large:0px;--awb-spacing-right-large:1.92%;--awb-margin-bottom-large:0px;--awb-spacing-left-large:1.92%;--awb-width-medium:100%;--awb-spacing-right-medium:1.92%;--awb-spacing-left-medium:1.92%;--awb-width-small:100%;--awb-spacing-right-small:1.92%;--awb-spacing-left-small:1.92%;\" data-animationType=\"fadeIn\" data-animationDuration=\"0.8\" data-animationOffset=\"top-into-view\"><div class=\"fusion-column-wrapper fusion-flex-justify-content-center fusion-content-layout-row\"><nav class=\"awb-menu awb-menu_row awb-menu_em-hover mobile-mode-collapse-to-button awb-menu_icons-left awb-menu_dc-yes mobile-trigger-fullwidth-off awb-menu_mobile-toggle awb-menu_indent-left mobile-size-full-absolute loading mega-menu-loading awb-menu_desktop awb-menu_dropdown awb-menu_expand-right awb-menu_transition-fade\" style=\"--awb-font-size:var(--awb-typography4-font-size);--awb-line-height:var(--awb-typography4-line-height);--awb-text-transform:var(--awb-typography4-text-transform);--awb-gap:60px;--awb-align-items:center;--awb-justify-content:center;--awb-border-bottom:2px;--awb-color:var(--awb-color8);--awb-letter-spacing:var(--awb-typography4-letter-spacing);--awb-active-color:var(--awb-color5);--awb-active-border-bottom:2px;--awb-active-border-color:var(--awb-color5);--awb-submenu-color:hsla(var(--awb-color1-h),var(--awb-color1-s),var(--awb-color1-l),calc(var(--awb-color1-a) - 20%));--awb-submenu-bg:var(--awb-color8);--awb-submenu-sep-color:hsla(var(--awb-color1-h),var(--awb-color1-s),var(--awb-color1-l),calc(var(--awb-color1-a) - 80%));--awb-submenu-active-bg:hsla(var(--awb-color8-h),var(--awb-color8-s),calc(var(--awb-color8-l) + 10%),var(--awb-color8-a));--awb-submenu-active-color:var(--awb-color1);--awb-submenu-space:9px;--awb-submenu-font-size:var(--awb-typography5-font-size);--awb-submenu-text-transform:var(--awb-typography5-text-transform);--awb-submenu-line-height:var(--awb-typography5-line-height);--awb-submenu-letter-spacing:var(--awb-typography5-letter-spacing);--awb-icons-color:var(--awb-color8);--awb-icons-hover-color:var(--awb-color5);--awb-main-justify-content:flex-start;--awb-mobile-bg:var(--awb-color1);--awb-mobile-color:var(--awb-color7);--awb-mobile-active-bg:var(--awb-color1);--awb-mobile-active-color:var(--awb-color8);--awb-mobile-trigger-color:var(--awb-color8);--awb-justify-title:flex-start;--awb-mobile-justify:flex-start;--awb-mobile-caret-left:auto;--awb-mobile-caret-right:0;--awb-fusion-font-family-typography:var(--awb-typography4-font-family);--awb-fusion-font-weight-typography:var(--awb-typography4-font-weight);--awb-fusion-font-style-typography:var(--awb-typography4-font-style);--awb-fusion-font-family-submenu-typography:var(--awb-typography5-font-family);--awb-fusion-font-weight-submenu-typography:var(--awb-typography5-font-weight);--awb-fusion-font-style-submenu-typography:var(--awb-typography5-font-style);--awb-fusion-font-family-mobile-typography:&quot;Inter&quot;;--awb-fusion-font-style-mobile-typography:normal;--awb-fusion-font-weight-mobile-typography:700;\" aria-label=\"Menu\" data-breakpoint=\"0\" data-count=\"0\" data-transition-type=\"center\" data-transition-time=\"300\"><ul id=\"menu-quienes-somos-es\" class=\"fusion-menu awb-menu__main-ul awb-menu__main-ul_row\"><li  id=\"menu-item-4658\"  class=\"menu-item menu-item-type-custom menu-item-object-custom menu-item-4658 awb-menu__li awb-menu__main-li awb-menu__main-li_regular\"  data-item-id=\"4658\"><span class=\"awb-menu__main-background-default awb-menu__main-background-default_center\"><\/span><span class=\"awb-menu__main-background-active awb-menu__main-background-active_center\"><\/span><a  href=\"#quisom\" class=\"awb-menu__main-a awb-menu__main-a_regular\"><span class=\"menu-text\">Sobre nosotros<\/span><\/a><\/li><li  id=\"menu-item-4659\"  class=\"menu-item menu-item-type-custom menu-item-object-custom menu-item-4659 awb-menu__li awb-menu__main-li awb-menu__main-li_regular\"  data-item-id=\"4659\"><span class=\"awb-menu__main-background-default awb-menu__main-background-default_center\"><\/span><span class=\"awb-menu__main-background-active awb-menu__main-background-active_center\"><\/span><a  href=\"#junta\" class=\"awb-menu__main-a awb-menu__main-a_regular\"><span class=\"menu-text\">La Junta<\/span><\/a><\/li><li  id=\"menu-item-4660\"  class=\"menu-item menu-item-type-custom menu-item-object-custom menu-item-4660 awb-menu__li awb-menu__main-li awb-menu__main-li_regular\"  data-item-id=\"4660\"><span class=\"awb-menu__main-background-default awb-menu__main-background-default_center\"><\/span><span class=\"awb-menu__main-background-active awb-menu__main-background-active_center\"><\/span><a  href=\"#equip\" class=\"awb-menu__main-a awb-menu__main-a_regular\"><span class=\"menu-text\">Equipo de trabajo<\/span><\/a><\/li><li  id=\"menu-item-4661\"  class=\"menu-item menu-item-type-custom menu-item-object-custom menu-item-4661 awb-menu__li awb-menu__main-li awb-menu__main-li_regular\"  data-item-id=\"4661\"><span class=\"awb-menu__main-background-default awb-menu__main-background-default_center\"><\/span><span class=\"awb-menu__main-background-active awb-menu__main-background-active_center\"><\/span><a  href=\"#premios\" class=\"awb-menu__main-a awb-menu__main-a_regular\"><span class=\"menu-text\">Premios y reconocimientos<\/span><\/a><\/li><li  id=\"menu-item-4662\"  class=\"menu-item menu-item-type-custom menu-item-object-custom menu-item-4662 awb-menu__li awb-menu__main-li awb-menu__main-li_regular\"  data-item-id=\"4662\"><span class=\"awb-menu__main-background-default awb-menu__main-background-default_center\"><\/span><span class=\"awb-menu__main-background-active awb-menu__main-background-active_center\"><\/span><a  href=\"#transparecia\" class=\"awb-menu__main-a awb-menu__main-a_regular\"><span class=\"menu-text\">Transparencia<\/span><\/a><\/li><li  id=\"menu-item-4663\"  class=\"menu-item menu-item-type-custom menu-item-object-custom menu-item-4663 awb-menu__li awb-menu__main-li awb-menu__main-li_regular\"  data-item-id=\"4663\"><span class=\"awb-menu__main-background-default awb-menu__main-background-default_center\"><\/span><span class=\"awb-menu__main-background-active awb-menu__main-background-active_center\"><\/span><a  href=\"#ods\" class=\"awb-menu__main-a awb-menu__main-a_regular\"><span class=\"menu-text\">ODS<\/span><\/a><\/li><\/ul><\/nav><\/div><\/div><\/div><\/div><div id=\"quisom\" class=\"fusion-container-anchor\"><div class=\"fusion-fullwidth fullwidth-box fusion-builder-row-2 fusion-flex-container has-pattern-background has-mask-background nonhundred-percent-fullwidth non-hundred-percent-height-scrolling\" style=\"--link_hover_color: var(--awb-color5);--link_color: var(--awb-color5);--awb-background-position:right top;--awb-background-blend-mode:overlay;--awb-border-color:var(--awb-color1);--awb-border-radius-top-left:0px;--awb-border-radius-top-right:0px;--awb-border-radius-bottom-right:0px;--awb-border-radius-bottom-left:0px;--awb-padding-top:120px;--awb-padding-bottom:120px;--awb-padding-top-medium:90px;--awb-padding-bottom-medium:90px;--awb-padding-top-small:100px;--awb-padding-bottom-small:100px;--awb-margin-bottom-medium:0px;--awb-background-color:var(--awb-color1);\" ><div class=\"awb-background-mask\" style=\"background-image:  url(data:image\/svg+xml;utf8,%3Csvg%20width%3D%221920%22%20height%3D%22954%22%20fill%3D%22none%22%20xmlns%3D%22http%3A%2F%2Fwww.w3.org%2F2000%2Fsvg%22%3E%3Cg%20clip-path%3D%22url%28%23prefix__clip0_75_23031%29%22%20fill%3D%22rgba%2834%2C130%2C191%2C1%29%22%3E%3Cpath%20d%3D%22M1321.57%20538C1357.08%20287.516%201273.7%2089.91%201127-.418L1374.18-6c65.77%20100.68-15.89%20431.512-52.61%20544zM312%20955c432.242%200%20746.77-180.667%20850-271-90.34%20157.09-176.766%20246.121-208.688%20271H312z%22%20fill%3D%22rgba%28250%2C202%2C25%2C0.45%29%22%20fill-opacity%3D%22.25%22%2F%3E%3Cpath%20d%3D%22M1344.5%20427c0-252.4-212.67-390.833-319-428.5H1373c70%2082.4%2010.17%20320-28.5%20428.5z%22%20fill%3D%22rgba%28250%2C202%2C25%2C0.45%29%22%20fill-opacity%3D%22.1%22%2F%3E%3Cpath%20fill-rule%3D%22evenodd%22%20clip-rule%3D%22evenodd%22%20d%3D%22M839.644%20954C1138.37%20793.549%201337%20508.902%201337%20184.5c0-63.218-7.54-124.926-21.9-184.5H1920v954H839.644zm0%200C676.842%201041.44%20484.311%201092%20278%201092c-584.87%200-1059-406.302-1059-907.5S-306.87-723%20278-723c511.098%200%20937.63%20310.269%201037.1%20723H0v954h839.644z%22%20fill%3D%22rgba%28250%2C202%2C25%2C0.45%29%22%20fill-opacity%3D%22.5%22%2F%3E%3Cpath%20fill-rule%3D%22evenodd%22%20clip-rule%3D%22evenodd%22%20d%3D%22M1011.55%20954C1221.42%20793.95%201353%20564.007%201353%20308.5c0-108.584-23.76-212.552-67.2-308.5H1920v954h-908.45zm0%200c-187.291%20142.83-436.933%20230-711.05%20230C-280.78%201184-752%20792.025-752%20308.5S-280.78-567%20300.5-567c450.743%200%20835.31%20235.692%20985.3%20567H0v954h1011.55z%22%2F%3E%3C%2Fg%3E%3Cdefs%3E%3CclipPath%20id%3D%22prefix__clip0_75_23031%22%3E%3Cpath%20fill%3D%22%23fff%22%20d%3D%22M0%200h1920v954H0z%22%2F%3E%3C%2FclipPath%3E%3C%2Fdefs%3E%3C%2Fsvg%3E);opacity: 1 ;transform: scale(-1, -1);mix-blend-mode:normal;\"><\/div><div class=\"fusion-builder-row fusion-row fusion-flex-align-items-center\" style=\"max-width:1248px;margin-left: calc(-4% \/ 2 );margin-right: calc(-4% \/ 2 );\"><div class=\"fusion-layout-column fusion_builder_column fusion-builder-column-1 fusion-flex-column\" style=\"--awb-bg-size:cover;--awb-width-large:52%;--awb-margin-top-large:0px;--awb-spacing-right-large:72px;--awb-margin-bottom-large:0px;--awb-spacing-left-large:3.6923076923077%;--awb-width-medium:40%;--awb-order-medium:0;--awb-spacing-right-medium:70px;--awb-spacing-left-medium:4.8%;--awb-width-small:100%;--awb-order-small:0;--awb-spacing-right-small:1.92%;--awb-margin-bottom-small:20px;--awb-spacing-left-small:1.92%;\"><div class=\"fusion-column-wrapper fusion-column-has-shadow fusion-flex-justify-content-flex-start fusion-content-layout-column\"><div class=\"fusion-image-element \" style=\"--awb-aspect-ratio:16 \/ 9;--awb-margin-bottom-small:50px;--awb-caption-title-size:var(--h2_typography-font-size);--awb-caption-title-transform:var(--h2_typography-text-transform);--awb-caption-title-line-height:var(--h2_typography-line-height);--awb-caption-title-letter-spacing:var(--h2_typography-letter-spacing);\"><span class=\" fusion-imageframe imageframe-none imageframe-1 hover-type-none has-aspect-ratio fusion-animated\" style=\"border-radius:10px;--awb-animation-color:hsla(var(--awb-color4-h),var(--awb-color4-s),calc(var(--awb-color4-l) + 20%),var(--awb-color4-a));\" data-animationType=\"revealInLeft\" data-animationDuration=\"1.3\" data-animationOffset=\"top-into-view\"><img decoding=\"async\" width=\"1600\" height=\"841\" title=\"Imatge dinar de fam\u00edlies 2024\" src=\"https:\/\/downlleida.org\/wp-content\/uploads\/2024\/09\/Imatge-dinar-de-families-2024.png\" data-orig-src=\"https:\/\/downlleida.org\/wp-content\/uploads\/2024\/09\/Imatge-dinar-de-families-2024.png\" class=\"lazyload img-responsive wp-image-4844 img-with-aspect-ratio\" alt srcset=\"data:image\/svg+xml,%3Csvg%20xmlns%3D%27http%3A%2F%2Fwww.w3.org%2F2000%2Fsvg%27%20width%3D%271600%27%20height%3D%27841%27%20viewBox%3D%270%200%201600%20841%27%3E%3Crect%20width%3D%271600%27%20height%3D%27841%27%20fill-opacity%3D%220%22%2F%3E%3C%2Fsvg%3E\" data-srcset=\"https:\/\/downlleida.org\/wp-content\/uploads\/2024\/09\/Imatge-dinar-de-families-2024-200x105.png 200w, https:\/\/downlleida.org\/wp-content\/uploads\/2024\/09\/Imatge-dinar-de-families-2024-400x210.png 400w, https:\/\/downlleida.org\/wp-content\/uploads\/2024\/09\/Imatge-dinar-de-families-2024-600x315.png 600w, https:\/\/downlleida.org\/wp-content\/uploads\/2024\/09\/Imatge-dinar-de-families-2024-800x421.png 800w, https:\/\/downlleida.org\/wp-content\/uploads\/2024\/09\/Imatge-dinar-de-families-2024-1200x631.png 1200w, https:\/\/downlleida.org\/wp-content\/uploads\/2024\/09\/Imatge-dinar-de-families-2024.png 1600w\" data-sizes=\"auto\" data-orig-sizes=\"(max-width: 700px) 100vw, 600px\" \/><\/span><\/div><\/div><\/div><div class=\"fusion-layout-column fusion_builder_column fusion-builder-column-2 fusion-flex-column fusion-animated\" style=\"--awb-padding-bottom-medium:0px;--awb-bg-size:cover;--awb-width-large:48%;--awb-margin-top-large:0px;--awb-spacing-right-large:4%;--awb-margin-bottom-large:0px;--awb-spacing-left-large:55px;--awb-width-medium:60%;--awb-order-medium:0;--awb-spacing-right-medium:3.2%;--awb-spacing-left-medium:20px;--awb-width-small:100%;--awb-order-small:0;--awb-spacing-right-small:1.92%;--awb-spacing-left-small:20px;\" data-animationType=\"fadeInRight\" data-animationDuration=\"1.3\" data-animationOffset=\"top-into-view\"><div class=\"fusion-column-wrapper fusion-column-has-shadow fusion-flex-justify-content-flex-start fusion-content-layout-column\"><div class=\"fusion-title title fusion-title-1 fusion-sep-none fusion-title-text fusion-title-size-div\" style=\"--awb-text-color:var(--awb-color1);--awb-margin-top:0px;--awb-margin-right:30px;--awb-margin-right-small:30px;--awb-font-size:var(--awb-typography5-font-size);\"><div class=\"title-heading-left title-heading-tag\" style=\"font-family:var(--awb-typography5-font-family);font-weight:var(--awb-typography5-font-weight);font-style:var(--awb-typography5-font-style);margin:0;font-size:1em;letter-spacing:var(--awb-typography5-letter-spacing);text-transform:var(--awb-typography5-text-transform);line-height:var(--awb-typography5-line-height);\"><span class=\"fusion-highlight custom-textcolor highlight1 awb-highlight-background\" style=\"--awb-color:var(--awb-color2);--awb-text-color:var(--awb-color8);\">Down Lleida<\/span><\/div><\/div><div class=\"fusion-title title fusion-title-2 fusion-sep-none fusion-title-text fusion-title-size-two\" style=\"--awb-text-color:var(--awb-color5);--awb-margin-bottom:30px;\"><h2 class=\"title-heading-left\" style=\"font-family:&quot;Plus Jakarta Sans&quot;;font-style:normal;font-weight:800;margin:0;\">\u00bfQui\u00e9nes somos?<\/h2><\/div><div class=\"fusion-text fusion-text-1\"><p>DOWN LLEIDA fue constituida el 22 de abril de 1995 como entidad sin \u00e1nimo de lucro bajo la denominaci\u00f3n oficial de ASOCIACI\u00d3N LLEIDATANA PARA EL S\u00cdNDROME DE DOWN. \u00c9sta naci\u00f3 fruto de la iniciativa de un grupo de padres y madres con el objetivo de mejorar la calidad de vida de las personas con s\u00edndrome de Down y ayudarlas a incorporarse de forma activa dentro de la sociedad. Declarada de utilidad p\u00fablica por el Ministerio de Interior de acuerdo a orden del 24 de noviembre de 2000.(<a href=\"https:\/\/downlleida.org\/wp-content\/uploads\/2018\/11\/Utilidad-p%C3%BAblica.pdf\" target=\"_blank\" rel=\"noopener\">Utilidad p\u00fablica<\/a>)<\/p>\n<p>Tal y como recogen los <a href=\"https:\/\/downlleida.org\/wp-content\/uploads\/2023\/08\/EstatutsDownLleida2023.pdf\" target=\"_blank\" rel=\"noopener\">estatutos<\/a>, el objetivo de la asociaci\u00f3n es promover la IGUALDAD DE OPORTUNIDADES entre las personas con capacidades diversas, una equiparaci\u00f3n real desde la solidaridad y el respeto en el seno de una sociedad tolerante y plural. El objetivo es la normalizaci\u00f3n y la inclusi\u00f3n de las personas con s\u00edndrome de Down y otras discapacidades intelectuales en los diferentes \u00e1mbitos sociales.<\/p>\n<\/div><\/div><\/div><div class=\"fusion-layout-column fusion_builder_column fusion-builder-column-3 fusion_builder_column_1_1 1_1 fusion-flex-column\" style=\"--awb-bg-size:cover;--awb-width-large:100%;--awb-margin-top-large:0px;--awb-spacing-right-large:1.92%;--awb-margin-bottom-large:20px;--awb-spacing-left-large:1.92%;--awb-width-medium:100%;--awb-order-medium:0;--awb-spacing-right-medium:1.92%;--awb-spacing-left-medium:1.92%;--awb-width-small:100%;--awb-order-small:0;--awb-spacing-right-small:1.92%;--awb-spacing-left-small:1.92%;\"><div class=\"fusion-column-wrapper fusion-column-has-shadow fusion-flex-justify-content-flex-start fusion-content-layout-column\"><div class=\"fusion-text fusion-text-2\"><p>Down Lleida trabaja para favorecer un cambio de mentalidad en la sociedad actual en la forma de ver y considerar a las personas con s\u00edndrome de Down y otras discapacidades intelectuales.<\/p>\n<p>Nuestro \u00e1mbito de actuaci\u00f3n es la ciudad de L\u00e9rida y provincia. Actualmente tenemos 153 familias socias. El asociativo tiene derecho a asistir con voz y voto a las reuniones de la Asamblea General que se celebren anualmente en el primer semestre del a\u00f1o. As\u00ed como tambi\u00e9n pueden participar de las actividades que promueva la Asociaci\u00f3n y de los servicios que \u00e9sta presta.<\/p>\n<\/div><div class=\"fusion-image-element \" style=\"text-align:center;--awb-caption-title-size:var(--h2_typography-font-size);--awb-caption-title-transform:var(--h2_typography-text-transform);--awb-caption-title-line-height:var(--h2_typography-line-height);--awb-caption-title-letter-spacing:var(--h2_typography-letter-spacing);\"><span class=\" fusion-imageframe imageframe-none imageframe-2 hover-type-none\"><img decoding=\"async\" width=\"1024\" height=\"427\" title=\"Gr\u00e1fico CAST edades y tanto por ciento\" src=\"https:\/\/downlleida.org\/wp-content\/uploads\/2025\/09\/Grafico-CAST-edades-y-tanto-por-ciento.png\" data-orig-src=\"https:\/\/downlleida.org\/wp-content\/uploads\/2025\/09\/Grafico-CAST-edades-y-tanto-por-ciento-1024x427.png\" alt class=\"lazyload img-responsive wp-image-5301\" srcset=\"data:image\/svg+xml,%3Csvg%20xmlns%3D%27http%3A%2F%2Fwww.w3.org%2F2000%2Fsvg%27%20width%3D%271454%27%20height%3D%27606%27%20viewBox%3D%270%200%201454%20606%27%3E%3Crect%20width%3D%271454%27%20height%3D%27606%27%20fill-opacity%3D%220%22%2F%3E%3C%2Fsvg%3E\" data-srcset=\"https:\/\/downlleida.org\/wp-content\/uploads\/2025\/09\/Grafico-CAST-edades-y-tanto-por-ciento-200x83.png 200w, https:\/\/downlleida.org\/wp-content\/uploads\/2025\/09\/Grafico-CAST-edades-y-tanto-por-ciento-400x167.png 400w, https:\/\/downlleida.org\/wp-content\/uploads\/2025\/09\/Grafico-CAST-edades-y-tanto-por-ciento-600x250.png 600w, https:\/\/downlleida.org\/wp-content\/uploads\/2025\/09\/Grafico-CAST-edades-y-tanto-por-ciento-800x333.png 800w, https:\/\/downlleida.org\/wp-content\/uploads\/2025\/09\/Grafico-CAST-edades-y-tanto-por-ciento-1200x500.png 1200w, https:\/\/downlleida.org\/wp-content\/uploads\/2025\/09\/Grafico-CAST-edades-y-tanto-por-ciento.png 1454w\" data-sizes=\"auto\" data-orig-sizes=\"(max-width: 700px) 100vw, 1200px\" \/><\/span><\/div><div class=\"fusion-text fusion-text-3\"><p><strong style=\"font-size: 20px;\" data-fusion-font=\"true\"><span style=\"vertical-align: inherit;\"><span style=\"vertical-align: inherit;\">Inscritos en:<\/span><\/span><\/strong><\/p>\n<ul>\n<li><span style=\"vertical-align: inherit;\"><span style=\"vertical-align: inherit;\">Registro de asociaciones de la Generalidad de Catalu\u00f1a con el n\u00fam. <\/span><\/span><a href=\"https:\/\/downlleida.org\/wp-content\/uploads\/2024\/01\/Registro-Asociacion-1890.pdf\"><span style=\"vertical-align: inherit;\"><span style=\"vertical-align: inherit;\">1890.<\/span><\/span><\/a><\/li>\n<li><span style=\"vertical-align: inherit;\"><span style=\"vertical-align: inherit;\">Registro de Entidades, Servicios y Establecimientos sociales de la Generalidad, en la secci\u00f3n Entidad Privada de iniciativa social con el n\u00fam. de registro EO 2465.<\/span><\/span><\/li>\n<li><span style=\"vertical-align: inherit;\"><span class=\"\" style=\"vertical-align: inherit;\">Censo de Asociaciones Municipales del Ayuntamiento de Lleida con el n\u00famero de orden <\/span><\/span><a href=\"https:\/\/downlleida.org\/wp-content\/uploads\/2024\/01\/Inscripcio-registre-municipal-associacions-165.pdf\"><span style=\"vertical-align: inherit;\"><span class=\"\" style=\"vertical-align: inherit;\">165.<\/span><\/span><\/a><\/li>\n<li><span style=\"vertical-align: inherit;\"><span class=\"\" style=\"vertical-align: inherit;\">El Instituto Catal\u00e1n del Voluntariado con el n\u00famero <\/span><\/span><a href=\"https:\/\/downlleida.org\/wp-content\/uploads\/2024\/01\/cens-voluntariat-000514.pdf\"><span style=\"vertical-align: inherit;\"><span class=\"\" style=\"vertical-align: inherit;\">000514.<\/span><\/span><\/a><\/li>\n<li><span style=\"vertical-align: inherit;\"><span style=\"vertical-align: inherit;\">Censo de Asociaciones juveniles de la Generalidad de Catalu\u00f1a con el n\u00famero <\/span><\/span><a href=\"https:\/\/downlleida.org\/wp-content\/uploads\/2024\/01\/Joventut-1862.pdf\"><span style=\"vertical-align: inherit;\"><span style=\"vertical-align: inherit;\">1862.<\/span><\/span><\/a><\/li>\n<li><span style=\"vertical-align: inherit;\"><span class=\"\" style=\"vertical-align: inherit;\">Registro de entidades deportivas de la Generalidad de Catalu\u00f1a como secci\u00f3n deportiva con el n\u00famero <\/span><\/span><a href=\"https:\/\/downlleida.org\/wp-content\/uploads\/2024\/01\/eCopia_Comunicat_Adscripci__A02062_signat.pdf\"><span style=\"vertical-align: inherit;\"><span class=\"\" style=\"vertical-align: inherit;\">A02062.<\/span><\/span><\/a><\/li>\n<li><span style=\"vertical-align: inherit;\"><span class=\"\" style=\"vertical-align: inherit;\">Registro RESES Down Lleida: E02465.<\/span><\/span><\/li>\n<li><span style=\"vertical-align: inherit;\"><span style=\"vertical-align: inherit;\">Soporte autonom\u00eda en el propio hogar: S07767.<\/span><\/span><\/li>\n<li><span style=\"vertical-align: inherit;\"><span style=\"vertical-align: inherit;\">Entidad de soporte: S08434.<\/span><\/span><\/li>\n<\/ul>\n<\/div><\/div><\/div><\/div><\/div><\/div><div class=\"fusion-fullwidth fullwidth-box fusion-builder-row-3 fusion-flex-container has-pattern-background has-mask-background nonhundred-percent-fullwidth non-hundred-percent-height-scrolling\" style=\"--awb-border-radius-top-left:0px;--awb-border-radius-top-right:0px;--awb-border-radius-bottom-right:0px;--awb-border-radius-bottom-left:0px;--awb-padding-top:2%;\" ><div class=\"fusion-builder-row fusion-row fusion-flex-align-items-stretch\" style=\"max-width:1248px;margin-left: calc(-4% \/ 2 );margin-right: calc(-4% \/ 2 );\"><div class=\"fusion-layout-column fusion_builder_column fusion-builder-column-4 fusion_builder_column_1_3 1_3 fusion-flex-column fusion-animated\" style=\"--awb-padding-top:0px;--awb-padding-right:0px;--awb-padding-bottom:0px;--awb-padding-left:0px;--awb-overflow:hidden;--awb-bg-size:cover;--awb-border-radius:20px 20px 20px 20px;--awb-width-large:33.333333333333%;--awb-margin-top-large:0px;--awb-spacing-right-large:5.76%;--awb-margin-bottom-large:20px;--awb-spacing-left-large:5.76%;--awb-width-medium:33.333333333333%;--awb-order-medium:0;--awb-spacing-right-medium:5.76%;--awb-spacing-left-medium:5.76%;--awb-width-small:100%;--awb-order-small:0;--awb-spacing-right-small:1.92%;--awb-spacing-left-small:1.92%;\" data-animationType=\"fadeInUp\" data-animationDuration=\"0.8\" data-animationDelay=\"0.9\" data-animationOffset=\"top-into-view\"><div class=\"fusion-column-wrapper fusion-column-has-shadow fusion-flex-justify-content-flex-start fusion-content-layout-column\"><div class=\"fusion-builder-row fusion-builder-row-inner fusion-row fusion-flex-align-items-stretch\" style=\"width:104% !important;max-width:104% !important;margin-left: calc(-4% \/ 2 );margin-right: calc(-4% \/ 2 );\"><div class=\"fusion-layout-column fusion_builder_column_inner fusion-builder-nested-column-0 fusion_builder_column_inner_1_1 1_1 fusion-flex-column\" style=\"--awb-padding-top:5%;--awb-padding-right:5%;--awb-padding-bottom:5%;--awb-padding-left:5%;--awb-overflow:hidden;--awb-bg-color:var(--awb-color5);--awb-bg-size:cover;--awb-box-shadow:1px 1px 6px 0px var(--awb-color8);;--awb-border-radius:10px 10px 10px 10px;--awb-width-large:100%;--awb-margin-top-large:0px;--awb-spacing-right-large:1.92%;--awb-margin-bottom-large:20px;--awb-spacing-left-large:1.92%;--awb-width-medium:100%;--awb-order-medium:0;--awb-spacing-right-medium:1.92%;--awb-spacing-left-medium:1.92%;--awb-width-small:100%;--awb-order-small:0;--awb-spacing-right-small:1.92%;--awb-spacing-left-small:1.92%;\"><div class=\"fusion-column-wrapper fusion-column-has-shadow fusion-flex-justify-content-flex-start fusion-content-layout-column\"><div class=\"fusion-title title fusion-title-3 fusion-sep-none fusion-title-text fusion-title-size-four\" style=\"--awb-text-color:var(--awb-color4);\"><h4 class=\"title-heading-left\" style=\"margin:0;\">Misi\u00f3n<\/h4><\/div><div class=\"fusion-text fusion-text-4\" style=\"--awb-text-color:var(--awb-color1);\"><p>Promover la transformaci\u00f3n de la sociedad, empoderando y visibilizando a las personas con s\u00edndrome de Down y otras discapacidades intelectuales, en la toma de decisiones, potenciando sus capacidades, autonom\u00eda y bienestar, y promoviendo la equidad y la igualdad de oportunidades a lo largo de su proyecto de vida, de acuerdo con los dict\u00e1menes de la Convenci\u00f3n Internacional sobre los Derechos de las Personas con Discapacidad.<\/p>\n<\/div><\/div><\/div><div class=\"fusion-layout-column fusion_builder_column_inner fusion-builder-nested-column-1 fusion_builder_column_inner_1_1 1_1 fusion-flex-column\" style=\"--awb-padding-top:5%;--awb-padding-right:5%;--awb-padding-bottom:5%;--awb-padding-left:5%;--awb-overflow:hidden;--awb-bg-color:var(--awb-color5);--awb-bg-size:cover;--awb-box-shadow:1px 1px 6px 0px var(--awb-color8);;--awb-border-radius:10px 10px 10px 10px;--awb-width-large:100%;--awb-margin-top-large:0px;--awb-spacing-right-large:1.92%;--awb-margin-bottom-large:20px;--awb-spacing-left-large:1.92%;--awb-width-medium:100%;--awb-order-medium:0;--awb-spacing-right-medium:1.92%;--awb-spacing-left-medium:1.92%;--awb-width-small:100%;--awb-order-small:0;--awb-spacing-right-small:1.92%;--awb-spacing-left-small:1.92%;\"><div class=\"fusion-column-wrapper fusion-column-has-shadow fusion-flex-justify-content-flex-start fusion-content-layout-column\"><div class=\"fusion-title title fusion-title-4 fusion-sep-none fusion-title-text fusion-title-size-four\" style=\"--awb-text-color:var(--awb-color4);\"><h4 class=\"title-heading-left\" style=\"margin:0;\">Visi\u00f3n<\/h4><\/div><div class=\"fusion-text fusion-text-5\" style=\"--awb-text-color:var(--awb-color1);\"><p>Una sociedad inclusiva que ofrezca las mismas oportunidades a todo el mundo, y en la que las personas con discapacidad intelectual sean las protagonistas de sus vidas, siendo equitativos, ofreciendo a cada persona los apoyos que necesita.<\/p>\n<\/div><\/div><\/div><\/div><\/div><\/div><div class=\"fusion-layout-column fusion_builder_column fusion-builder-column-5 fusion_builder_column_2_3 2_3 fusion-flex-column fusion-animated\" style=\"--awb-padding-top:5%;--awb-padding-right:5%;--awb-padding-bottom:5%;--awb-padding-left:5%;--awb-overflow:hidden;--awb-bg-color:#2282bf;--awb-bg-size:cover;--awb-box-shadow:1px 1px 6px 0px var(--awb-color8);;--awb-border-radius:20px 20px 20px 20px;--awb-width-large:66.666666666667%;--awb-margin-top-large:0px;--awb-spacing-right-large:2.88%;--awb-margin-bottom-large:20px;--awb-spacing-left-large:2.88%;--awb-width-medium:66.666666666667%;--awb-order-medium:0;--awb-spacing-right-medium:2.88%;--awb-spacing-left-medium:2.88%;--awb-width-small:100%;--awb-order-small:0;--awb-spacing-right-small:1.92%;--awb-spacing-left-small:1.92%;\" data-animationType=\"fadeInUp\" data-animationDuration=\"0.8\" data-animationDelay=\"1.3\" data-animationOffset=\"top-into-view\"><div class=\"fusion-column-wrapper fusion-column-has-shadow fusion-flex-justify-content-flex-start fusion-content-layout-column\"><div class=\"fusion-title title fusion-title-5 fusion-sep-none fusion-title-text fusion-title-size-four\" style=\"--awb-text-color:var(--awb-color4);\"><h4 class=\"title-heading-left\" style=\"margin:0;\">Valores<\/h4><\/div><ul style=\"--awb-textcolor:var(--awb-color1);--awb-line-height:27.2px;--awb-icon-width:27.2px;--awb-icon-height:27.2px;--awb-icon-margin:11.2px;--awb-content-margin:38.4px;--awb-circlecolor:var(--awb-color4);--awb-circle-yes-font-size:14.08px;\" class=\"fusion-checklist fusion-checklist-1 fusion-checklist-default type-icons\"><li class=\"fusion-li-item\" style=\"\"><span class=\"icon-wrapper circle-yes\"><i class=\"fusion-li-icon awb-icon-check\" aria-hidden=\"true\"><\/i><\/span><div class=\"fusion-li-item-content\">\n<p><strong>EMPODERAMENTE<\/strong> de las personas con s\u00edndrome de Down y otras discapacidades intelectuales y sus familias.<\/p>\n<\/div><\/li><li class=\"fusion-li-item\" style=\"\"><span class=\"icon-wrapper circle-yes\"><i class=\"fusion-li-icon awb-icon-check\" aria-hidden=\"true\"><\/i><\/span><div class=\"fusion-li-item-content\">\n<p><strong>ACOGIDA<\/strong> de todas las personas.<\/p>\n<\/div><\/li><li class=\"fusion-li-item\" style=\"\"><span class=\"icon-wrapper circle-yes\"><i class=\"fusion-li-icon awb-icon-check\" aria-hidden=\"true\"><\/i><\/span><div class=\"fusion-li-item-content\">\n<p><strong>INCLUSI\u00d3N Y VISIBILIDAD<\/strong> de las personas con s\u00edndrome de Down y otras discapacidades intelectuales en todos los \u00e1mbitos sociales.<\/p>\n<\/div><\/li><li class=\"fusion-li-item\" style=\"\"><span class=\"icon-wrapper circle-yes\"><i class=\"fusion-li-icon awb-icon-check\" aria-hidden=\"true\"><\/i><\/span><div class=\"fusion-li-item-content\">\n<p><strong>TRABAJO EN RED<\/strong> que asegure un aprendizaje conjunto eficiente y un enriquecimiento mutuo a los profesionales y en coordinaci\u00f3n con la comunidad.<\/p>\n<\/div><\/li><li class=\"fusion-li-item\" style=\"\"><span class=\"icon-wrapper circle-yes\"><i class=\"fusion-li-icon awb-icon-check\" aria-hidden=\"true\"><\/i><\/span><div class=\"fusion-li-item-content\">\n<p><strong>EXCELENCIA<\/strong> en la atenci\u00f3n a las personas y en la gesti\u00f3n de los soportes necesarios desde la Planificaci\u00f3n Centro en la Persona.<\/p>\n<\/div><\/li><li class=\"fusion-li-item\" style=\"\"><span class=\"icon-wrapper circle-yes\"><i class=\"fusion-li-icon awb-icon-check\" aria-hidden=\"true\"><\/i><\/span><div class=\"fusion-li-item-content\">\n<p><strong>INNOVACI\u00d3N<\/strong> en el desarrollo de nuevos programas, intervenciones y demandas para conseguir la m\u00e1xima autonom\u00eda de las personas con S\u00edndrome de Down u otras discapacidades intelectuales, mejorando la calidad de vida de la familia y enriqueciendo a su vez la sociedad en la que participan.<\/p>\n<\/div><\/li><li class=\"fusion-li-item\" style=\"\"><span class=\"icon-wrapper circle-yes\"><i class=\"fusion-li-icon awb-icon-check\" aria-hidden=\"true\"><\/i><\/span><div class=\"fusion-li-item-content\">\n<p><strong>IGUALDAD<\/strong> entre hombres y mujeres.<\/p>\n<\/div><\/li><li class=\"fusion-li-item\" style=\"\"><span class=\"icon-wrapper circle-yes\"><i class=\"fusion-li-icon awb-icon-check\" aria-hidden=\"true\"><\/i><\/span><div class=\"fusion-li-item-content\">\n<p><strong>SOLIDARIDAD<\/strong> para con otras personas.<\/p>\n<\/div><\/li><li class=\"fusion-li-item\" style=\"\"><span class=\"icon-wrapper circle-yes\"><i class=\"fusion-li-icon awb-icon-check\" aria-hidden=\"true\"><\/i><\/span><div class=\"fusion-li-item-content\">\n<p><strong>COMPROMIS Y SOSTENIBILIDAD<\/strong> con la aplicaci\u00f3n de los ODS (objetivos del desarrollo sostenible) de la agenda 20\/30.<\/p>\n<\/div><\/li><\/ul><\/div><\/div><div class=\"fusion-layout-column fusion_builder_column fusion-builder-column-6 fusion_builder_column_1_1 1_1 fusion-flex-column\" style=\"--awb-bg-size:cover;--awb-width-large:100%;--awb-margin-top-large:3%;--awb-spacing-right-large:1.92%;--awb-margin-bottom-large:0px;--awb-spacing-left-large:1.92%;--awb-width-medium:100%;--awb-order-medium:0;--awb-spacing-right-medium:1.92%;--awb-spacing-left-medium:1.92%;--awb-width-small:100%;--awb-order-small:0;--awb-spacing-right-small:1.92%;--awb-spacing-left-small:1.92%;\"><div class=\"fusion-column-wrapper fusion-column-has-shadow fusion-flex-justify-content-flex-start fusion-content-layout-column\"><div class=\"fusion-title title fusion-title-6 fusion-sep-none fusion-title-center fusion-title-text fusion-title-size-two\" style=\"--awb-text-color:var(--awb-color5);--awb-margin-bottom:30px;\"><h2 class=\"title-heading-center\" style=\"font-family:&quot;Plus Jakarta Sans&quot;;font-style:normal;font-weight:800;margin:0;\">Organigrama<\/h2><\/div><\/div><\/div><\/div><\/div><div class=\"fusion-fullwidth fullwidth-box fusion-builder-row-4 fusion-flex-container has-pattern-background has-mask-background nonhundred-percent-fullwidth non-hundred-percent-height-scrolling\" style=\"--awb-border-radius-top-left:0px;--awb-border-radius-top-right:0px;--awb-border-radius-bottom-right:0px;--awb-border-radius-bottom-left:0px;--awb-padding-top:2%;\" ><div class=\"fusion-builder-row fusion-row fusion-flex-align-items-stretch\" style=\"max-width:1248px;margin-left: calc(-4% \/ 2 );margin-right: calc(-4% \/ 2 );\"><div class=\"fusion-layout-column fusion_builder_column fusion-builder-column-7 fusion_builder_column_1_3 1_3 fusion-flex-column fusion-animated\" style=\"--awb-padding-top:0px;--awb-padding-right:0px;--awb-padding-bottom:0px;--awb-padding-left:0px;--awb-overflow:hidden;--awb-bg-size:cover;--awb-border-radius:20px 20px 20px 20px;--awb-width-large:33.333333333333%;--awb-margin-top-large:0px;--awb-spacing-right-large:5.76%;--awb-margin-bottom-large:20px;--awb-spacing-left-large:5.76%;--awb-width-medium:33.333333333333%;--awb-order-medium:0;--awb-spacing-right-medium:5.76%;--awb-spacing-left-medium:5.76%;--awb-width-small:100%;--awb-order-small:0;--awb-spacing-right-small:1.92%;--awb-spacing-left-small:1.92%;\" data-animationType=\"fadeInUp\" data-animationDuration=\"0.8\" data-animationDelay=\"0.9\" data-animationOffset=\"top-into-view\"><div class=\"fusion-column-wrapper fusion-column-has-shadow fusion-flex-justify-content-flex-start fusion-content-layout-column\"><div class=\"fusion-text fusion-text-6\"><p>La estructura de Down Lleida la forman la Asamblea y la Junta Directiva, dos \u00e1reas de coordinaci\u00f3n, la pedag\u00f3gica y la t\u00e9cnica y derivan otras 10 \u00e1reas. Se encargan de desarrollar el Plan Operativo Anual siguiendo las directrices marcadas por el Plan Estrat\u00e9gico aprobado por Asamblea General.<\/p>\n<\/div><div ><a class=\"fusion-button button-flat fusion-button-default-size button-default fusion-button-default button-1 fusion-button-default-span fusion-button-default-type\" target=\"_blank\" rel=\"noopener noreferrer\" href=\"https:\/\/cido.diba.cat\/convenis_collectius\/15102\/associacions-per-a-centres-de-formacio-rehabilitacio-orientacio-valoracio-autonomia-personal-proteccio-i-atencio-a-discapacitats\"><span class=\"fusion-button-text\">Convenio Colectivo Down Lleida<\/span><\/a><\/div><\/div><\/div><div class=\"fusion-layout-column fusion_builder_column fusion-builder-column-8 fusion_builder_column_2_3 2_3 fusion-flex-column fusion-animated\" style=\"--awb-padding-top:5%;--awb-padding-right:5%;--awb-padding-bottom:5%;--awb-padding-left:5%;--awb-overflow:hidden;--awb-bg-size:cover;--awb-box-shadow:1px 1px 20px 0px rgba(4,9,34,0.16);;--awb-border-radius:8px 8px 8px 8px;--awb-width-large:66.666666666667%;--awb-margin-top-large:0px;--awb-spacing-right-large:2.88%;--awb-margin-bottom-large:20px;--awb-spacing-left-large:2.88%;--awb-width-medium:66.666666666667%;--awb-order-medium:0;--awb-spacing-right-medium:2.88%;--awb-spacing-left-medium:2.88%;--awb-width-small:100%;--awb-order-small:0;--awb-spacing-right-small:1.92%;--awb-spacing-left-small:1.92%;\" data-animationType=\"fadeInUp\" data-animationDuration=\"0.8\" data-animationDelay=\"1.3\" data-animationOffset=\"top-into-view\"><div class=\"fusion-column-wrapper fusion-column-has-shadow fusion-flex-justify-content-flex-start fusion-content-layout-column\"><div class=\"fusion-image-element \" style=\"--awb-caption-title-size:var(--h2_typography-font-size);--awb-caption-title-transform:var(--h2_typography-text-transform);--awb-caption-title-line-height:var(--h2_typography-line-height);--awb-caption-title-letter-spacing:var(--h2_typography-letter-spacing);\"><span class=\" fusion-imageframe imageframe-none imageframe-3 hover-type-none\"><a href=\"https:\/\/downlleida.org\/wp-content\/uploads\/2024\/09\/ORGANIGRAMA-final-scaled.jpg\" class=\"fusion-lightbox\" data-rel=\"iLightbox[b713135604364708103]\" data-title=\"ORGANIGRAMA final\" title=\"ORGANIGRAMA final\"><img decoding=\"async\" width=\"2560\" height=\"1810\" src=\"https:\/\/downlleida.org\/wp-content\/uploads\/2024\/09\/ORGANIGRAMA-final-scaled.jpg\" data-orig-src=\"https:\/\/downlleida.org\/wp-content\/uploads\/2024\/09\/ORGANIGRAMA-final-scaled.jpg\" alt class=\"lazyload img-responsive wp-image-4870\" srcset=\"data:image\/svg+xml,%3Csvg%20xmlns%3D%27http%3A%2F%2Fwww.w3.org%2F2000%2Fsvg%27%20width%3D%272560%27%20height%3D%271810%27%20viewBox%3D%270%200%202560%201810%27%3E%3Crect%20width%3D%272560%27%20height%3D%271810%27%20fill-opacity%3D%220%22%2F%3E%3C%2Fsvg%3E\" data-srcset=\"https:\/\/downlleida.org\/wp-content\/uploads\/2024\/09\/ORGANIGRAMA-final-200x141.jpg 200w, https:\/\/downlleida.org\/wp-content\/uploads\/2024\/09\/ORGANIGRAMA-final-400x283.jpg 400w, https:\/\/downlleida.org\/wp-content\/uploads\/2024\/09\/ORGANIGRAMA-final-600x424.jpg 600w, https:\/\/downlleida.org\/wp-content\/uploads\/2024\/09\/ORGANIGRAMA-final-800x566.jpg 800w, https:\/\/downlleida.org\/wp-content\/uploads\/2024\/09\/ORGANIGRAMA-final-1200x848.jpg 1200w, https:\/\/downlleida.org\/wp-content\/uploads\/2024\/09\/ORGANIGRAMA-final-scaled.jpg 2560w\" data-sizes=\"auto\" data-orig-sizes=\"(max-width: 700px) 100vw, 800px\" \/><\/a><\/span><\/div><\/div><\/div><div class=\"fusion-layout-column fusion_builder_column fusion-builder-column-9 fusion_builder_column_1_1 1_1 fusion-flex-column\" style=\"--awb-bg-size:cover;--awb-width-large:100%;--awb-margin-top-large:3%;--awb-spacing-right-large:1.92%;--awb-margin-bottom-large:0px;--awb-spacing-left-large:1.92%;--awb-width-medium:100%;--awb-order-medium:0;--awb-spacing-right-medium:1.92%;--awb-spacing-left-medium:1.92%;--awb-width-small:100%;--awb-order-small:0;--awb-spacing-right-small:1.92%;--awb-spacing-left-small:1.92%;\"><div class=\"fusion-column-wrapper fusion-column-has-shadow fusion-flex-justify-content-flex-start fusion-content-layout-column\"><div class=\"fusion-section-separator section-separator hills-opacity fusion-section-separator-1\" style=\"--awb-spacer-padding-top:inherit;--awb-svg-margin-left:1.92%;--awb-svg-margin-right:1.92%;--awb-svg-margin-left-medium:1.92%;--awb-svg-margin-right-medium:1.92%;--awb-svg-margin-left-small:1.92%;--awb-svg-margin-right-small:1.92%;--awb-divider-height:30px;--awb-spacer-height:30px;--awb-sep-font-size:0;--awb-sep-line-height:0;--awb-margin-bottom:0px;\"><div class=\"fusion-section-separator-svg\"><svg class=\"fusion-hills-opacity-candy\" fill=\"var(--awb-color5)\" xmlns=\"http:\/\/www.w3.org\/2000\/svg\" version=\"1.1\" width=\"100%\" viewBox=\"0 -0.5 1024 182\" preserveAspectRatio=\"none\" fill=\"rgba(34,130,191,1)\"><path class=\"st0\" d=\"M0 182.086h1024V41.593c-28.058-21.504-60.109-37.581-97.075-37.581-112.845 0-198.144 93.798-289.792 93.798S437.658 6.777 351.846 6.777s-142.234 82.125-238.49 82.125c-63.078 0-75.776-31.744-113.357-53.658L0 182.086z\"\/>\n\t\t\t\t\t\t\t\t\t<path class=\"st1\" d=\"M1024 181.062v-75.878c-39.731 15.872-80.794 27.341-117.658 25.805-110.387-4.506-191.795-109.773-325.53-116.224-109.158-5.12-344.166 120.115-429.466 166.298H1024v-.001z\"\/>\n\t\t\t\t\t\t\t\t\t<path class=\"st2\" d=\"M0 182.086h1024V90.028C966.451 59.103 907.059 16.3 824.115 15.071 690.278 13.023 665.19 102.93 482.099 102.93S202.138-1.62 74.24.019C46.49.326 21.811 4.217 0 9.849v172.237z\"\/>\n\t\t\t\t\t\t\t\t\t<path class=\"st3\" d=\"M0 182.086h1024V80.505c-37.171 19.558-80.691 35.328-139.571 36.25-151.142 2.355-141.619-28.57-298.496-29.184s-138.854 47.002-305.459 43.725C132.813 128.428 91.238 44.563 0 28.179v153.907z\"\/>\n\t\t\t\t\t\t\t\t\t<path class=\"st4\" d=\"M0 182.086h1024v-77.312c-49.05 20.07-120.525 42.394-193.229 42.086-128.922-.512-159.846-72.294-255.795-72.294-89.088 0-134.656 80.179-245.043 82.022S169.063 99.346 49.971 97.401C32.768 97.094 16.077 99.244 0 103.135v78.951z\"\/>\n\t\t\t\t\t\t\t\t<\/svg><\/div><div class=\"fusion-section-separator-spacer\"><div class=\"fusion-section-separator-spacer-height\"><\/div><\/div><\/div><\/div><\/div><\/div><\/div><div id=\"junta\" class=\"fusion-container-anchor\"><div class=\"fusion-fullwidth fullwidth-box fusion-builder-row-5 fusion-flex-container has-pattern-background has-mask-background nonhundred-percent-fullwidth non-hundred-percent-height-scrolling\" style=\"--link_hover_color: var(--awb-color2);--link_color: var(--awb-color4);--awb-background-position:left top;--awb-border-sizes-top:0px;--awb-border-sizes-bottom:0px;--awb-border-sizes-left:0px;--awb-border-sizes-right:0px;--awb-border-radius-top-left:0px;--awb-border-radius-top-right:0px;--awb-border-radius-bottom-right:0px;--awb-border-radius-bottom-left:0px;--awb-padding-top:130px;--awb-padding-bottom:0px;--awb-padding-top-medium:90px;--awb-padding-bottom-medium:90px;--awb-margin-bottom-medium:0px;--awb-background-color:var(--awb-color5);\" ><div class=\"fusion-builder-row fusion-row fusion-flex-align-items-flex-start fusion-flex-justify-content-center\" style=\"max-width:calc( 1200px + 120px );margin-left: calc(-120px \/ 2 );margin-right: calc(-120px \/ 2 );\"><div class=\"fusion-layout-column fusion_builder_column fusion-builder-column-10 fusion_builder_column_3_5 3_5 fusion-flex-column fusion-flex-align-self-flex-start fusion-column-no-min-height fusion-animated\" style=\"--awb-padding-right-medium:0px;--awb-padding-left-medium:0px;--awb-bg-blend:overlay;--awb-bg-size:cover;--awb-width-large:60%;--awb-margin-top-large:0px;--awb-spacing-right-large:calc( 0.13333333333333 * calc( 100% - 120px ) );--awb-margin-bottom-large:90px;--awb-spacing-left-large:60px;--awb-width-medium:50%;--awb-spacing-right-medium:calc( 0.16 * calc( 100% - 120px ) );--awb-margin-bottom-medium:49px;--awb-spacing-left-medium:60px;--awb-width-small:100%;--awb-spacing-right-small:60px;--awb-margin-bottom-small:0px;--awb-spacing-left-small:60px;\" data-animationType=\"fadeIn\" data-animationDuration=\"0.8\" data-animationOffset=\"top-into-view\"><div class=\"fusion-column-wrapper fusion-flex-justify-content-flex-start fusion-content-layout-column\"><div class=\"fusion-text fusion-text-7 fusion-text-no-margin\" style=\"--awb-font-size:var(--awb-typography3-font-size);--awb-line-height:var(--awb-typography3-line-height);--awb-letter-spacing:var(--awb-typography3-letter-spacing);--awb-text-transform:var(--awb-typography3-text-transform);--awb-text-color:var(--awb-color4);--awb-text-font-family:var(--awb-typography3-font-family);--awb-text-font-weight:var(--awb-typography3-font-weight);--awb-text-font-style:var(--awb-typography3-font-style);\"><p>Coneix el nostre equip!<\/p>\n<\/div><div class=\"fusion-title title fusion-title-7 fusion-sep-none fusion-title-text fusion-title-size-three\" style=\"--awb-text-color:var(--awb-color1);--awb-margin-bottom:0px;\"><h3 class=\"title-heading-left\" style=\"margin:0;\">Junta directiva<\/h3><\/div><div class=\"fusion-text fusion-text-8\" style=\"--awb-text-color:var(--awb-color1);\"><p>La elecci\u00f3n de los miembros de la Junta Directiva se realiza por votaci\u00f3n de la Asamblea General, con obligatoriedad de validarlo cada 4 a\u00f1os.<\/p>\n<p>Todos estos cargos se ejercen gratuita y voluntariamente de forma no remunerada. Las personas que forman parte de la Junta Directiva s\u00f3lo reciben compensaci\u00f3n econ\u00f3mica por los gastos generados (viajes, manutenci\u00f3n y alojamiento) por su participaci\u00f3n como representantes de la organizaci\u00f3n en las actividades de la misma. Estos gastos son convenientemente justificados y supervisados para asegurar su correcto uso.<\/p>\n<\/div><\/div><\/div><div class=\"fusion-layout-column fusion_builder_column fusion-builder-column-11 fusion_builder_column_2_5 2_5 fusion-flex-column fusion-flex-align-self-flex-end fusion-column-no-min-height fusion-animated\" style=\"--awb-padding-right-medium:0px;--awb-padding-left-medium:0px;--awb-bg-blend:overlay;--awb-bg-size:cover;--awb-width-large:40%;--awb-margin-top-large:0px;--awb-spacing-right-large:60px;--awb-margin-bottom-large:80px;--awb-spacing-left-large:calc( 0.04 * calc( 100% - 120px ) );--awb-width-medium:50%;--awb-spacing-right-medium:60px;--awb-margin-bottom-medium:49px;--awb-spacing-left-medium:calc( 0.032 * calc( 100% - 120px ) );--awb-width-small:100%;--awb-spacing-right-small:60px;--awb-margin-bottom-small:30px;--awb-spacing-left-small:60px;\" data-animationType=\"fadeIn\" data-animationDuration=\"0.8\" data-animationOffset=\"top-into-view\"><div class=\"fusion-column-wrapper fusion-flex-justify-content-flex-end fusion-content-layout-column\"><div class=\"fusion-text fusion-text-9\" style=\"--awb-text-color:var(--awb-color1);\"><p>Las funciones de la Junta Directiva se encuentran recogidas en los <a href=\"https:\/\/downlleida.org\/estatusdownlleida2021-2\/?lang=ca\" target=\"_blank\" rel=\"noopener\">Estatutos<\/a> de la asociaci\u00f3n, y \u00e9sta es la que administra, representa y atiende al funcionamiento cotidiano de la entidad. La Junta se re\u00fane con una periodicidad mensual en horario de tarde-noche para facilitar la asistencia de todos sus miembros.<\/p>\n<p>Para contactar con cualquiera de los miembros de la Junta Directiva de la entidad puede hacerlo en la siguiente direcci\u00f3n de correo electr\u00f3nico: <a href=\"mailto:info@downlleida.org\">info@downlleida.org<\/a><\/p>\n<div id=\"gtx-trans\" style=\"position: absolute; left: 696px; top: 102px;\">\n<div class=\"gtx-trans-icon\"><\/div>\n<\/div>\n<\/div><\/div><\/div><div class=\"fusion-layout-column fusion_builder_column fusion-builder-column-12 fusion_builder_column_1_5 1_5 fusion-flex-column fusion-animated\" style=\"--awb-bg-size:cover;--awb-width-large:20%;--awb-margin-top-large:0px;--awb-spacing-right-large:20px;--awb-margin-bottom-large:70px;--awb-spacing-left-large:20px;--awb-width-medium:20%;--awb-order-medium:0;--awb-spacing-right-medium:20px;--awb-spacing-left-medium:20px;--awb-width-small:100%;--awb-order-small:0;--awb-spacing-right-small:60px;--awb-margin-bottom-small:55px;--awb-spacing-left-small:60px;--awb-animation-color:hsla(var(--awb-color7-h),var(--awb-color7-s),calc(var(--awb-color7-l) + 5%),var(--awb-color7-a));\" data-animationType=\"revealInLeft\" data-animationDuration=\"1.3\" data-animationOffset=\"top-into-view\"><div class=\"fusion-column-wrapper fusion-column-has-shadow fusion-flex-justify-content-flex-start fusion-content-layout-column\"><div class=\"fusion-image-element \" style=\"text-align:center;--awb-aspect-ratio: 100 \/ 90;--awb-margin-bottom:35px;--awb-max-width:150px;--awb-caption-title-size:var(--h2_typography-font-size);--awb-caption-title-transform:var(--h2_typography-text-transform);--awb-caption-title-line-height:var(--h2_typography-line-height);--awb-caption-title-letter-spacing:var(--h2_typography-letter-spacing);\"><div style=\"display:inline-block;width:150px;\"><span class=\" fusion-imageframe imageframe-none imageframe-4 hover-type-none has-aspect-ratio\"><img decoding=\"async\" width=\"460\" height=\"470\" title=\"Olga-Pares\" src=\"https:\/\/downlleida.org\/wp-content\/uploads\/2024\/01\/Olga-Pares.jpeg\" data-orig-src=\"https:\/\/downlleida.org\/wp-content\/uploads\/2024\/01\/Olga-Pares.jpeg\" class=\"lazyload img-responsive wp-image-4515 img-with-aspect-ratio\" alt srcset=\"data:image\/svg+xml,%3Csvg%20xmlns%3D%27http%3A%2F%2Fwww.w3.org%2F2000%2Fsvg%27%20width%3D%27460%27%20height%3D%27470%27%20viewBox%3D%270%200%20460%20470%27%3E%3Crect%20width%3D%27460%27%20height%3D%27470%27%20fill-opacity%3D%220%22%2F%3E%3C%2Fsvg%3E\" data-srcset=\"https:\/\/downlleida.org\/wp-content\/uploads\/2024\/01\/Olga-Pares-200x204.jpeg 200w, https:\/\/downlleida.org\/wp-content\/uploads\/2024\/01\/Olga-Pares-400x409.jpeg 400w, https:\/\/downlleida.org\/wp-content\/uploads\/2024\/01\/Olga-Pares.jpeg 460w\" data-sizes=\"auto\" data-orig-sizes=\"(max-width: 700px) 100vw, 400px\" \/><\/span><\/div><\/div><div class=\"fusion-title title fusion-title-8 fusion-sep-none fusion-title-center fusion-title-text fusion-title-size-three\" style=\"--awb-text-color:var(--awb-color1);--awb-margin-top:0px;--awb-margin-bottom:5px;--awb-font-size:25px;\"><h3 class=\"title-heading-center\" style=\"margin:0;font-size:1em;\">Olga Par\u00e9s<\/h3><\/div><div class=\"fusion-text fusion-text-10 fusion-text-no-margin\" style=\"--awb-content-alignment:center;--awb-font-size:var(--awb-typography5-font-size);--awb-line-height:var(--awb-typography5-line-height);--awb-letter-spacing:var(--awb-typography5-letter-spacing);--awb-text-transform:var(--awb-typography5-text-transform);--awb-text-color:var(--awb-color4);--awb-text-font-family:var(--awb-typography5-font-family);--awb-text-font-weight:var(--awb-typography5-font-weight);--awb-text-font-style:var(--awb-typography5-font-style);\"><p><span style=\"vertical-align: inherit;\"><span style=\"vertical-align: inherit;\">Presidenta. Desde 2019. Maestra educaci\u00f3n infantil y madre.<\/span><\/span><\/p>\n<\/div><\/div><\/div><div class=\"fusion-layout-column fusion_builder_column fusion-builder-column-13 fusion_builder_column_1_5 1_5 fusion-flex-column fusion-animated\" style=\"--awb-bg-size:cover;--awb-width-large:20%;--awb-margin-top-large:0px;--awb-spacing-right-large:20px;--awb-margin-bottom-large:70px;--awb-spacing-left-large:20px;--awb-width-medium:20%;--awb-order-medium:0;--awb-spacing-right-medium:20px;--awb-spacing-left-medium:20px;--awb-width-small:100%;--awb-order-small:0;--awb-spacing-right-small:60px;--awb-margin-bottom-small:55px;--awb-spacing-left-small:60px;--awb-animation-color:hsla(var(--awb-color7-h),var(--awb-color7-s),calc(var(--awb-color7-l) + 5%),var(--awb-color7-a));\" data-animationType=\"revealInLeft\" data-animationDuration=\"1.3\" data-animationOffset=\"top-into-view\"><div class=\"fusion-column-wrapper fusion-column-has-shadow fusion-flex-justify-content-flex-start fusion-content-layout-column\"><div class=\"fusion-image-element \" style=\"text-align:center;--awb-aspect-ratio: 100 \/ 90;--awb-margin-bottom:35px;--awb-max-width:150px;--awb-caption-title-size:var(--h2_typography-font-size);--awb-caption-title-transform:var(--h2_typography-text-transform);--awb-caption-title-line-height:var(--h2_typography-line-height);--awb-caption-title-letter-spacing:var(--h2_typography-letter-spacing);\"><div style=\"display:inline-block;width:150px;\"><span class=\" fusion-imageframe imageframe-none imageframe-5 hover-type-none has-aspect-ratio\"><img decoding=\"async\" width=\"460\" height=\"470\" title=\"Eva-Godia\" src=\"https:\/\/downlleida.org\/wp-content\/uploads\/2024\/01\/Eva-Godia.jpeg\" data-orig-src=\"https:\/\/downlleida.org\/wp-content\/uploads\/2024\/01\/Eva-Godia.jpeg\" class=\"lazyload img-responsive wp-image-4525 img-with-aspect-ratio\" alt srcset=\"data:image\/svg+xml,%3Csvg%20xmlns%3D%27http%3A%2F%2Fwww.w3.org%2F2000%2Fsvg%27%20width%3D%27460%27%20height%3D%27470%27%20viewBox%3D%270%200%20460%20470%27%3E%3Crect%20width%3D%27460%27%20height%3D%27470%27%20fill-opacity%3D%220%22%2F%3E%3C%2Fsvg%3E\" data-srcset=\"https:\/\/downlleida.org\/wp-content\/uploads\/2024\/01\/Eva-Godia-200x204.jpeg 200w, https:\/\/downlleida.org\/wp-content\/uploads\/2024\/01\/Eva-Godia-400x409.jpeg 400w, https:\/\/downlleida.org\/wp-content\/uploads\/2024\/01\/Eva-Godia.jpeg 460w\" data-sizes=\"auto\" data-orig-sizes=\"(max-width: 700px) 100vw, 400px\" \/><\/span><\/div><\/div><div class=\"fusion-title title fusion-title-9 fusion-sep-none fusion-title-center fusion-title-text fusion-title-size-three\" style=\"--awb-text-color:var(--awb-color1);--awb-margin-top:0px;--awb-margin-bottom:5px;--awb-font-size:25px;\"><h3 class=\"title-heading-center\" style=\"margin:0;font-size:1em;\">Eva Godia<\/h3><\/div><div class=\"fusion-text fusion-text-11 fusion-text-no-margin\" style=\"--awb-content-alignment:center;--awb-font-size:var(--awb-typography5-font-size);--awb-line-height:var(--awb-typography5-line-height);--awb-letter-spacing:var(--awb-typography5-letter-spacing);--awb-text-transform:var(--awb-typography5-text-transform);--awb-text-color:var(--awb-color4);--awb-text-font-family:var(--awb-typography5-font-family);--awb-text-font-weight:var(--awb-typography5-font-weight);--awb-text-font-style:var(--awb-typography5-font-style);\"><p><span style=\"vertical-align: inherit;\"><span style=\"vertical-align: inherit;\">Vicepresidenta. Desde 2023. Monitora de comedor, veladora y madre.<\/span><\/span><\/p>\n<\/div><\/div><\/div><div class=\"fusion-layout-column fusion_builder_column fusion-builder-column-14 fusion_builder_column_1_5 1_5 fusion-flex-column fusion-animated\" style=\"--awb-bg-size:cover;--awb-width-large:20%;--awb-margin-top-large:0px;--awb-spacing-right-large:20px;--awb-margin-bottom-large:0px;--awb-spacing-left-large:20px;--awb-width-medium:20%;--awb-order-medium:0;--awb-spacing-right-medium:20px;--awb-spacing-left-medium:20px;--awb-width-small:100%;--awb-order-small:0;--awb-spacing-right-small:60px;--awb-margin-bottom-small:40px;--awb-spacing-left-small:60px;--awb-animation-color:hsla(var(--awb-color7-h),var(--awb-color7-s),calc(var(--awb-color7-l) + 5%),var(--awb-color7-a));\" data-animationType=\"revealInLeft\" data-animationDuration=\"1.3\" data-animationOffset=\"top-into-view\"><div class=\"fusion-column-wrapper fusion-column-has-shadow fusion-flex-justify-content-flex-start fusion-content-layout-column\"><div class=\"fusion-image-element \" style=\"text-align:center;--awb-aspect-ratio: 100 \/ 90;--awb-margin-bottom:35px;--awb-max-width:150px;--awb-caption-title-size:var(--h2_typography-font-size);--awb-caption-title-transform:var(--h2_typography-text-transform);--awb-caption-title-line-height:var(--h2_typography-line-height);--awb-caption-title-letter-spacing:var(--h2_typography-letter-spacing);\"><div style=\"display:inline-block;width:150px;\"><span class=\" fusion-imageframe imageframe-none imageframe-6 hover-type-none has-aspect-ratio\"><img decoding=\"async\" width=\"460\" height=\"470\" title=\"Yolanda-Ariza\" src=\"https:\/\/downlleida.org\/wp-content\/uploads\/2024\/01\/Yolanda-Ariza.jpeg\" data-orig-src=\"https:\/\/downlleida.org\/wp-content\/uploads\/2024\/01\/Yolanda-Ariza.jpeg\" class=\"lazyload img-responsive wp-image-4523 img-with-aspect-ratio\" alt srcset=\"data:image\/svg+xml,%3Csvg%20xmlns%3D%27http%3A%2F%2Fwww.w3.org%2F2000%2Fsvg%27%20width%3D%27460%27%20height%3D%27470%27%20viewBox%3D%270%200%20460%20470%27%3E%3Crect%20width%3D%27460%27%20height%3D%27470%27%20fill-opacity%3D%220%22%2F%3E%3C%2Fsvg%3E\" data-srcset=\"https:\/\/downlleida.org\/wp-content\/uploads\/2024\/01\/Yolanda-Ariza-200x204.jpeg 200w, https:\/\/downlleida.org\/wp-content\/uploads\/2024\/01\/Yolanda-Ariza-400x409.jpeg 400w, https:\/\/downlleida.org\/wp-content\/uploads\/2024\/01\/Yolanda-Ariza.jpeg 460w\" data-sizes=\"auto\" data-orig-sizes=\"(max-width: 700px) 100vw, 400px\" \/><\/span><\/div><\/div><div class=\"fusion-title title fusion-title-10 fusion-sep-none fusion-title-center fusion-title-text fusion-title-size-three\" style=\"--awb-text-color:var(--awb-color1);--awb-margin-top:0px;--awb-margin-bottom:5px;--awb-font-size:25px;\"><h3 class=\"title-heading-center\" style=\"margin:0;font-size:1em;\">Yolanda Ariza<\/h3><\/div><div class=\"fusion-text fusion-text-12 fusion-text-no-margin\" style=\"--awb-content-alignment:center;--awb-font-size:var(--awb-typography5-font-size);--awb-line-height:var(--awb-typography5-line-height);--awb-letter-spacing:var(--awb-typography5-letter-spacing);--awb-text-transform:var(--awb-typography5-text-transform);--awb-text-color:var(--awb-color4);--awb-text-font-family:var(--awb-typography5-font-family);--awb-text-font-weight:var(--awb-typography5-font-weight);--awb-text-font-style:var(--awb-typography5-font-style);\"><p><span style=\"vertical-align: inherit;\"><span class=\"\" style=\"vertical-align: inherit;\">Secretaria. Desde 2019. Auxiliar administrativa y hermana.<\/span><\/span><\/p>\n<\/div><\/div><\/div><div class=\"fusion-layout-column fusion_builder_column fusion-builder-column-15 fusion_builder_column_1_5 1_5 fusion-flex-column fusion-animated\" style=\"--awb-bg-size:cover;--awb-width-large:20%;--awb-margin-top-large:0px;--awb-spacing-right-large:20px;--awb-margin-bottom-large:0px;--awb-spacing-left-large:20px;--awb-width-medium:20%;--awb-order-medium:0;--awb-spacing-right-medium:20px;--awb-spacing-left-medium:20px;--awb-width-small:100%;--awb-order-small:0;--awb-spacing-right-small:60px;--awb-spacing-left-small:60px;--awb-animation-color:hsla(var(--awb-color7-h),var(--awb-color7-s),calc(var(--awb-color7-l) + 5%),var(--awb-color7-a));\" data-animationType=\"revealInLeft\" data-animationDuration=\"1.3\" data-animationOffset=\"top-into-view\"><div class=\"fusion-column-wrapper fusion-column-has-shadow fusion-flex-justify-content-flex-start fusion-content-layout-column\"><div class=\"fusion-image-element \" style=\"text-align:center;--awb-aspect-ratio: 100 \/ 90;--awb-margin-bottom:35px;--awb-max-width:150px;--awb-caption-title-size:var(--h2_typography-font-size);--awb-caption-title-transform:var(--h2_typography-text-transform);--awb-caption-title-line-height:var(--h2_typography-line-height);--awb-caption-title-letter-spacing:var(--h2_typography-letter-spacing);\"><div style=\"display:inline-block;width:150px;\"><span class=\" fusion-imageframe imageframe-none imageframe-7 hover-type-none has-aspect-ratio\"><img decoding=\"async\" width=\"460\" height=\"470\" title=\"Rosa-Ferro\" src=\"https:\/\/downlleida.org\/wp-content\/uploads\/2024\/01\/Rosa-Ferro.jpeg\" data-orig-src=\"https:\/\/downlleida.org\/wp-content\/uploads\/2024\/01\/Rosa-Ferro.jpeg\" class=\"lazyload img-responsive wp-image-4521 img-with-aspect-ratio\" alt srcset=\"data:image\/svg+xml,%3Csvg%20xmlns%3D%27http%3A%2F%2Fwww.w3.org%2F2000%2Fsvg%27%20width%3D%27460%27%20height%3D%27470%27%20viewBox%3D%270%200%20460%20470%27%3E%3Crect%20width%3D%27460%27%20height%3D%27470%27%20fill-opacity%3D%220%22%2F%3E%3C%2Fsvg%3E\" data-srcset=\"https:\/\/downlleida.org\/wp-content\/uploads\/2024\/01\/Rosa-Ferro-200x204.jpeg 200w, https:\/\/downlleida.org\/wp-content\/uploads\/2024\/01\/Rosa-Ferro-400x409.jpeg 400w, https:\/\/downlleida.org\/wp-content\/uploads\/2024\/01\/Rosa-Ferro.jpeg 460w\" data-sizes=\"auto\" data-orig-sizes=\"(max-width: 700px) 100vw, 400px\" \/><\/span><\/div><\/div><div class=\"fusion-title title fusion-title-11 fusion-sep-none fusion-title-center fusion-title-text fusion-title-size-three\" style=\"--awb-text-color:var(--awb-color1);--awb-margin-top:0px;--awb-margin-bottom:5px;--awb-font-size:25px;\"><h3 class=\"title-heading-center\" style=\"margin:0;font-size:1em;\">Rosa Ferr\u00f3<\/h3><\/div><div class=\"fusion-text fusion-text-13 fusion-text-no-margin\" style=\"--awb-content-alignment:center;--awb-font-size:var(--awb-typography5-font-size);--awb-line-height:var(--awb-typography5-line-height);--awb-letter-spacing:var(--awb-typography5-letter-spacing);--awb-text-transform:var(--awb-typography5-text-transform);--awb-text-color:var(--awb-color4);--awb-text-font-family:var(--awb-typography5-font-family);--awb-text-font-weight:var(--awb-typography5-font-weight);--awb-text-font-style:var(--awb-typography5-font-style);\"><p><span style=\"vertical-align: inherit;\"><span style=\"vertical-align: inherit;\">Tesorera. Desde 2019. Asesora fiscal y madre.<\/span><\/span><\/p>\n<\/div><\/div><\/div><div class=\"fusion-layout-column fusion_builder_column fusion-builder-column-16 fusion_builder_column_1_5 1_5 fusion-flex-column fusion-animated\" style=\"--awb-bg-size:cover;--awb-width-large:20%;--awb-margin-top-large:0px;--awb-spacing-right-large:20px;--awb-margin-bottom-large:0px;--awb-spacing-left-large:20px;--awb-width-medium:20%;--awb-order-medium:0;--awb-spacing-right-medium:20px;--awb-spacing-left-medium:20px;--awb-width-small:100%;--awb-order-small:0;--awb-spacing-right-small:60px;--awb-spacing-left-small:60px;--awb-animation-color:hsla(var(--awb-color7-h),var(--awb-color7-s),calc(var(--awb-color7-l) + 5%),var(--awb-color7-a));\" data-animationType=\"revealInLeft\" data-animationDuration=\"1.3\" data-animationOffset=\"top-into-view\"><div class=\"fusion-column-wrapper fusion-column-has-shadow fusion-flex-justify-content-flex-start fusion-content-layout-column\"><div class=\"fusion-image-element \" style=\"text-align:center;--awb-aspect-ratio: 100 \/ 90;--awb-margin-bottom:35px;--awb-max-width:150px;--awb-caption-title-size:var(--h2_typography-font-size);--awb-caption-title-transform:var(--h2_typography-text-transform);--awb-caption-title-line-height:var(--h2_typography-line-height);--awb-caption-title-letter-spacing:var(--h2_typography-letter-spacing);\"><div style=\"display:inline-block;width:150px;\"><span class=\" fusion-imageframe imageframe-none imageframe-8 hover-type-none has-aspect-ratio\"><img decoding=\"async\" width=\"460\" height=\"470\" title=\"Joan-Cebria\" src=\"https:\/\/downlleida.org\/wp-content\/uploads\/2024\/01\/Joan-Cebria.jpeg\" data-orig-src=\"https:\/\/downlleida.org\/wp-content\/uploads\/2024\/01\/Joan-Cebria.jpeg\" class=\"lazyload img-responsive wp-image-4507 img-with-aspect-ratio\" alt srcset=\"data:image\/svg+xml,%3Csvg%20xmlns%3D%27http%3A%2F%2Fwww.w3.org%2F2000%2Fsvg%27%20width%3D%27460%27%20height%3D%27470%27%20viewBox%3D%270%200%20460%20470%27%3E%3Crect%20width%3D%27460%27%20height%3D%27470%27%20fill-opacity%3D%220%22%2F%3E%3C%2Fsvg%3E\" data-srcset=\"https:\/\/downlleida.org\/wp-content\/uploads\/2024\/01\/Joan-Cebria-200x204.jpeg 200w, https:\/\/downlleida.org\/wp-content\/uploads\/2024\/01\/Joan-Cebria-400x409.jpeg 400w, https:\/\/downlleida.org\/wp-content\/uploads\/2024\/01\/Joan-Cebria.jpeg 460w\" data-sizes=\"auto\" data-orig-sizes=\"(max-width: 700px) 100vw, 400px\" \/><\/span><\/div><\/div><div class=\"fusion-title title fusion-title-12 fusion-sep-none fusion-title-center fusion-title-text fusion-title-size-three\" style=\"--awb-text-color:var(--awb-color1);--awb-margin-top:0px;--awb-margin-bottom:5px;--awb-font-size:25px;\"><h3 class=\"title-heading-center\" style=\"margin:0;font-size:1em;\">Joan Cebri\u00e0<\/h3><\/div><div class=\"fusion-text fusion-text-14 fusion-text-no-margin\" style=\"--awb-content-alignment:center;--awb-font-size:var(--awb-typography5-font-size);--awb-line-height:var(--awb-typography5-line-height);--awb-letter-spacing:var(--awb-typography5-letter-spacing);--awb-text-transform:var(--awb-typography5-text-transform);--awb-text-color:var(--awb-color4);--awb-text-font-family:var(--awb-typography5-font-family);--awb-text-font-weight:var(--awb-typography5-font-weight);--awb-text-font-style:var(--awb-typography5-font-style);\"><p><span style=\"vertical-align: inherit;\"><span style=\"vertical-align: inherit;\">Vocal. Desde 2020. Profesor de secundaria y hermano.<\/span><\/span><\/p>\n<\/div><\/div><\/div><div class=\"fusion-layout-column fusion_builder_column fusion-builder-column-17 fusion_builder_column_1_5 1_5 fusion-flex-column fusion-animated\" style=\"--awb-bg-size:cover;--awb-width-large:20%;--awb-margin-top-large:0px;--awb-spacing-right-large:20px;--awb-margin-bottom-large:0px;--awb-spacing-left-large:20px;--awb-width-medium:20%;--awb-order-medium:0;--awb-spacing-right-medium:20px;--awb-spacing-left-medium:20px;--awb-width-small:100%;--awb-order-small:0;--awb-spacing-right-small:60px;--awb-margin-bottom-small:40px;--awb-spacing-left-small:60px;--awb-animation-color:hsla(var(--awb-color7-h),var(--awb-color7-s),calc(var(--awb-color7-l) + 5%),var(--awb-color7-a));\" data-animationType=\"revealInLeft\" data-animationDuration=\"1.3\" data-animationOffset=\"top-into-view\"><div class=\"fusion-column-wrapper fusion-column-has-shadow fusion-flex-justify-content-flex-start fusion-content-layout-column\"><div class=\"fusion-image-element \" style=\"text-align:center;--awb-aspect-ratio: 100 \/ 90;--awb-margin-bottom:35px;--awb-max-width:150px;--awb-caption-title-size:var(--h2_typography-font-size);--awb-caption-title-transform:var(--h2_typography-text-transform);--awb-caption-title-line-height:var(--h2_typography-line-height);--awb-caption-title-letter-spacing:var(--h2_typography-letter-spacing);\"><div style=\"display:inline-block;width:150px;\"><span class=\" fusion-imageframe imageframe-none imageframe-9 hover-type-none has-aspect-ratio\"><img decoding=\"async\" width=\"460\" height=\"470\" title=\"Rafael-Gonzalez\" src=\"https:\/\/downlleida.org\/wp-content\/uploads\/2024\/01\/Rafael-Gonzalez.jpeg\" data-orig-src=\"https:\/\/downlleida.org\/wp-content\/uploads\/2024\/01\/Rafael-Gonzalez.jpeg\" class=\"lazyload img-responsive wp-image-4517 img-with-aspect-ratio\" alt srcset=\"data:image\/svg+xml,%3Csvg%20xmlns%3D%27http%3A%2F%2Fwww.w3.org%2F2000%2Fsvg%27%20width%3D%27460%27%20height%3D%27470%27%20viewBox%3D%270%200%20460%20470%27%3E%3Crect%20width%3D%27460%27%20height%3D%27470%27%20fill-opacity%3D%220%22%2F%3E%3C%2Fsvg%3E\" data-srcset=\"https:\/\/downlleida.org\/wp-content\/uploads\/2024\/01\/Rafael-Gonzalez-200x204.jpeg 200w, https:\/\/downlleida.org\/wp-content\/uploads\/2024\/01\/Rafael-Gonzalez-400x409.jpeg 400w, https:\/\/downlleida.org\/wp-content\/uploads\/2024\/01\/Rafael-Gonzalez.jpeg 460w\" data-sizes=\"auto\" data-orig-sizes=\"(max-width: 700px) 100vw, 400px\" \/><\/span><\/div><\/div><div class=\"fusion-title title fusion-title-13 fusion-sep-none fusion-title-center fusion-title-text fusion-title-size-three\" style=\"--awb-text-color:var(--awb-color1);--awb-margin-top:0px;--awb-margin-bottom:5px;--awb-font-size:25px;\"><h3 class=\"title-heading-center\" style=\"margin:0;font-size:1em;\">Rafael Gonz\u00e1lez<\/h3><\/div><div class=\"fusion-text fusion-text-15 fusion-text-no-margin\" style=\"--awb-content-alignment:center;--awb-font-size:var(--awb-typography5-font-size);--awb-line-height:var(--awb-typography5-line-height);--awb-letter-spacing:var(--awb-typography5-letter-spacing);--awb-text-transform:var(--awb-typography5-text-transform);--awb-text-color:var(--awb-color4);--awb-text-font-family:var(--awb-typography5-font-family);--awb-text-font-weight:var(--awb-typography5-font-weight);--awb-text-font-style:var(--awb-typography5-font-style);\"><p><span style=\"vertical-align: inherit;\"><span style=\"vertical-align: inherit;\">Vocal. Desde 2023. T\u00e9cnico de extinci\u00f3n y padre.<\/span><\/span><\/p>\n<\/div><\/div><\/div><div class=\"fusion-layout-column fusion_builder_column fusion-builder-column-18 fusion_builder_column_1_5 1_5 fusion-flex-column fusion-animated\" style=\"--awb-bg-size:cover;--awb-width-large:20%;--awb-margin-top-large:0px;--awb-spacing-right-large:20px;--awb-margin-bottom-large:0px;--awb-spacing-left-large:20px;--awb-width-medium:20%;--awb-order-medium:0;--awb-spacing-right-medium:20px;--awb-spacing-left-medium:20px;--awb-width-small:100%;--awb-order-small:0;--awb-spacing-right-small:60px;--awb-margin-bottom-small:40px;--awb-spacing-left-small:60px;--awb-animation-color:hsla(var(--awb-color7-h),var(--awb-color7-s),calc(var(--awb-color7-l) + 5%),var(--awb-color7-a));\" data-animationType=\"revealInLeft\" data-animationDuration=\"1.3\" data-animationOffset=\"top-into-view\"><div class=\"fusion-column-wrapper fusion-column-has-shadow fusion-flex-justify-content-flex-start fusion-content-layout-column\"><div class=\"fusion-image-element \" style=\"text-align:center;--awb-aspect-ratio: 100 \/ 90;--awb-margin-bottom:35px;--awb-caption-title-size:var(--h2_typography-font-size);--awb-caption-title-transform:var(--h2_typography-text-transform);--awb-caption-title-line-height:var(--h2_typography-line-height);--awb-caption-title-letter-spacing:var(--h2_typography-letter-spacing);\"><span class=\" fusion-imageframe imageframe-none imageframe-10 hover-type-none has-aspect-ratio\"><img decoding=\"async\" width=\"150\" height=\"150\" title=\"ester nadal\" src=\"data:image\/svg+xml,%3Csvg%20xmlns%3D%27http%3A%2F%2Fwww.w3.org%2F2000%2Fsvg%27%20width%3D%27150%27%20height%3D%27150%27%20viewBox%3D%270%200%20150%20150%27%3E%3Crect%20width%3D%27150%27%20height%3D%27150%27%20fill-opacity%3D%220%22%2F%3E%3C%2Fsvg%3E\" data-orig-src=\"https:\/\/downlleida.org\/wp-content\/uploads\/2023\/03\/ester-nadal.jpeg\" class=\"lazyload img-responsive wp-image-2934 img-with-aspect-ratio\" alt \/><\/span><\/div><div class=\"fusion-title title fusion-title-14 fusion-sep-none fusion-title-center fusion-title-text fusion-title-size-three\" style=\"--awb-text-color:var(--awb-color1);--awb-margin-top:0px;--awb-margin-bottom:5px;--awb-font-size:25px;\"><h3 class=\"title-heading-center\" style=\"margin:0;font-size:1em;\">Esther Nadal<\/h3><\/div><div class=\"fusion-text fusion-text-16 fusion-text-no-margin\" style=\"--awb-content-alignment:center;--awb-font-size:var(--awb-typography5-font-size);--awb-line-height:var(--awb-typography5-line-height);--awb-letter-spacing:var(--awb-typography5-letter-spacing);--awb-text-transform:var(--awb-typography5-text-transform);--awb-text-color:var(--awb-color4);--awb-text-font-family:var(--awb-typography5-font-family);--awb-text-font-weight:var(--awb-typography5-font-weight);--awb-text-font-style:var(--awb-typography5-font-style);\"><p><span style=\"vertical-align: inherit;\"><span style=\"vertical-align: inherit;\"><span style=\"vertical-align: inherit;\"><span style=\"vertical-align: inherit;\">Vocal. Desde 2014. Asistente administrativa.<\/span><\/span><\/span><\/span><\/p>\n<\/div><\/div><\/div><div class=\"fusion-layout-column fusion_builder_column fusion-builder-column-19 fusion_builder_column_1_5 1_5 fusion-flex-column fusion-animated\" style=\"--awb-bg-size:cover;--awb-width-large:20%;--awb-margin-top-large:0px;--awb-spacing-right-large:20px;--awb-margin-bottom-large:0px;--awb-spacing-left-large:20px;--awb-width-medium:20%;--awb-order-medium:0;--awb-spacing-right-medium:20px;--awb-spacing-left-medium:20px;--awb-width-small:100%;--awb-order-small:0;--awb-spacing-right-small:60px;--awb-margin-bottom-small:40px;--awb-spacing-left-small:60px;--awb-animation-color:hsla(var(--awb-color7-h),var(--awb-color7-s),calc(var(--awb-color7-l) + 5%),var(--awb-color7-a));\" data-animationType=\"revealInLeft\" data-animationDuration=\"1.3\" data-animationOffset=\"top-into-view\"><div class=\"fusion-column-wrapper fusion-column-has-shadow fusion-flex-justify-content-flex-start fusion-content-layout-column\"><div class=\"fusion-image-element \" style=\"text-align:center;--awb-aspect-ratio: 100 \/ 90;--awb-margin-bottom:35px;--awb-caption-title-size:var(--h2_typography-font-size);--awb-caption-title-transform:var(--h2_typography-text-transform);--awb-caption-title-line-height:var(--h2_typography-line-height);--awb-caption-title-letter-spacing:var(--h2_typography-letter-spacing);\"><span class=\" fusion-imageframe imageframe-none imageframe-11 hover-type-none has-aspect-ratio\"><img decoding=\"async\" width=\"150\" height=\"150\" title=\"anna oromi\" src=\"data:image\/svg+xml,%3Csvg%20xmlns%3D%27http%3A%2F%2Fwww.w3.org%2F2000%2Fsvg%27%20width%3D%27150%27%20height%3D%27150%27%20viewBox%3D%270%200%20150%20150%27%3E%3Crect%20width%3D%27150%27%20height%3D%27150%27%20fill-opacity%3D%220%22%2F%3E%3C%2Fsvg%3E\" data-orig-src=\"https:\/\/downlleida.org\/wp-content\/uploads\/2023\/03\/anna-oromi.jpeg\" class=\"lazyload img-responsive wp-image-2932 img-with-aspect-ratio\" alt \/><\/span><\/div><div class=\"fusion-title title fusion-title-15 fusion-sep-none fusion-title-center fusion-title-text fusion-title-size-three\" style=\"--awb-text-color:var(--awb-color1);--awb-margin-top:0px;--awb-margin-bottom:5px;--awb-font-size:25px;\"><h3 class=\"title-heading-center\" style=\"margin:0;font-size:1em;\">Anna Orom\u00ed<\/h3><\/div><div class=\"fusion-text fusion-text-17 fusion-text-no-margin\" style=\"--awb-content-alignment:center;--awb-font-size:var(--awb-typography5-font-size);--awb-line-height:var(--awb-typography5-line-height);--awb-letter-spacing:var(--awb-typography5-letter-spacing);--awb-text-transform:var(--awb-typography5-text-transform);--awb-text-color:var(--awb-color4);--awb-text-font-family:var(--awb-typography5-font-family);--awb-text-font-weight:var(--awb-typography5-font-weight);--awb-text-font-style:var(--awb-typography5-font-style);\"><p><span style=\"vertical-align: inherit;\"><span style=\"vertical-align: inherit;\">Vocal. Desde 2018. Maestra educaci\u00f3n infantil y madre.<\/span><\/span><\/p>\n<\/div><\/div><\/div><div class=\"fusion-layout-column fusion_builder_column fusion-builder-column-20 fusion_builder_column_1_5 1_5 fusion-flex-column fusion-animated\" style=\"--awb-bg-size:cover;--awb-width-large:20%;--awb-margin-top-large:0px;--awb-spacing-right-large:20px;--awb-margin-bottom-large:0px;--awb-spacing-left-large:20px;--awb-width-medium:20%;--awb-order-medium:0;--awb-spacing-right-medium:20px;--awb-spacing-left-medium:20px;--awb-width-small:100%;--awb-order-small:0;--awb-spacing-right-small:60px;--awb-margin-bottom-small:40px;--awb-spacing-left-small:60px;--awb-animation-color:hsla(var(--awb-color7-h),var(--awb-color7-s),calc(var(--awb-color7-l) + 5%),var(--awb-color7-a));\" data-animationType=\"revealInLeft\" data-animationDuration=\"1.3\" data-animationOffset=\"top-into-view\"><div class=\"fusion-column-wrapper fusion-column-has-shadow fusion-flex-justify-content-flex-start fusion-content-layout-column\"><div class=\"fusion-image-element \" style=\"text-align:center;--awb-aspect-ratio: 100 \/ 90;--awb-margin-bottom:35px;--awb-max-width:150px;--awb-caption-title-size:var(--h2_typography-font-size);--awb-caption-title-transform:var(--h2_typography-text-transform);--awb-caption-title-line-height:var(--h2_typography-line-height);--awb-caption-title-letter-spacing:var(--h2_typography-letter-spacing);\"><div style=\"display:inline-block;width:150px;\"><span class=\" fusion-imageframe imageframe-none imageframe-12 hover-type-none has-aspect-ratio\"><img decoding=\"async\" width=\"460\" height=\"470\" title=\"Joan-Sorribes\" src=\"https:\/\/downlleida.org\/wp-content\/uploads\/2024\/01\/Joan-Sorribes.jpeg\" data-orig-src=\"https:\/\/downlleida.org\/wp-content\/uploads\/2024\/01\/Joan-Sorribes.jpeg\" class=\"lazyload img-responsive wp-image-4509 img-with-aspect-ratio\" alt srcset=\"data:image\/svg+xml,%3Csvg%20xmlns%3D%27http%3A%2F%2Fwww.w3.org%2F2000%2Fsvg%27%20width%3D%27460%27%20height%3D%27470%27%20viewBox%3D%270%200%20460%20470%27%3E%3Crect%20width%3D%27460%27%20height%3D%27470%27%20fill-opacity%3D%220%22%2F%3E%3C%2Fsvg%3E\" data-srcset=\"https:\/\/downlleida.org\/wp-content\/uploads\/2024\/01\/Joan-Sorribes-200x204.jpeg 200w, https:\/\/downlleida.org\/wp-content\/uploads\/2024\/01\/Joan-Sorribes-400x409.jpeg 400w, https:\/\/downlleida.org\/wp-content\/uploads\/2024\/01\/Joan-Sorribes.jpeg 460w\" data-sizes=\"auto\" data-orig-sizes=\"(max-width: 700px) 100vw, 400px\" \/><\/span><\/div><\/div><div class=\"fusion-title title fusion-title-16 fusion-sep-none fusion-title-center fusion-title-text fusion-title-size-three\" style=\"--awb-text-color:var(--awb-color1);--awb-margin-top:0px;--awb-margin-bottom:5px;--awb-font-size:25px;\"><h3 class=\"title-heading-center\" style=\"margin:0;font-size:1em;\">Joan Sorribes<\/h3><\/div><div class=\"fusion-text fusion-text-18 fusion-text-no-margin\" style=\"--awb-content-alignment:center;--awb-font-size:var(--awb-typography5-font-size);--awb-line-height:var(--awb-typography5-line-height);--awb-letter-spacing:var(--awb-typography5-letter-spacing);--awb-text-transform:var(--awb-typography5-text-transform);--awb-text-color:var(--awb-color4);--awb-text-font-family:var(--awb-typography5-font-family);--awb-text-font-weight:var(--awb-typography5-font-weight);--awb-text-font-style:var(--awb-typography5-font-style);\"><p><span style=\"vertical-align: inherit;\"><span style=\"vertical-align: inherit;\">Vocal. Desde 2018. Recepcionista.<\/span><\/span><\/p>\n<\/div><\/div><\/div><div class=\"fusion-layout-column fusion_builder_column fusion-builder-column-21 fusion_builder_column_1_5 1_5 fusion-flex-column fusion-animated\" style=\"--awb-bg-size:cover;--awb-width-large:20%;--awb-margin-top-large:20px;--awb-spacing-right-large:20px;--awb-margin-bottom-large:0px;--awb-spacing-left-large:20px;--awb-width-medium:20%;--awb-order-medium:0;--awb-spacing-right-medium:20px;--awb-spacing-left-medium:20px;--awb-width-small:100%;--awb-order-small:0;--awb-spacing-right-small:60px;--awb-margin-bottom-small:40px;--awb-spacing-left-small:60px;--awb-animation-color:hsla(var(--awb-color7-h),var(--awb-color7-s),calc(var(--awb-color7-l) + 5%),var(--awb-color7-a));\" data-animationType=\"revealInLeft\" data-animationDuration=\"1.3\" data-animationOffset=\"top-into-view\"><div class=\"fusion-column-wrapper fusion-column-has-shadow fusion-flex-justify-content-flex-start fusion-content-layout-column\"><div class=\"fusion-image-element \" style=\"text-align:center;--awb-aspect-ratio: 100 \/ 90;--awb-margin-bottom:35px;--awb-caption-title-size:var(--h2_typography-font-size);--awb-caption-title-transform:var(--h2_typography-text-transform);--awb-caption-title-line-height:var(--h2_typography-line-height);--awb-caption-title-letter-spacing:var(--h2_typography-letter-spacing);\"><span class=\" fusion-imageframe imageframe-none imageframe-13 hover-type-none has-aspect-ratio\"><img decoding=\"async\" width=\"150\" height=\"150\" title=\"lidia vil\u00f3\" src=\"data:image\/svg+xml,%3Csvg%20xmlns%3D%27http%3A%2F%2Fwww.w3.org%2F2000%2Fsvg%27%20width%3D%27150%27%20height%3D%27150%27%20viewBox%3D%270%200%20150%20150%27%3E%3Crect%20width%3D%27150%27%20height%3D%27150%27%20fill-opacity%3D%220%22%2F%3E%3C%2Fsvg%3E\" data-orig-src=\"https:\/\/downlleida.org\/wp-content\/uploads\/2023\/03\/lidia-vilo.jpeg\" class=\"lazyload img-responsive wp-image-2938 img-with-aspect-ratio\" alt \/><\/span><\/div><div class=\"fusion-title title fusion-title-17 fusion-sep-none fusion-title-center fusion-title-text fusion-title-size-three\" style=\"--awb-text-color:var(--awb-color1);--awb-margin-top:0px;--awb-margin-bottom:5px;--awb-font-size:25px;\"><h3 class=\"title-heading-center\" style=\"margin:0;font-size:1em;\">Lidia Vil\u00f3<\/h3><\/div><div class=\"fusion-text fusion-text-19 fusion-text-no-margin\" style=\"--awb-content-alignment:center;--awb-font-size:var(--awb-typography5-font-size);--awb-line-height:var(--awb-typography5-line-height);--awb-letter-spacing:var(--awb-typography5-letter-spacing);--awb-text-transform:var(--awb-typography5-text-transform);--awb-text-color:var(--awb-color4);--awb-text-font-family:var(--awb-typography5-font-family);--awb-text-font-weight:var(--awb-typography5-font-weight);--awb-text-font-style:var(--awb-typography5-font-style);\"><p><span style=\"vertical-align: inherit;\"><span style=\"vertical-align: inherit;\">Vocal. Desde 2018. M\u00e9dico y madre.<\/span><\/span><\/p>\n<\/div><\/div><\/div><div class=\"fusion-layout-column fusion_builder_column fusion-builder-column-22 fusion_builder_column_1_5 1_5 fusion-flex-column fusion-animated\" style=\"--awb-bg-size:cover;--awb-width-large:20%;--awb-margin-top-large:20px;--awb-spacing-right-large:20px;--awb-margin-bottom-large:0px;--awb-spacing-left-large:20px;--awb-width-medium:20%;--awb-order-medium:0;--awb-spacing-right-medium:20px;--awb-spacing-left-medium:20px;--awb-width-small:100%;--awb-order-small:0;--awb-spacing-right-small:60px;--awb-margin-bottom-small:40px;--awb-spacing-left-small:60px;--awb-animation-color:hsla(var(--awb-color7-h),var(--awb-color7-s),calc(var(--awb-color7-l) + 5%),var(--awb-color7-a));\" data-animationType=\"revealInLeft\" data-animationDuration=\"1.3\" data-animationOffset=\"top-into-view\"><div class=\"fusion-column-wrapper fusion-column-has-shadow fusion-flex-justify-content-flex-start fusion-content-layout-column\"><div class=\"fusion-image-element \" style=\"text-align:center;--awb-aspect-ratio: 100 \/ 90;--awb-margin-bottom:35px;--awb-max-width:150px;--awb-caption-title-size:var(--h2_typography-font-size);--awb-caption-title-transform:var(--h2_typography-text-transform);--awb-caption-title-line-height:var(--h2_typography-line-height);--awb-caption-title-letter-spacing:var(--h2_typography-letter-spacing);\"><div style=\"display:inline-block;width:150px;\"><span class=\" fusion-imageframe imageframe-none imageframe-14 hover-type-none has-aspect-ratio\"><img decoding=\"async\" width=\"460\" height=\"471\" title=\"Marta-Sancho\" src=\"https:\/\/downlleida.org\/wp-content\/uploads\/2024\/01\/Marta-Sancho.png\" data-orig-src=\"https:\/\/downlleida.org\/wp-content\/uploads\/2024\/01\/Marta-Sancho.png\" class=\"lazyload img-responsive wp-image-4513 img-with-aspect-ratio\" alt srcset=\"data:image\/svg+xml,%3Csvg%20xmlns%3D%27http%3A%2F%2Fwww.w3.org%2F2000%2Fsvg%27%20width%3D%27460%27%20height%3D%27471%27%20viewBox%3D%270%200%20460%20471%27%3E%3Crect%20width%3D%27460%27%20height%3D%27471%27%20fill-opacity%3D%220%22%2F%3E%3C%2Fsvg%3E\" data-srcset=\"https:\/\/downlleida.org\/wp-content\/uploads\/2024\/01\/Marta-Sancho-200x205.png 200w, https:\/\/downlleida.org\/wp-content\/uploads\/2024\/01\/Marta-Sancho-400x410.png 400w, https:\/\/downlleida.org\/wp-content\/uploads\/2024\/01\/Marta-Sancho.png 460w\" data-sizes=\"auto\" data-orig-sizes=\"(max-width: 700px) 100vw, 400px\" \/><\/span><\/div><\/div><div class=\"fusion-title title fusion-title-18 fusion-sep-none fusion-title-center fusion-title-text fusion-title-size-three\" style=\"--awb-text-color:var(--awb-color1);--awb-margin-top:0px;--awb-margin-bottom:5px;--awb-font-size:25px;\"><h3 class=\"title-heading-center\" style=\"margin:0;font-size:1em;\">Marta Sancho<\/h3><\/div><div class=\"fusion-text fusion-text-20 fusion-text-no-margin\" style=\"--awb-content-alignment:center;--awb-font-size:var(--awb-typography5-font-size);--awb-line-height:var(--awb-typography5-line-height);--awb-letter-spacing:var(--awb-typography5-letter-spacing);--awb-text-transform:var(--awb-typography5-text-transform);--awb-text-color:var(--awb-color4);--awb-text-font-family:var(--awb-typography5-font-family);--awb-text-font-weight:var(--awb-typography5-font-weight);--awb-text-font-style:var(--awb-typography5-font-style);\"><p><span style=\"vertical-align: inherit;\"><span style=\"vertical-align: inherit;\">Vocal. Desde 2022. Profesora de Historia y Arqueolog\u00eda y madre.<\/span><\/span><\/p>\n<\/div><\/div><\/div><div class=\"fusion-layout-column fusion_builder_column fusion-builder-column-23 fusion_builder_column_1_5 1_5 fusion-flex-column fusion-animated\" style=\"--awb-bg-size:cover;--awb-width-large:20%;--awb-margin-top-large:20px;--awb-spacing-right-large:20px;--awb-margin-bottom-large:0px;--awb-spacing-left-large:20px;--awb-width-medium:20%;--awb-order-medium:0;--awb-spacing-right-medium:20px;--awb-spacing-left-medium:20px;--awb-width-small:100%;--awb-order-small:0;--awb-spacing-right-small:60px;--awb-margin-bottom-small:40px;--awb-spacing-left-small:60px;--awb-animation-color:hsla(var(--awb-color7-h),var(--awb-color7-s),calc(var(--awb-color7-l) + 5%),var(--awb-color7-a));\" data-animationType=\"revealInLeft\" data-animationDuration=\"1.3\" data-animationOffset=\"top-into-view\"><div class=\"fusion-column-wrapper fusion-column-has-shadow fusion-flex-justify-content-flex-start fusion-content-layout-column\"><div class=\"fusion-image-element \" style=\"text-align:center;--awb-aspect-ratio: 100 \/ 90;--awb-margin-bottom:35px;--awb-max-width:150px;--awb-caption-title-size:var(--h2_typography-font-size);--awb-caption-title-transform:var(--h2_typography-text-transform);--awb-caption-title-line-height:var(--h2_typography-line-height);--awb-caption-title-letter-spacing:var(--h2_typography-letter-spacing);\"><div style=\"display:inline-block;width:150px;\"><span class=\" fusion-imageframe imageframe-none imageframe-15 hover-type-none has-aspect-ratio\"><img decoding=\"async\" width=\"460\" height=\"470\" title=\"Ramon-Conejo\" src=\"https:\/\/downlleida.org\/wp-content\/uploads\/2024\/01\/Ramon-Conejo.jpeg\" data-orig-src=\"https:\/\/downlleida.org\/wp-content\/uploads\/2024\/01\/Ramon-Conejo.jpeg\" class=\"lazyload img-responsive wp-image-4519 img-with-aspect-ratio\" alt srcset=\"data:image\/svg+xml,%3Csvg%20xmlns%3D%27http%3A%2F%2Fwww.w3.org%2F2000%2Fsvg%27%20width%3D%27460%27%20height%3D%27470%27%20viewBox%3D%270%200%20460%20470%27%3E%3Crect%20width%3D%27460%27%20height%3D%27470%27%20fill-opacity%3D%220%22%2F%3E%3C%2Fsvg%3E\" data-srcset=\"https:\/\/downlleida.org\/wp-content\/uploads\/2024\/01\/Ramon-Conejo-200x204.jpeg 200w, https:\/\/downlleida.org\/wp-content\/uploads\/2024\/01\/Ramon-Conejo-400x409.jpeg 400w, https:\/\/downlleida.org\/wp-content\/uploads\/2024\/01\/Ramon-Conejo.jpeg 460w\" data-sizes=\"auto\" data-orig-sizes=\"(max-width: 700px) 100vw, 400px\" \/><\/span><\/div><\/div><div class=\"fusion-title title fusion-title-19 fusion-sep-none fusion-title-center fusion-title-text fusion-title-size-three\" style=\"--awb-text-color:var(--awb-color1);--awb-margin-top:0px;--awb-margin-bottom:5px;--awb-font-size:25px;\"><h3 class=\"title-heading-center\" style=\"margin:0;font-size:1em;\">Ram\u00f3n Conejo<\/h3><\/div><div class=\"fusion-text fusion-text-21 fusion-text-no-margin\" style=\"--awb-content-alignment:center;--awb-font-size:var(--awb-typography5-font-size);--awb-line-height:var(--awb-typography5-line-height);--awb-letter-spacing:var(--awb-typography5-letter-spacing);--awb-text-transform:var(--awb-typography5-text-transform);--awb-text-color:var(--awb-color4);--awb-text-font-family:var(--awb-typography5-font-family);--awb-text-font-weight:var(--awb-typography5-font-weight);--awb-text-font-style:var(--awb-typography5-font-style);\"><p><span style=\"vertical-align: inherit;\"><span style=\"vertical-align: inherit;\">Vocal. Desde 2020. Maestro jubilado y padre.<\/span><\/span><\/p>\n<\/div><\/div><\/div><\/div><\/div><\/div><div id=\"equip\" class=\"fusion-container-anchor\"><div class=\"fusion-fullwidth fullwidth-box fusion-builder-row-6 fusion-flex-container has-pattern-background has-mask-background nonhundred-percent-fullwidth non-hundred-percent-height-scrolling\" style=\"--link_hover_color: var(--awb-color2);--link_color: var(--awb-color4);--awb-background-position:left top;--awb-border-sizes-top:0px;--awb-border-sizes-bottom:0px;--awb-border-sizes-left:0px;--awb-border-sizes-right:0px;--awb-border-radius-top-left:0px;--awb-border-radius-top-right:0px;--awb-border-radius-bottom-right:0px;--awb-border-radius-bottom-left:0px;--awb-padding-top:30px;--awb-padding-bottom:0px;--awb-padding-top-medium:90px;--awb-padding-bottom-medium:90px;--awb-padding-bottom-small:0px;--awb-margin-bottom-medium:0px;--awb-background-color:var(--awb-color5);\" ><div class=\"fusion-builder-row fusion-row fusion-flex-align-items-flex-start fusion-flex-justify-content-center\" style=\"max-width:calc( 1200px + 120px );margin-left: calc(-120px \/ 2 );margin-right: calc(-120px \/ 2 );\"><div class=\"fusion-layout-column fusion_builder_column fusion-builder-column-24 fusion_builder_column_1_1 1_1 fusion-flex-column fusion-flex-align-self-flex-start fusion-column-no-min-height fusion-animated\" style=\"--awb-padding-right-medium:0px;--awb-padding-left-medium:0px;--awb-bg-blend:overlay;--awb-bg-size:cover;--awb-width-large:100%;--awb-margin-top-large:0px;--awb-spacing-right-large:calc( 0.08 * calc( 100% - 120px ) );--awb-margin-bottom-large:90px;--awb-spacing-left-large:60px;--awb-width-medium:50%;--awb-spacing-right-medium:calc( 0.16 * calc( 100% - 120px ) );--awb-margin-bottom-medium:49px;--awb-spacing-left-medium:60px;--awb-width-small:100%;--awb-spacing-right-small:60px;--awb-margin-bottom-small:0px;--awb-spacing-left-small:60px;\" data-animationType=\"fadeIn\" data-animationDuration=\"0.8\" data-animationOffset=\"top-into-view\"><div class=\"fusion-column-wrapper fusion-flex-justify-content-flex-start fusion-content-layout-column\"><div class=\"fusion-text fusion-text-22 fusion-text-no-margin\" style=\"--awb-font-size:var(--awb-typography3-font-size);--awb-line-height:var(--awb-typography3-line-height);--awb-letter-spacing:var(--awb-typography3-letter-spacing);--awb-text-transform:var(--awb-typography3-text-transform);--awb-text-color:var(--awb-color4);--awb-text-font-family:var(--awb-typography3-font-family);--awb-text-font-weight:var(--awb-typography3-font-weight);--awb-text-font-style:var(--awb-typography3-font-style);\"><p><span style=\"vertical-align: inherit;\"><span style=\"vertical-align: inherit;\">\u00a1Conoce nuestro equipo!<\/span><\/span><\/p>\n<\/div><div class=\"fusion-title title fusion-title-20 fusion-sep-none fusion-title-text fusion-title-size-three\" style=\"--awb-text-color:var(--awb-color1);--awb-margin-bottom:0px;\"><h3 class=\"title-heading-left\" style=\"margin:0;\"><span style=\"vertical-align: inherit;\"><span style=\"vertical-align: inherit;\">Equipo de Trabajo<\/span><\/span><\/h3><\/div><\/div><\/div><div class=\"fusion-layout-column fusion_builder_column fusion-builder-column-25 fusion_builder_column_1_5 1_5 fusion-flex-column fusion-animated\" style=\"--awb-bg-size:cover;--awb-width-large:20%;--awb-margin-top-large:0px;--awb-spacing-right-large:20px;--awb-margin-bottom-large:70px;--awb-spacing-left-large:20px;--awb-width-medium:20%;--awb-order-medium:0;--awb-spacing-right-medium:20px;--awb-spacing-left-medium:20px;--awb-width-small:100%;--awb-order-small:0;--awb-spacing-right-small:60px;--awb-margin-bottom-small:55px;--awb-spacing-left-small:60px;--awb-animation-color:hsla(var(--awb-color7-h),var(--awb-color7-s),calc(var(--awb-color7-l) + 5%),var(--awb-color7-a));\" data-animationType=\"revealInLeft\" data-animationDuration=\"1.3\" data-animationOffset=\"top-into-view\"><div class=\"fusion-column-wrapper fusion-column-has-shadow fusion-flex-justify-content-flex-start fusion-content-layout-column\"><div class=\"fusion-image-element \" style=\"text-align:center;--awb-aspect-ratio: 100 \/ 90;--awb-margin-bottom:35px;--awb-caption-title-size:var(--h2_typography-font-size);--awb-caption-title-transform:var(--h2_typography-text-transform);--awb-caption-title-line-height:var(--h2_typography-line-height);--awb-caption-title-letter-spacing:var(--h2_typography-letter-spacing);\"><span class=\" fusion-imageframe imageframe-none imageframe-16 hover-type-none has-aspect-ratio\"><img decoding=\"async\" width=\"460\" height=\"470\" title=\"Carme\" src=\"https:\/\/downlleida.org\/wp-content\/uploads\/2024\/01\/Carme.jpeg\" data-orig-src=\"https:\/\/downlleida.org\/wp-content\/uploads\/2024\/01\/Carme.jpeg\" class=\"lazyload img-responsive wp-image-4536 img-with-aspect-ratio\" alt srcset=\"data:image\/svg+xml,%3Csvg%20xmlns%3D%27http%3A%2F%2Fwww.w3.org%2F2000%2Fsvg%27%20width%3D%27460%27%20height%3D%27470%27%20viewBox%3D%270%200%20460%20470%27%3E%3Crect%20width%3D%27460%27%20height%3D%27470%27%20fill-opacity%3D%220%22%2F%3E%3C%2Fsvg%3E\" data-srcset=\"https:\/\/downlleida.org\/wp-content\/uploads\/2024\/01\/Carme-200x204.jpeg 200w, https:\/\/downlleida.org\/wp-content\/uploads\/2024\/01\/Carme-400x409.jpeg 400w, https:\/\/downlleida.org\/wp-content\/uploads\/2024\/01\/Carme.jpeg 460w\" data-sizes=\"auto\" data-orig-sizes=\"(max-width: 700px) 100vw, 400px\" \/><\/span><\/div><div class=\"fusion-title title fusion-title-21 fusion-sep-none fusion-title-center fusion-title-text fusion-title-size-three\" style=\"--awb-text-color:var(--awb-color1);--awb-margin-top:0px;--awb-margin-bottom:5px;--awb-font-size:25px;\"><h3 class=\"title-heading-center\" style=\"margin:0;font-size:1em;\">Carme Perpiny\u00e0<\/h3><\/div><div class=\"fusion-text fusion-text-23 fusion-text-no-margin\" style=\"--awb-content-alignment:center;--awb-font-size:var(--awb-typography5-font-size);--awb-line-height:var(--awb-typography5-line-height);--awb-letter-spacing:var(--awb-typography5-letter-spacing);--awb-text-transform:var(--awb-typography5-text-transform);--awb-text-color:var(--awb-color4);--awb-text-font-family:var(--awb-typography5-font-family);--awb-text-font-weight:var(--awb-typography5-font-weight);--awb-text-font-style:var(--awb-typography5-font-style);\"><p><span style=\"vertical-align: inherit;\"><span style=\"vertical-align: inherit;\">Coordinadora t\u00e9cnica. \u00c1rea de inserci\u00f3n sociolaboral. \u00c1rea de atenci\u00f3n a las personas. Desde 2006. Diplomada en Trabajo Social.\u00a0 <\/span><\/span><a href=\"mailto:info@downlleida.org\"><span style=\"vertical-align: inherit;\"><span style=\"vertical-align: inherit;\">Email de contacto<\/span><\/span><\/a><\/p>\n<\/div><\/div><\/div><div class=\"fusion-layout-column fusion_builder_column fusion-builder-column-26 fusion_builder_column_1_5 1_5 fusion-flex-column fusion-animated\" style=\"--awb-bg-size:cover;--awb-width-large:20%;--awb-margin-top-large:0px;--awb-spacing-right-large:20px;--awb-margin-bottom-large:70px;--awb-spacing-left-large:20px;--awb-width-medium:20%;--awb-order-medium:0;--awb-spacing-right-medium:20px;--awb-spacing-left-medium:20px;--awb-width-small:100%;--awb-order-small:0;--awb-spacing-right-small:60px;--awb-margin-bottom-small:55px;--awb-spacing-left-small:60px;--awb-animation-color:hsla(var(--awb-color7-h),var(--awb-color7-s),calc(var(--awb-color7-l) + 5%),var(--awb-color7-a));\" data-animationType=\"revealInLeft\" data-animationDuration=\"1.3\" data-animationOffset=\"top-into-view\"><div class=\"fusion-column-wrapper fusion-column-has-shadow fusion-flex-justify-content-flex-start fusion-content-layout-column\"><div class=\"fusion-image-element \" style=\"text-align:center;--awb-aspect-ratio: 100 \/ 90;--awb-margin-bottom:35px;--awb-caption-title-size:var(--h2_typography-font-size);--awb-caption-title-transform:var(--h2_typography-text-transform);--awb-caption-title-line-height:var(--h2_typography-line-height);--awb-caption-title-letter-spacing:var(--h2_typography-letter-spacing);\"><span class=\" fusion-imageframe imageframe-none imageframe-17 hover-type-none has-aspect-ratio\"><img decoding=\"async\" width=\"460\" height=\"470\" title=\"Eva-Betbese\" src=\"https:\/\/downlleida.org\/wp-content\/uploads\/2024\/01\/Eva-Betbese.jpeg\" data-orig-src=\"https:\/\/downlleida.org\/wp-content\/uploads\/2024\/01\/Eva-Betbese.jpeg\" class=\"lazyload img-responsive wp-image-4538 img-with-aspect-ratio\" alt srcset=\"data:image\/svg+xml,%3Csvg%20xmlns%3D%27http%3A%2F%2Fwww.w3.org%2F2000%2Fsvg%27%20width%3D%27460%27%20height%3D%27470%27%20viewBox%3D%270%200%20460%20470%27%3E%3Crect%20width%3D%27460%27%20height%3D%27470%27%20fill-opacity%3D%220%22%2F%3E%3C%2Fsvg%3E\" data-srcset=\"https:\/\/downlleida.org\/wp-content\/uploads\/2024\/01\/Eva-Betbese-200x204.jpeg 200w, https:\/\/downlleida.org\/wp-content\/uploads\/2024\/01\/Eva-Betbese-400x409.jpeg 400w, https:\/\/downlleida.org\/wp-content\/uploads\/2024\/01\/Eva-Betbese.jpeg 460w\" data-sizes=\"auto\" data-orig-sizes=\"(max-width: 700px) 100vw, 400px\" \/><\/span><\/div><div class=\"fusion-title title fusion-title-22 fusion-sep-none fusion-title-center fusion-title-text fusion-title-size-three\" style=\"--awb-text-color:var(--awb-color1);--awb-margin-top:0px;--awb-margin-bottom:5px;--awb-font-size:25px;\"><h3 class=\"title-heading-center\" style=\"margin:0;font-size:1em;\">Eva Betbes\u00e9<\/h3><\/div><div class=\"fusion-text fusion-text-24 fusion-text-no-margin\" style=\"--awb-content-alignment:center;--awb-font-size:var(--awb-typography5-font-size);--awb-line-height:var(--awb-typography5-line-height);--awb-letter-spacing:var(--awb-typography5-letter-spacing);--awb-text-transform:var(--awb-typography5-text-transform);--awb-text-color:var(--awb-color4);--awb-text-font-family:var(--awb-typography5-font-family);--awb-text-font-weight:var(--awb-typography5-font-weight);--awb-text-font-style:var(--awb-typography5-font-style);\"><p><span style=\"vertical-align: inherit;\"><span style=\"vertical-align: inherit;\">Coordinadora pedag\u00f3gica. Desde 2002. Diplomada en Magisterio. Licenciada en Psicopedagog\u00eda. Postgrado en Prevenci\u00f3n y Atenci\u00f3n a Primera Infancia. Postgrado en Educaci\u00f3n Emocional. <\/span><\/span><br \/>\n<a href=\"mailto:coordinaciopedagogica@downlleida.org\"><span style=\"vertical-align: inherit;\"><span style=\"vertical-align: inherit;\">Email de contacto<\/span><\/span><\/a><\/p>\n<\/div><\/div><\/div><div class=\"fusion-layout-column fusion_builder_column fusion-builder-column-27 fusion_builder_column_1_5 1_5 fusion-flex-column fusion-animated\" style=\"--awb-bg-size:cover;--awb-width-large:20%;--awb-margin-top-large:0px;--awb-spacing-right-large:20px;--awb-margin-bottom-large:70px;--awb-spacing-left-large:20px;--awb-width-medium:20%;--awb-order-medium:0;--awb-spacing-right-medium:20px;--awb-spacing-left-medium:20px;--awb-width-small:100%;--awb-order-small:0;--awb-spacing-right-small:60px;--awb-margin-bottom-small:55px;--awb-spacing-left-small:60px;--awb-animation-color:hsla(var(--awb-color7-h),var(--awb-color7-s),calc(var(--awb-color7-l) + 5%),var(--awb-color7-a));\" data-animationType=\"revealInLeft\" data-animationDuration=\"1.3\" data-animationOffset=\"top-into-view\"><div class=\"fusion-column-wrapper fusion-column-has-shadow fusion-flex-justify-content-flex-start fusion-content-layout-column\"><div class=\"fusion-image-element \" style=\"text-align:center;--awb-aspect-ratio: 100 \/ 90;--awb-margin-bottom:35px;--awb-caption-title-size:var(--h2_typography-font-size);--awb-caption-title-transform:var(--h2_typography-text-transform);--awb-caption-title-line-height:var(--h2_typography-line-height);--awb-caption-title-letter-spacing:var(--h2_typography-letter-spacing);\"><span class=\" fusion-imageframe imageframe-none imageframe-18 hover-type-none has-aspect-ratio\"><img decoding=\"async\" width=\"300\" height=\"296\" title=\"Laura\" src=\"https:\/\/downlleida.org\/wp-content\/uploads\/2025\/02\/Laura.jpeg\" data-orig-src=\"https:\/\/downlleida.org\/wp-content\/uploads\/2025\/02\/Laura-300x296.jpeg\" class=\"lazyload img-responsive wp-image-5112 img-with-aspect-ratio\" alt srcset=\"data:image\/svg+xml,%3Csvg%20xmlns%3D%27http%3A%2F%2Fwww.w3.org%2F2000%2Fsvg%27%20width%3D%272048%27%20height%3D%272022%27%20viewBox%3D%270%200%202048%202022%27%3E%3Crect%20width%3D%272048%27%20height%3D%272022%27%20fill-opacity%3D%220%22%2F%3E%3C%2Fsvg%3E\" data-srcset=\"https:\/\/downlleida.org\/wp-content\/uploads\/2025\/02\/Laura-200x197.jpeg 200w, https:\/\/downlleida.org\/wp-content\/uploads\/2025\/02\/Laura-400x395.jpeg 400w, https:\/\/downlleida.org\/wp-content\/uploads\/2025\/02\/Laura-600x592.jpeg 600w, https:\/\/downlleida.org\/wp-content\/uploads\/2025\/02\/Laura-800x790.jpeg 800w, https:\/\/downlleida.org\/wp-content\/uploads\/2025\/02\/Laura-1200x1185.jpeg 1200w\" data-sizes=\"auto\" data-orig-sizes=\"(max-width: 700px) 100vw, 400px\" \/><\/span><\/div><div class=\"fusion-title title fusion-title-23 fusion-sep-none fusion-title-center fusion-title-text fusion-title-size-three\" style=\"--awb-text-color:var(--awb-color1);--awb-margin-top:0px;--awb-margin-bottom:5px;--awb-font-size:25px;\"><h3 class=\"title-heading-center\" style=\"margin:0;font-size:1em;\">Laura Garcia<\/h3><\/div><div class=\"fusion-text fusion-text-25 fusion-text-no-margin\" style=\"--awb-content-alignment:center;--awb-font-size:var(--awb-typography5-font-size);--awb-line-height:var(--awb-typography5-line-height);--awb-letter-spacing:var(--awb-typography5-letter-spacing);--awb-text-transform:var(--awb-typography5-text-transform);--awb-text-color:var(--awb-color4);--awb-text-font-family:var(--awb-typography5-font-family);--awb-text-font-weight:var(--awb-typography5-font-weight);--awb-text-font-style:var(--awb-typography5-font-style);\"><p><span style=\"vertical-align: inherit;\"><span style=\"vertical-align: inherit;\">\u00c1rea administrativa. Desde 2022. T\u00e9cnica superior en administraci\u00f3n y finanzas. Responsable de seguridad y protecci\u00f3n de datos. <\/span><\/span><br \/>\n<a href=\"mailto:gestio@downlleida.org\"><span style=\"vertical-align: inherit;\"><span style=\"vertical-align: inherit;\">Email de contacto<\/span><\/span><\/a><\/p>\n<\/div><\/div><\/div><div class=\"fusion-layout-column fusion_builder_column fusion-builder-column-28 fusion_builder_column_1_5 1_5 fusion-flex-column fusion-animated\" style=\"--awb-bg-size:cover;--awb-width-large:20%;--awb-margin-top-large:0px;--awb-spacing-right-large:20px;--awb-margin-bottom-large:70px;--awb-spacing-left-large:20px;--awb-width-medium:20%;--awb-order-medium:0;--awb-spacing-right-medium:20px;--awb-spacing-left-medium:20px;--awb-width-small:100%;--awb-order-small:0;--awb-spacing-right-small:60px;--awb-margin-bottom-small:55px;--awb-spacing-left-small:60px;--awb-animation-color:hsla(var(--awb-color7-h),var(--awb-color7-s),calc(var(--awb-color7-l) + 5%),var(--awb-color7-a));\" data-animationType=\"revealInLeft\" data-animationDuration=\"1.3\" data-animationOffset=\"top-into-view\"><div class=\"fusion-column-wrapper fusion-column-has-shadow fusion-flex-justify-content-flex-start fusion-content-layout-column\"><div class=\"fusion-image-element \" style=\"text-align:center;--awb-aspect-ratio: 100 \/ 90;--awb-margin-bottom:35px;--awb-caption-title-size:var(--h2_typography-font-size);--awb-caption-title-transform:var(--h2_typography-text-transform);--awb-caption-title-line-height:var(--h2_typography-line-height);--awb-caption-title-letter-spacing:var(--h2_typography-letter-spacing);\"><span class=\" fusion-imageframe imageframe-none imageframe-19 hover-type-none has-aspect-ratio\"><img decoding=\"async\" width=\"460\" height=\"470\" title=\"Maria-Granell\" src=\"https:\/\/downlleida.org\/wp-content\/uploads\/2023\/03\/Maria-Granell.png\" data-orig-src=\"https:\/\/downlleida.org\/wp-content\/uploads\/2023\/03\/Maria-Granell.png\" class=\"lazyload img-responsive wp-image-2945 img-with-aspect-ratio\" alt srcset=\"data:image\/svg+xml,%3Csvg%20xmlns%3D%27http%3A%2F%2Fwww.w3.org%2F2000%2Fsvg%27%20width%3D%27460%27%20height%3D%27470%27%20viewBox%3D%270%200%20460%20470%27%3E%3Crect%20width%3D%27460%27%20height%3D%27470%27%20fill-opacity%3D%220%22%2F%3E%3C%2Fsvg%3E\" data-srcset=\"https:\/\/downlleida.org\/wp-content\/uploads\/2023\/03\/Maria-Granell-200x204.png 200w, https:\/\/downlleida.org\/wp-content\/uploads\/2023\/03\/Maria-Granell-400x409.png 400w, https:\/\/downlleida.org\/wp-content\/uploads\/2023\/03\/Maria-Granell.png 460w\" data-sizes=\"auto\" data-orig-sizes=\"(max-width: 700px) 100vw, 400px\" \/><\/span><\/div><div class=\"fusion-title title fusion-title-24 fusion-sep-none fusion-title-center fusion-title-text fusion-title-size-three\" style=\"--awb-text-color:var(--awb-color1);--awb-margin-top:0px;--awb-margin-bottom:5px;--awb-font-size:25px;\"><h3 class=\"title-heading-center\" style=\"margin:0;font-size:1em;\">Maria Granell<\/h3><\/div><div class=\"fusion-text fusion-text-26 fusion-text-no-margin\" style=\"--awb-content-alignment:center;--awb-font-size:var(--awb-typography5-font-size);--awb-line-height:var(--awb-typography5-line-height);--awb-letter-spacing:var(--awb-typography5-letter-spacing);--awb-text-transform:var(--awb-typography5-text-transform);--awb-text-color:var(--awb-color4);--awb-text-font-family:var(--awb-typography5-font-family);--awb-text-font-weight:var(--awb-typography5-font-weight);--awb-text-font-style:var(--awb-typography5-font-style);\"><p><span style=\"vertical-align: inherit;\"><span style=\"vertical-align: inherit;\">\u00c1rea psicol\u00f3gica. Desde 2021. Graduada en Psicolog\u00eda. M\u00e1ster en Psicolog\u00eda General Sanitaria y el M\u00e1ster en Neuropsicolog\u00eda. <\/span><\/span><br \/>\n<a href=\"mailto:psicologia2@downlleida.org\"><span style=\"vertical-align: inherit;\"><span style=\"vertical-align: inherit;\">Email de contacto<\/span><\/span><\/a><\/p>\n<div id=\"gtx-trans\" style=\"position: absolute; left: -3px; top: 78px;\">\n<div class=\"gtx-trans-icon\"><\/div>\n<\/div>\n<\/div><\/div><\/div><div class=\"fusion-layout-column fusion_builder_column fusion-builder-column-29 fusion_builder_column_1_5 1_5 fusion-flex-column fusion-animated\" style=\"--awb-bg-size:cover;--awb-width-large:20%;--awb-margin-top-large:0px;--awb-spacing-right-large:20px;--awb-margin-bottom-large:70px;--awb-spacing-left-large:20px;--awb-width-medium:20%;--awb-order-medium:0;--awb-spacing-right-medium:20px;--awb-spacing-left-medium:20px;--awb-width-small:100%;--awb-order-small:0;--awb-spacing-right-small:60px;--awb-margin-bottom-small:55px;--awb-spacing-left-small:60px;--awb-animation-color:hsla(var(--awb-color7-h),var(--awb-color7-s),calc(var(--awb-color7-l) + 5%),var(--awb-color7-a));\" data-animationType=\"revealInLeft\" data-animationDuration=\"1.3\" data-animationOffset=\"top-into-view\"><div class=\"fusion-column-wrapper fusion-column-has-shadow fusion-flex-justify-content-flex-start fusion-content-layout-column\"><div class=\"fusion-image-element \" style=\"text-align:center;--awb-aspect-ratio: 100 \/ 90;--awb-margin-bottom:35px;--awb-caption-title-size:var(--h2_typography-font-size);--awb-caption-title-transform:var(--h2_typography-text-transform);--awb-caption-title-line-height:var(--h2_typography-line-height);--awb-caption-title-letter-spacing:var(--h2_typography-letter-spacing);\"><span class=\" fusion-imageframe imageframe-none imageframe-20 hover-type-none has-aspect-ratio\"><img decoding=\"async\" width=\"460\" height=\"470\" title=\"Silvia\" src=\"https:\/\/downlleida.org\/wp-content\/uploads\/2024\/01\/Silvia.jpeg\" data-orig-src=\"https:\/\/downlleida.org\/wp-content\/uploads\/2024\/01\/Silvia.jpeg\" class=\"lazyload img-responsive wp-image-4546 img-with-aspect-ratio\" alt srcset=\"data:image\/svg+xml,%3Csvg%20xmlns%3D%27http%3A%2F%2Fwww.w3.org%2F2000%2Fsvg%27%20width%3D%27460%27%20height%3D%27470%27%20viewBox%3D%270%200%20460%20470%27%3E%3Crect%20width%3D%27460%27%20height%3D%27470%27%20fill-opacity%3D%220%22%2F%3E%3C%2Fsvg%3E\" data-srcset=\"https:\/\/downlleida.org\/wp-content\/uploads\/2024\/01\/Silvia-200x204.jpeg 200w, https:\/\/downlleida.org\/wp-content\/uploads\/2024\/01\/Silvia-400x409.jpeg 400w, https:\/\/downlleida.org\/wp-content\/uploads\/2024\/01\/Silvia.jpeg 460w\" data-sizes=\"auto\" data-orig-sizes=\"(max-width: 700px) 100vw, 400px\" \/><\/span><\/div><div class=\"fusion-title title fusion-title-25 fusion-sep-none fusion-title-center fusion-title-text fusion-title-size-three\" style=\"--awb-text-color:var(--awb-color1);--awb-margin-top:0px;--awb-margin-bottom:5px;--awb-font-size:25px;\"><h3 class=\"title-heading-center\" style=\"margin:0;font-size:1em;\">S\u00edlvia Pujol<\/h3><\/div><div class=\"fusion-text fusion-text-27 fusion-text-no-margin\" style=\"--awb-content-alignment:center;--awb-font-size:var(--awb-typography5-font-size);--awb-line-height:var(--awb-typography5-line-height);--awb-letter-spacing:var(--awb-typography5-letter-spacing);--awb-text-transform:var(--awb-typography5-text-transform);--awb-text-color:var(--awb-color4);--awb-text-font-family:var(--awb-typography5-font-family);--awb-text-font-weight:var(--awb-typography5-font-weight);--awb-text-font-style:var(--awb-typography5-font-style);\"><p><span style=\"vertical-align: inherit;\"><span style=\"vertical-align: inherit;\">\u00c1rea psicol\u00f3gica. Desde 2022. Graduada en psicolog\u00eda. Profesional en intervenci\u00f3n psicosocial. Actualmente en preparaci\u00f3n para psic\u00f3loga general sanitaria. <\/span><\/span><br \/>\n<a href=\"mailto:psicologia@downlleida.org\"><span style=\"vertical-align: inherit;\"><span style=\"vertical-align: inherit;\">Email de contacto<\/span><\/span><\/a><\/p>\n<\/div><\/div><\/div><div class=\"fusion-layout-column fusion_builder_column fusion-builder-column-30 fusion_builder_column_1_5 1_5 fusion-flex-column fusion-animated\" style=\"--awb-bg-size:cover;--awb-width-large:20%;--awb-margin-top-large:0px;--awb-spacing-right-large:20px;--awb-margin-bottom-large:70px;--awb-spacing-left-large:20px;--awb-width-medium:20%;--awb-order-medium:0;--awb-spacing-right-medium:20px;--awb-spacing-left-medium:20px;--awb-width-small:100%;--awb-order-small:0;--awb-spacing-right-small:60px;--awb-margin-bottom-small:55px;--awb-spacing-left-small:60px;--awb-animation-color:hsla(var(--awb-color7-h),var(--awb-color7-s),calc(var(--awb-color7-l) + 5%),var(--awb-color7-a));\" data-animationType=\"revealInLeft\" data-animationDuration=\"1.3\" data-animationOffset=\"top-into-view\"><div class=\"fusion-column-wrapper fusion-column-has-shadow fusion-flex-justify-content-flex-start fusion-content-layout-column\"><div class=\"fusion-image-element \" style=\"text-align:center;--awb-aspect-ratio: 100 \/ 90;--awb-object-position:30% 49%;--awb-margin-bottom:35px;--awb-caption-title-size:var(--h2_typography-font-size);--awb-caption-title-transform:var(--h2_typography-text-transform);--awb-caption-title-line-height:var(--h2_typography-line-height);--awb-caption-title-letter-spacing:var(--h2_typography-letter-spacing);\"><span class=\" fusion-imageframe imageframe-none imageframe-21 hover-type-none has-aspect-ratio\"><img decoding=\"async\" width=\"300\" height=\"284\" title=\"\u00c1ngela\" src=\"https:\/\/downlleida.org\/wp-content\/uploads\/2024\/05\/Angela.jpeg\" data-orig-src=\"https:\/\/downlleida.org\/wp-content\/uploads\/2024\/05\/Angela-300x284.jpeg\" class=\"lazyload img-responsive wp-image-4735 img-with-aspect-ratio\" alt srcset=\"data:image\/svg+xml,%3Csvg%20xmlns%3D%27http%3A%2F%2Fwww.w3.org%2F2000%2Fsvg%27%20width%3D%271600%27%20height%3D%271513%27%20viewBox%3D%270%200%201600%201513%27%3E%3Crect%20width%3D%271600%27%20height%3D%271513%27%20fill-opacity%3D%220%22%2F%3E%3C%2Fsvg%3E\" data-srcset=\"https:\/\/downlleida.org\/wp-content\/uploads\/2024\/05\/Angela-200x189.jpeg 200w, https:\/\/downlleida.org\/wp-content\/uploads\/2024\/05\/Angela-400x378.jpeg 400w, https:\/\/downlleida.org\/wp-content\/uploads\/2024\/05\/Angela-600x567.jpeg 600w, https:\/\/downlleida.org\/wp-content\/uploads\/2024\/05\/Angela-800x757.jpeg 800w, https:\/\/downlleida.org\/wp-content\/uploads\/2024\/05\/Angela-1200x1135.jpeg 1200w, https:\/\/downlleida.org\/wp-content\/uploads\/2024\/05\/Angela.jpeg 1600w\" data-sizes=\"auto\" data-orig-sizes=\"(max-width: 700px) 100vw, 400px\" \/><\/span><\/div><div class=\"fusion-title title fusion-title-26 fusion-sep-none fusion-title-center fusion-title-text fusion-title-size-three\" style=\"--awb-text-color:var(--awb-color1);--awb-margin-top:0px;--awb-margin-bottom:5px;--awb-font-size:25px;\"><h3 class=\"title-heading-center\" style=\"margin:0;font-size:1em;\">\u00c0ngela Cabrera<\/h3><\/div><div class=\"fusion-text fusion-text-28 fusion-text-no-margin\" style=\"--awb-content-alignment:center;--awb-font-size:var(--awb-typography5-font-size);--awb-line-height:var(--awb-typography5-line-height);--awb-letter-spacing:var(--awb-typography5-letter-spacing);--awb-text-transform:var(--awb-typography5-text-transform);--awb-text-color:var(--awb-color4);--awb-text-font-family:var(--awb-typography5-font-family);--awb-text-font-weight:var(--awb-typography5-font-weight);--awb-text-font-style:var(--awb-typography5-font-style);\"><p><span style=\"vertical-align: inherit;\"><span style=\"vertical-align: inherit;\">\u00c1rea de vida independiente. Desde 2014. Graduada en Educaci\u00f3n Social. <\/span><\/span><br \/>\n<a href=\"mailto:vidaadulta@downlleida.org\"><span style=\"vertical-align: inherit;\"><span style=\"vertical-align: inherit;\">Email de contacto<\/span><\/span><\/a><\/p>\n<\/div><\/div><\/div><div class=\"fusion-layout-column fusion_builder_column fusion-builder-column-31 fusion_builder_column_1_5 1_5 fusion-flex-column fusion-animated\" style=\"--awb-bg-size:cover;--awb-width-large:20%;--awb-margin-top-large:0px;--awb-spacing-right-large:20px;--awb-margin-bottom-large:70px;--awb-spacing-left-large:20px;--awb-width-medium:20%;--awb-order-medium:0;--awb-spacing-right-medium:20px;--awb-spacing-left-medium:20px;--awb-width-small:100%;--awb-order-small:0;--awb-spacing-right-small:60px;--awb-margin-bottom-small:55px;--awb-spacing-left-small:60px;--awb-animation-color:hsla(var(--awb-color7-h),var(--awb-color7-s),calc(var(--awb-color7-l) + 5%),var(--awb-color7-a));\" data-animationType=\"revealInLeft\" data-animationDuration=\"1.3\" data-animationOffset=\"top-into-view\"><div class=\"fusion-column-wrapper fusion-column-has-shadow fusion-flex-justify-content-flex-start fusion-content-layout-column\"><div class=\"fusion-image-element \" style=\"text-align:center;--awb-aspect-ratio: 100 \/ 90;--awb-margin-bottom:35px;--awb-caption-title-size:var(--h2_typography-font-size);--awb-caption-title-transform:var(--h2_typography-text-transform);--awb-caption-title-line-height:var(--h2_typography-line-height);--awb-caption-title-letter-spacing:var(--h2_typography-letter-spacing);\"><span class=\" fusion-imageframe imageframe-none imageframe-22 hover-type-none has-aspect-ratio\"><img decoding=\"async\" width=\"460\" height=\"470\" title=\"Raquel-Botigu\u00e9\" src=\"https:\/\/downlleida.org\/wp-content\/uploads\/2023\/03\/Raquel-Botigue.png\" data-orig-src=\"https:\/\/downlleida.org\/wp-content\/uploads\/2023\/03\/Raquel-Botigue.png\" class=\"lazyload img-responsive wp-image-2947 img-with-aspect-ratio\" alt srcset=\"data:image\/svg+xml,%3Csvg%20xmlns%3D%27http%3A%2F%2Fwww.w3.org%2F2000%2Fsvg%27%20width%3D%27460%27%20height%3D%27470%27%20viewBox%3D%270%200%20460%20470%27%3E%3Crect%20width%3D%27460%27%20height%3D%27470%27%20fill-opacity%3D%220%22%2F%3E%3C%2Fsvg%3E\" data-srcset=\"https:\/\/downlleida.org\/wp-content\/uploads\/2023\/03\/Raquel-Botigue-200x204.png 200w, https:\/\/downlleida.org\/wp-content\/uploads\/2023\/03\/Raquel-Botigue-400x409.png 400w, https:\/\/downlleida.org\/wp-content\/uploads\/2023\/03\/Raquel-Botigue.png 460w\" data-sizes=\"auto\" data-orig-sizes=\"(max-width: 700px) 100vw, 400px\" \/><\/span><\/div><div class=\"fusion-title title fusion-title-27 fusion-sep-none fusion-title-center fusion-title-text fusion-title-size-three\" style=\"--awb-text-color:var(--awb-color1);--awb-margin-top:0px;--awb-margin-bottom:5px;--awb-font-size:25px;\"><h3 class=\"title-heading-center\" style=\"margin:0;font-size:1em;\">Raquel Botigu\u00e9<\/h3><\/div><div class=\"fusion-text fusion-text-29 fusion-text-no-margin\" style=\"--awb-content-alignment:center;--awb-font-size:var(--awb-typography5-font-size);--awb-line-height:var(--awb-typography5-line-height);--awb-letter-spacing:var(--awb-typography5-letter-spacing);--awb-text-transform:var(--awb-typography5-text-transform);--awb-text-color:var(--awb-color4);--awb-text-font-family:var(--awb-typography5-font-family);--awb-text-font-weight:var(--awb-typography5-font-weight);--awb-text-font-style:var(--awb-typography5-font-style);\"><p><span style=\"vertical-align: inherit;\"><span style=\"vertical-align: inherit;\">\u00c1rea de vida independiente. Desde 2021. Ciclo Formativo en Integraci\u00f3n Social. <\/span><\/span><br \/>\n<a href=\"mailto:suportllar@downlleida.org\"><span style=\"vertical-align: inherit;\"><span style=\"vertical-align: inherit;\">Email de contacto<\/span><\/span><\/a><\/p>\n<\/div><\/div><\/div><div class=\"fusion-layout-column fusion_builder_column fusion-builder-column-32 fusion_builder_column_1_5 1_5 fusion-flex-column fusion-animated\" style=\"--awb-bg-size:cover;--awb-width-large:20%;--awb-margin-top-large:0px;--awb-spacing-right-large:20px;--awb-margin-bottom-large:70px;--awb-spacing-left-large:20px;--awb-width-medium:20%;--awb-order-medium:0;--awb-spacing-right-medium:20px;--awb-spacing-left-medium:20px;--awb-width-small:100%;--awb-order-small:0;--awb-spacing-right-small:60px;--awb-margin-bottom-small:55px;--awb-spacing-left-small:60px;--awb-animation-color:hsla(var(--awb-color7-h),var(--awb-color7-s),calc(var(--awb-color7-l) + 5%),var(--awb-color7-a));\" data-animationType=\"revealInLeft\" data-animationDuration=\"1.3\" data-animationOffset=\"top-into-view\"><div class=\"fusion-column-wrapper fusion-column-has-shadow fusion-flex-justify-content-flex-start fusion-content-layout-column\"><div class=\"fusion-image-element \" style=\"text-align:center;--awb-aspect-ratio: 100 \/ 90;--awb-margin-bottom:35px;--awb-caption-title-size:var(--h2_typography-font-size);--awb-caption-title-transform:var(--h2_typography-text-transform);--awb-caption-title-line-height:var(--h2_typography-line-height);--awb-caption-title-letter-spacing:var(--h2_typography-letter-spacing);\"><span class=\" fusion-imageframe imageframe-none imageframe-23 hover-type-none has-aspect-ratio\"><img decoding=\"async\" width=\"460\" height=\"470\" title=\"Maite\" src=\"https:\/\/downlleida.org\/wp-content\/uploads\/2023\/03\/Maite.jpg\" data-orig-src=\"https:\/\/downlleida.org\/wp-content\/uploads\/2023\/03\/Maite.jpg\" class=\"lazyload img-responsive wp-image-2949 img-with-aspect-ratio\" alt srcset=\"data:image\/svg+xml,%3Csvg%20xmlns%3D%27http%3A%2F%2Fwww.w3.org%2F2000%2Fsvg%27%20width%3D%27460%27%20height%3D%27470%27%20viewBox%3D%270%200%20460%20470%27%3E%3Crect%20width%3D%27460%27%20height%3D%27470%27%20fill-opacity%3D%220%22%2F%3E%3C%2Fsvg%3E\" data-srcset=\"https:\/\/downlleida.org\/wp-content\/uploads\/2023\/03\/Maite-200x204.jpg 200w, https:\/\/downlleida.org\/wp-content\/uploads\/2023\/03\/Maite-400x409.jpg 400w, https:\/\/downlleida.org\/wp-content\/uploads\/2023\/03\/Maite.jpg 460w\" data-sizes=\"auto\" data-orig-sizes=\"(max-width: 700px) 100vw, 400px\" \/><\/span><\/div><div class=\"fusion-title title fusion-title-28 fusion-sep-none fusion-title-center fusion-title-text fusion-title-size-three\" style=\"--awb-text-color:var(--awb-color1);--awb-margin-top:0px;--awb-margin-bottom:5px;--awb-font-size:25px;\"><h3 class=\"title-heading-center\" style=\"margin:0;font-size:1em;\">Maite Teixid\u00f3<\/h3><\/div><div class=\"fusion-text fusion-text-30 fusion-text-no-margin\" style=\"--awb-content-alignment:center;--awb-font-size:var(--awb-typography5-font-size);--awb-line-height:var(--awb-typography5-line-height);--awb-letter-spacing:var(--awb-typography5-letter-spacing);--awb-text-transform:var(--awb-typography5-text-transform);--awb-text-color:var(--awb-color4);--awb-text-font-family:var(--awb-typography5-font-family);--awb-text-font-weight:var(--awb-typography5-font-weight);--awb-text-font-style:var(--awb-typography5-font-style);\"><p><span style=\"vertical-align: inherit;\"><span style=\"vertical-align: inherit;\">\u00c1rea de inserci\u00f3n sociolaboral. \u00c1rea de formaci\u00f3n continua. Desde 2008. Ciclo Formativo de Grado Superior en Integraci\u00f3n Social. Ciclo Formativo de Grado Superior en Administraci\u00f3n. <\/span><\/span><br \/>\n<a href=\"mailto:laboral@downlleida.org\"><span style=\"vertical-align: inherit;\"><span style=\"vertical-align: inherit;\">Email de contacto<\/span><\/span><\/a><\/p>\n<\/div><\/div><\/div><div class=\"fusion-layout-column fusion_builder_column fusion-builder-column-33 fusion_builder_column_1_5 1_5 fusion-flex-column fusion-animated\" style=\"--awb-bg-size:cover;--awb-width-large:20%;--awb-margin-top-large:0px;--awb-spacing-right-large:20px;--awb-margin-bottom-large:70px;--awb-spacing-left-large:20px;--awb-width-medium:20%;--awb-order-medium:0;--awb-spacing-right-medium:20px;--awb-spacing-left-medium:20px;--awb-width-small:100%;--awb-order-small:0;--awb-spacing-right-small:60px;--awb-margin-bottom-small:55px;--awb-spacing-left-small:60px;--awb-animation-color:hsla(var(--awb-color7-h),var(--awb-color7-s),calc(var(--awb-color7-l) + 5%),var(--awb-color7-a));\" data-animationType=\"revealInLeft\" data-animationDuration=\"1.3\" data-animationOffset=\"top-into-view\"><div class=\"fusion-column-wrapper fusion-column-has-shadow fusion-flex-justify-content-flex-start fusion-content-layout-column\"><div class=\"fusion-image-element \" style=\"text-align:center;--awb-aspect-ratio: 100 \/ 90;--awb-margin-bottom:35px;--awb-caption-title-size:var(--h2_typography-font-size);--awb-caption-title-transform:var(--h2_typography-text-transform);--awb-caption-title-line-height:var(--h2_typography-line-height);--awb-caption-title-letter-spacing:var(--h2_typography-letter-spacing);\"><span class=\" fusion-imageframe imageframe-none imageframe-24 hover-type-none has-aspect-ratio\"><img decoding=\"async\" width=\"460\" height=\"470\" title=\"Judit\" src=\"https:\/\/downlleida.org\/wp-content\/uploads\/2023\/03\/Judit.jpg\" data-orig-src=\"https:\/\/downlleida.org\/wp-content\/uploads\/2023\/03\/Judit.jpg\" class=\"lazyload img-responsive wp-image-2950 img-with-aspect-ratio\" alt srcset=\"data:image\/svg+xml,%3Csvg%20xmlns%3D%27http%3A%2F%2Fwww.w3.org%2F2000%2Fsvg%27%20width%3D%27460%27%20height%3D%27470%27%20viewBox%3D%270%200%20460%20470%27%3E%3Crect%20width%3D%27460%27%20height%3D%27470%27%20fill-opacity%3D%220%22%2F%3E%3C%2Fsvg%3E\" data-srcset=\"https:\/\/downlleida.org\/wp-content\/uploads\/2023\/03\/Judit-200x204.jpg 200w, https:\/\/downlleida.org\/wp-content\/uploads\/2023\/03\/Judit-400x409.jpg 400w, https:\/\/downlleida.org\/wp-content\/uploads\/2023\/03\/Judit.jpg 460w\" data-sizes=\"auto\" data-orig-sizes=\"(max-width: 700px) 100vw, 400px\" \/><\/span><\/div><div class=\"fusion-title title fusion-title-29 fusion-sep-none fusion-title-center fusion-title-text fusion-title-size-three\" style=\"--awb-text-color:var(--awb-color1);--awb-margin-top:0px;--awb-margin-bottom:5px;--awb-font-size:25px;\"><h3 class=\"title-heading-center\" style=\"margin:0;font-size:1em;\">Judit Brufau<\/h3><\/div><div class=\"fusion-text fusion-text-31 fusion-text-no-margin\" style=\"--awb-content-alignment:center;--awb-font-size:var(--awb-typography5-font-size);--awb-line-height:var(--awb-typography5-line-height);--awb-letter-spacing:var(--awb-typography5-letter-spacing);--awb-text-transform:var(--awb-typography5-text-transform);--awb-text-color:var(--awb-color4);--awb-text-font-family:var(--awb-typography5-font-family);--awb-text-font-weight:var(--awb-typography5-font-weight);--awb-text-font-style:var(--awb-typography5-font-style);\"><p><span style=\"vertical-align: inherit;\"><span style=\"vertical-align: inherit;\">\u00c1rea de soporte educativo. Desde 2019. Diplomada en Logopedia y en Magisterio de Educaci\u00f3n Especial. Postgrado en Atenci\u00f3n Precoz. <\/span><\/span><br \/>\n<a href=\"mailto:logopedia@downlleida.org\"><span style=\"vertical-align: inherit;\"><span style=\"vertical-align: inherit;\">Email de contacto<\/span><\/span><\/a><\/p>\n<\/div><\/div><\/div><div class=\"fusion-layout-column fusion_builder_column fusion-builder-column-34 fusion_builder_column_1_5 1_5 fusion-flex-column fusion-animated\" style=\"--awb-bg-size:cover;--awb-width-large:20%;--awb-margin-top-large:0px;--awb-spacing-right-large:20px;--awb-margin-bottom-large:70px;--awb-spacing-left-large:20px;--awb-width-medium:20%;--awb-order-medium:0;--awb-spacing-right-medium:20px;--awb-spacing-left-medium:20px;--awb-width-small:100%;--awb-order-small:0;--awb-spacing-right-small:60px;--awb-margin-bottom-small:55px;--awb-spacing-left-small:60px;--awb-animation-color:hsla(var(--awb-color7-h),var(--awb-color7-s),calc(var(--awb-color7-l) + 5%),var(--awb-color7-a));\" data-animationType=\"revealInLeft\" data-animationDuration=\"1.3\" data-animationOffset=\"top-into-view\"><div class=\"fusion-column-wrapper fusion-column-has-shadow fusion-flex-justify-content-flex-start fusion-content-layout-column\"><div class=\"fusion-image-element \" style=\"text-align:center;--awb-aspect-ratio: 100 \/ 90;--awb-object-position:30% 49%;--awb-margin-bottom:35px;--awb-caption-title-size:var(--h2_typography-font-size);--awb-caption-title-transform:var(--h2_typography-text-transform);--awb-caption-title-line-height:var(--h2_typography-line-height);--awb-caption-title-letter-spacing:var(--h2_typography-letter-spacing);\"><span class=\" fusion-imageframe imageframe-none imageframe-25 hover-type-none has-aspect-ratio\"><img decoding=\"async\" width=\"294\" height=\"300\" title=\"David\" src=\"https:\/\/downlleida.org\/wp-content\/uploads\/2024\/05\/David.jpeg\" data-orig-src=\"https:\/\/downlleida.org\/wp-content\/uploads\/2024\/05\/David-294x300.jpeg\" class=\"lazyload img-responsive wp-image-4739 img-with-aspect-ratio\" alt srcset=\"data:image\/svg+xml,%3Csvg%20xmlns%3D%27http%3A%2F%2Fwww.w3.org%2F2000%2Fsvg%27%20width%3D%271566%27%20height%3D%271600%27%20viewBox%3D%270%200%201566%201600%27%3E%3Crect%20width%3D%271566%27%20height%3D%271600%27%20fill-opacity%3D%220%22%2F%3E%3C%2Fsvg%3E\" data-srcset=\"https:\/\/downlleida.org\/wp-content\/uploads\/2024\/05\/David-200x204.jpeg 200w, https:\/\/downlleida.org\/wp-content\/uploads\/2024\/05\/David-400x409.jpeg 400w, https:\/\/downlleida.org\/wp-content\/uploads\/2024\/05\/David-600x613.jpeg 600w, https:\/\/downlleida.org\/wp-content\/uploads\/2024\/05\/David-800x817.jpeg 800w, https:\/\/downlleida.org\/wp-content\/uploads\/2024\/05\/David-1200x1226.jpeg 1200w, https:\/\/downlleida.org\/wp-content\/uploads\/2024\/05\/David.jpeg 1566w\" data-sizes=\"auto\" data-orig-sizes=\"(max-width: 700px) 100vw, 400px\" \/><\/span><\/div><div class=\"fusion-title title fusion-title-30 fusion-sep-none fusion-title-center fusion-title-text fusion-title-size-three\" style=\"--awb-text-color:var(--awb-color1);--awb-margin-top:0px;--awb-margin-bottom:5px;--awb-font-size:25px;\"><h3 class=\"title-heading-center\" style=\"margin:0;font-size:1em;\">David Estefanell<\/h3><\/div><div class=\"fusion-text fusion-text-32 fusion-text-no-margin\" style=\"--awb-content-alignment:center;--awb-font-size:var(--awb-typography5-font-size);--awb-line-height:var(--awb-typography5-line-height);--awb-letter-spacing:var(--awb-typography5-letter-spacing);--awb-text-transform:var(--awb-typography5-text-transform);--awb-text-color:var(--awb-color4);--awb-text-font-family:var(--awb-typography5-font-family);--awb-text-font-weight:var(--awb-typography5-font-weight);--awb-text-font-style:var(--awb-typography5-font-style);\"><p>\u00c1rea de proyectos. Desde 2024. Graduado en ciencias pol\u00edticas y de la administraci\u00f3n. M\u00e1ster en administraci\u00f3n y gobierno electr\u00f3nico. Actualmente cursando el master universitario en Marketing digital.<br \/>\n<a href=\"mailto:projectes@downlleida.org\"><span style=\"vertical-align: inherit;\"><span style=\"vertical-align: inherit;\">Email de contacto<\/span><\/span><\/a><\/p>\n<\/div><\/div><\/div><div class=\"fusion-layout-column fusion_builder_column fusion-builder-column-35 fusion_builder_column_1_5 1_5 fusion-flex-column fusion-animated\" style=\"--awb-bg-size:cover;--awb-width-large:20%;--awb-margin-top-large:0px;--awb-spacing-right-large:20px;--awb-margin-bottom-large:70px;--awb-spacing-left-large:20px;--awb-width-medium:20%;--awb-order-medium:0;--awb-spacing-right-medium:20px;--awb-spacing-left-medium:20px;--awb-width-small:100%;--awb-order-small:0;--awb-spacing-right-small:60px;--awb-margin-bottom-small:55px;--awb-spacing-left-small:60px;--awb-animation-color:hsla(var(--awb-color7-h),var(--awb-color7-s),calc(var(--awb-color7-l) + 5%),var(--awb-color7-a));\" data-animationType=\"revealInLeft\" data-animationDuration=\"1.3\" data-animationOffset=\"top-into-view\"><div class=\"fusion-column-wrapper fusion-column-has-shadow fusion-flex-justify-content-flex-start fusion-content-layout-column\"><div class=\"fusion-image-element \" style=\"text-align:center;--awb-aspect-ratio: 100 \/ 90;--awb-object-position:28% 51%;--awb-margin-bottom:35px;--awb-caption-title-size:var(--h2_typography-font-size);--awb-caption-title-transform:var(--h2_typography-text-transform);--awb-caption-title-line-height:var(--h2_typography-line-height);--awb-caption-title-letter-spacing:var(--h2_typography-letter-spacing);\"><span class=\" fusion-imageframe imageframe-none imageframe-26 hover-type-none has-aspect-ratio\"><img decoding=\"async\" width=\"266\" height=\"300\" title=\"Noelia\" src=\"https:\/\/downlleida.org\/wp-content\/uploads\/2024\/05\/Noelia.jpeg\" data-orig-src=\"https:\/\/downlleida.org\/wp-content\/uploads\/2024\/05\/Noelia-266x300.jpeg\" class=\"lazyload img-responsive wp-image-4741 img-with-aspect-ratio\" alt srcset=\"data:image\/svg+xml,%3Csvg%20xmlns%3D%27http%3A%2F%2Fwww.w3.org%2F2000%2Fsvg%27%20width%3D%271816%27%20height%3D%272048%27%20viewBox%3D%270%200%201816%202048%27%3E%3Crect%20width%3D%271816%27%20height%3D%272048%27%20fill-opacity%3D%220%22%2F%3E%3C%2Fsvg%3E\" data-srcset=\"https:\/\/downlleida.org\/wp-content\/uploads\/2024\/05\/Noelia-200x226.jpeg 200w, https:\/\/downlleida.org\/wp-content\/uploads\/2024\/05\/Noelia-400x451.jpeg 400w, https:\/\/downlleida.org\/wp-content\/uploads\/2024\/05\/Noelia-600x677.jpeg 600w, https:\/\/downlleida.org\/wp-content\/uploads\/2024\/05\/Noelia-800x902.jpeg 800w, https:\/\/downlleida.org\/wp-content\/uploads\/2024\/05\/Noelia-1200x1353.jpeg 1200w, https:\/\/downlleida.org\/wp-content\/uploads\/2024\/05\/Noelia.jpeg 1816w\" data-sizes=\"auto\" data-orig-sizes=\"(max-width: 700px) 100vw, 400px\" \/><\/span><\/div><div class=\"fusion-title title fusion-title-31 fusion-sep-none fusion-title-center fusion-title-text fusion-title-size-three\" style=\"--awb-text-color:var(--awb-color1);--awb-margin-top:0px;--awb-margin-bottom:5px;--awb-font-size:25px;\"><h3 class=\"title-heading-center\" style=\"margin:0;font-size:1em;\">Noelia Avenda\u00f1o<\/h3><\/div><div class=\"fusion-text fusion-text-33 fusion-text-no-margin\" style=\"--awb-content-alignment:center;--awb-font-size:var(--awb-typography5-font-size);--awb-line-height:var(--awb-typography5-line-height);--awb-letter-spacing:var(--awb-typography5-letter-spacing);--awb-text-transform:var(--awb-typography5-text-transform);--awb-text-color:var(--awb-color4);--awb-text-font-family:var(--awb-typography5-font-family);--awb-text-font-weight:var(--awb-typography5-font-weight);--awb-text-font-style:var(--awb-typography5-font-style);\"><p>\u00c1rea de inserci\u00f3n sociolaboral. \u00c1rea de formaci\u00f3n continua. Desde 2024. Ciclo Formativo de Grado Superior en Integraci\u00f3n Social. Ciclo Formativo de Grado Superior en Educaci\u00f3n Infantil.<br \/>\n<a href=\"mailto:laboral2@downlleida.org\"><span style=\"vertical-align: inherit;\"><span style=\"vertical-align: inherit;\">Email de contacto<\/span><\/span><\/a><\/p>\n<\/div><\/div><\/div><div class=\"fusion-layout-column fusion_builder_column fusion-builder-column-36 fusion_builder_column_1_5 1_5 fusion-flex-column fusion-animated\" style=\"--awb-bg-size:cover;--awb-width-large:20%;--awb-margin-top-large:0px;--awb-spacing-right-large:20px;--awb-margin-bottom-large:70px;--awb-spacing-left-large:20px;--awb-width-medium:20%;--awb-order-medium:0;--awb-spacing-right-medium:20px;--awb-spacing-left-medium:20px;--awb-width-small:100%;--awb-order-small:0;--awb-spacing-right-small:60px;--awb-margin-bottom-small:55px;--awb-spacing-left-small:60px;--awb-animation-color:hsla(var(--awb-color7-h),var(--awb-color7-s),calc(var(--awb-color7-l) + 5%),var(--awb-color7-a));\" data-animationType=\"revealInLeft\" data-animationDuration=\"1.3\" data-animationOffset=\"top-into-view\"><div class=\"fusion-column-wrapper fusion-column-has-shadow fusion-flex-justify-content-flex-start fusion-content-layout-column\"><div class=\"fusion-image-element \" style=\"text-align:center;--awb-aspect-ratio: 100 \/ 90;--awb-margin-bottom:35px;--awb-caption-title-size:var(--h2_typography-font-size);--awb-caption-title-transform:var(--h2_typography-text-transform);--awb-caption-title-line-height:var(--h2_typography-line-height);--awb-caption-title-letter-spacing:var(--h2_typography-letter-spacing);\"><span class=\" fusion-imageframe imageframe-none imageframe-27 hover-type-none has-aspect-ratio\"><img decoding=\"async\" width=\"460\" height=\"470\" title=\"Pol\" src=\"https:\/\/downlleida.org\/wp-content\/uploads\/2024\/01\/Pol.jpeg\" data-orig-src=\"https:\/\/downlleida.org\/wp-content\/uploads\/2024\/01\/Pol.jpeg\" class=\"lazyload img-responsive wp-image-4542 img-with-aspect-ratio\" alt srcset=\"data:image\/svg+xml,%3Csvg%20xmlns%3D%27http%3A%2F%2Fwww.w3.org%2F2000%2Fsvg%27%20width%3D%27460%27%20height%3D%27470%27%20viewBox%3D%270%200%20460%20470%27%3E%3Crect%20width%3D%27460%27%20height%3D%27470%27%20fill-opacity%3D%220%22%2F%3E%3C%2Fsvg%3E\" data-srcset=\"https:\/\/downlleida.org\/wp-content\/uploads\/2024\/01\/Pol-200x204.jpeg 200w, https:\/\/downlleida.org\/wp-content\/uploads\/2024\/01\/Pol-400x409.jpeg 400w, https:\/\/downlleida.org\/wp-content\/uploads\/2024\/01\/Pol.jpeg 460w\" data-sizes=\"auto\" data-orig-sizes=\"(max-width: 700px) 100vw, 400px\" \/><\/span><\/div><div class=\"fusion-title title fusion-title-32 fusion-sep-none fusion-title-center fusion-title-text fusion-title-size-three\" style=\"--awb-text-color:var(--awb-color1);--awb-margin-top:0px;--awb-margin-bottom:5px;--awb-font-size:25px;\"><h3 class=\"title-heading-center\" style=\"margin:0;font-size:1em;\">Pol Montanyola<\/h3><\/div><div class=\"fusion-text fusion-text-34 fusion-text-no-margin\" style=\"--awb-content-alignment:center;--awb-font-size:var(--awb-typography5-font-size);--awb-line-height:var(--awb-typography5-line-height);--awb-letter-spacing:var(--awb-typography5-letter-spacing);--awb-text-transform:var(--awb-typography5-text-transform);--awb-text-color:var(--awb-color4);--awb-text-font-family:var(--awb-typography5-font-family);--awb-text-font-weight:var(--awb-typography5-font-weight);--awb-text-font-style:var(--awb-typography5-font-style);\"><p><span style=\"vertical-align: inherit;\"><span style=\"vertical-align: inherit;\">\u00c1rea deportiva. \u00c1rea de ocio y voluntariado. Desde 2022. CFGM Atenci\u00f3n a las personas en situaci\u00f3n de dependencia y actualmente cursando CFGS de integraci\u00f3n social.<\/span><\/span><\/p>\n<\/div><\/div><\/div><div class=\"fusion-layout-column fusion_builder_column fusion-builder-column-37 fusion_builder_column_1_5 1_5 fusion-flex-column fusion-animated\" style=\"--awb-bg-size:cover;--awb-width-large:20%;--awb-margin-top-large:0px;--awb-spacing-right-large:20px;--awb-margin-bottom-large:70px;--awb-spacing-left-large:20px;--awb-width-medium:20%;--awb-order-medium:0;--awb-spacing-right-medium:20px;--awb-spacing-left-medium:20px;--awb-width-small:100%;--awb-order-small:0;--awb-spacing-right-small:60px;--awb-margin-bottom-small:55px;--awb-spacing-left-small:60px;--awb-animation-color:hsla(var(--awb-color7-h),var(--awb-color7-s),calc(var(--awb-color7-l) + 5%),var(--awb-color7-a));\" data-animationType=\"revealInLeft\" data-animationDuration=\"1.3\" data-animationOffset=\"top-into-view\"><div class=\"fusion-column-wrapper fusion-column-has-shadow fusion-flex-justify-content-flex-start fusion-content-layout-column\"><div class=\"fusion-image-element \" style=\"text-align:center;--awb-aspect-ratio: 100 \/ 90;--awb-margin-bottom:35px;--awb-caption-title-size:var(--h2_typography-font-size);--awb-caption-title-transform:var(--h2_typography-text-transform);--awb-caption-title-line-height:var(--h2_typography-line-height);--awb-caption-title-letter-spacing:var(--h2_typography-letter-spacing);\"><span class=\" fusion-imageframe imageframe-none imageframe-28 hover-type-none has-aspect-ratio\"><img decoding=\"async\" width=\"460\" height=\"470\" title=\"Blau-Moreno\" src=\"https:\/\/downlleida.org\/wp-content\/uploads\/2024\/01\/Blau-Moreno.jpeg\" data-orig-src=\"https:\/\/downlleida.org\/wp-content\/uploads\/2024\/01\/Blau-Moreno.jpeg\" class=\"lazyload img-responsive wp-image-4534 img-with-aspect-ratio\" alt srcset=\"data:image\/svg+xml,%3Csvg%20xmlns%3D%27http%3A%2F%2Fwww.w3.org%2F2000%2Fsvg%27%20width%3D%27460%27%20height%3D%27470%27%20viewBox%3D%270%200%20460%20470%27%3E%3Crect%20width%3D%27460%27%20height%3D%27470%27%20fill-opacity%3D%220%22%2F%3E%3C%2Fsvg%3E\" data-srcset=\"https:\/\/downlleida.org\/wp-content\/uploads\/2024\/01\/Blau-Moreno-200x204.jpeg 200w, https:\/\/downlleida.org\/wp-content\/uploads\/2024\/01\/Blau-Moreno-400x409.jpeg 400w, https:\/\/downlleida.org\/wp-content\/uploads\/2024\/01\/Blau-Moreno.jpeg 460w\" data-sizes=\"auto\" data-orig-sizes=\"(max-width: 700px) 100vw, 400px\" \/><\/span><\/div><div class=\"fusion-title title fusion-title-33 fusion-sep-none fusion-title-center fusion-title-text fusion-title-size-three\" style=\"--awb-text-color:var(--awb-color1);--awb-margin-top:0px;--awb-margin-bottom:5px;--awb-font-size:25px;\"><h3 class=\"title-heading-center\" style=\"margin:0;font-size:1em;\">Blau Moreno<\/h3><\/div><div class=\"fusion-text fusion-text-35 fusion-text-no-margin\" style=\"--awb-content-alignment:center;--awb-font-size:var(--awb-typography5-font-size);--awb-line-height:var(--awb-typography5-line-height);--awb-letter-spacing:var(--awb-typography5-letter-spacing);--awb-text-transform:var(--awb-typography5-text-transform);--awb-text-color:var(--awb-color4);--awb-text-font-family:var(--awb-typography5-font-family);--awb-text-font-weight:var(--awb-typography5-font-weight);--awb-text-font-style:var(--awb-typography5-font-style);\"><p><span style=\"vertical-align: inherit;\"><span style=\"vertical-align: inherit;\">\u00c1rea deportiva. Desde 2023. CFGS de Ense\u00f1anza y animaci\u00f3n socio-deportiva y t\u00e9cnica en conducci\u00f3n de actividades f\u00edsico-deportivas.<\/span><\/span><\/p>\n<\/div><\/div><\/div><div class=\"fusion-layout-column fusion_builder_column fusion-builder-column-38 fusion_builder_column_1_5 1_5 fusion-flex-column fusion-animated\" style=\"--awb-bg-size:cover;--awb-width-large:20%;--awb-margin-top-large:0px;--awb-spacing-right-large:20px;--awb-margin-bottom-large:70px;--awb-spacing-left-large:20px;--awb-width-medium:20%;--awb-order-medium:0;--awb-spacing-right-medium:20px;--awb-spacing-left-medium:20px;--awb-width-small:100%;--awb-order-small:0;--awb-spacing-right-small:60px;--awb-margin-bottom-small:55px;--awb-spacing-left-small:60px;--awb-animation-color:hsla(var(--awb-color7-h),var(--awb-color7-s),calc(var(--awb-color7-l) + 5%),var(--awb-color7-a));\" data-animationType=\"revealInLeft\" data-animationDuration=\"1.3\" data-animationOffset=\"top-into-view\"><div class=\"fusion-column-wrapper fusion-column-has-shadow fusion-flex-justify-content-flex-start fusion-content-layout-column\"><div class=\"fusion-image-element \" style=\"text-align:center;--awb-aspect-ratio: 100 \/ 90;--awb-object-position:27% 48%;--awb-margin-bottom:35px;--awb-caption-title-size:var(--h2_typography-font-size);--awb-caption-title-transform:var(--h2_typography-text-transform);--awb-caption-title-line-height:var(--h2_typography-line-height);--awb-caption-title-letter-spacing:var(--h2_typography-letter-spacing);\"><span class=\" fusion-imageframe imageframe-none imageframe-29 hover-type-none has-aspect-ratio\"><img decoding=\"async\" width=\"275\" height=\"300\" title=\"Carme F.\" src=\"https:\/\/downlleida.org\/wp-content\/uploads\/2024\/06\/Carme-F.jpeg\" data-orig-src=\"https:\/\/downlleida.org\/wp-content\/uploads\/2024\/06\/Carme-F-275x300.jpeg\" class=\"lazyload img-responsive wp-image-4805 img-with-aspect-ratio\" alt srcset=\"data:image\/svg+xml,%3Csvg%20xmlns%3D%27http%3A%2F%2Fwww.w3.org%2F2000%2Fsvg%27%20width%3D%271652%27%20height%3D%271804%27%20viewBox%3D%270%200%201652%201804%27%3E%3Crect%20width%3D%271652%27%20height%3D%271804%27%20fill-opacity%3D%220%22%2F%3E%3C%2Fsvg%3E\" data-srcset=\"https:\/\/downlleida.org\/wp-content\/uploads\/2024\/06\/Carme-F-200x218.jpeg 200w, https:\/\/downlleida.org\/wp-content\/uploads\/2024\/06\/Carme-F-400x437.jpeg 400w, https:\/\/downlleida.org\/wp-content\/uploads\/2024\/06\/Carme-F-600x655.jpeg 600w, https:\/\/downlleida.org\/wp-content\/uploads\/2024\/06\/Carme-F-800x874.jpeg 800w, https:\/\/downlleida.org\/wp-content\/uploads\/2024\/06\/Carme-F-1200x1310.jpeg 1200w, https:\/\/downlleida.org\/wp-content\/uploads\/2024\/06\/Carme-F.jpeg 1652w\" data-sizes=\"auto\" data-orig-sizes=\"(max-width: 700px) 100vw, 400px\" \/><\/span><\/div><div class=\"fusion-title title fusion-title-34 fusion-sep-none fusion-title-center fusion-title-text fusion-title-size-three\" style=\"--awb-text-color:var(--awb-color1);--awb-margin-top:0px;--awb-margin-bottom:5px;--awb-font-size:25px;\"><h3 class=\"title-heading-center\" style=\"margin:0;font-size:1em;\">Carme Faro<\/h3><\/div><div class=\"fusion-text fusion-text-36 fusion-text-no-margin\" style=\"--awb-content-alignment:center;--awb-font-size:var(--awb-typography5-font-size);--awb-line-height:var(--awb-typography5-line-height);--awb-letter-spacing:var(--awb-typography5-letter-spacing);--awb-text-transform:var(--awb-typography5-text-transform);--awb-text-color:var(--awb-color4);--awb-text-font-family:var(--awb-typography5-font-family);--awb-text-font-weight:var(--awb-typography5-font-weight);--awb-text-font-style:var(--awb-typography5-font-style);\"><p>\u00c1rea de servicios generales. Desde 2024. Auxiliar de Servicios Generales.<\/p>\n<\/div><\/div><\/div><div class=\"fusion-layout-column fusion_builder_column fusion-builder-column-39 fusion_builder_column_1_1 1_1 fusion-flex-column\" style=\"--awb-bg-size:cover;--awb-width-large:100%;--awb-margin-top-large:0px;--awb-spacing-right-large:60px;--awb-margin-bottom-large:0px;--awb-spacing-left-large:60px;--awb-width-medium:100%;--awb-order-medium:0;--awb-spacing-right-medium:60px;--awb-spacing-left-medium:60px;--awb-width-small:100%;--awb-order-small:0;--awb-spacing-right-small:60px;--awb-margin-bottom-small:0px;--awb-spacing-left-small:60px;\"><div class=\"fusion-column-wrapper fusion-column-has-shadow fusion-flex-justify-content-flex-start fusion-content-layout-column\"><div class=\"fusion-section-separator section-separator hills-opacity fusion-section-separator-2\" style=\"--awb-spacer-padding-top:inherit;--awb-svg-margin-left:60px;--awb-svg-margin-right:60px;--awb-svg-margin-left-medium:60px;--awb-svg-margin-right-medium:60px;--awb-svg-margin-left-small:60px;--awb-svg-margin-right-small:60px;--awb-divider-height:30px;--awb-spacer-height:30px;--awb-sep-font-size:0;--awb-sep-line-height:0;\"><div class=\"fusion-section-separator-svg\"><svg class=\"fusion-hills-opacity-candy\" fill=\"var(--awb-color1)\" xmlns=\"http:\/\/www.w3.org\/2000\/svg\" version=\"1.1\" width=\"100%\" viewBox=\"0 -0.5 1024 182\" preserveAspectRatio=\"none\" fill=\"rgba(255,255,255,1)\"><path class=\"st0\" d=\"M0 182.086h1024V41.593c-28.058-21.504-60.109-37.581-97.075-37.581-112.845 0-198.144 93.798-289.792 93.798S437.658 6.777 351.846 6.777s-142.234 82.125-238.49 82.125c-63.078 0-75.776-31.744-113.357-53.658L0 182.086z\"\/>\n\t\t\t\t\t\t\t\t\t<path class=\"st1\" d=\"M1024 181.062v-75.878c-39.731 15.872-80.794 27.341-117.658 25.805-110.387-4.506-191.795-109.773-325.53-116.224-109.158-5.12-344.166 120.115-429.466 166.298H1024v-.001z\"\/>\n\t\t\t\t\t\t\t\t\t<path class=\"st2\" d=\"M0 182.086h1024V90.028C966.451 59.103 907.059 16.3 824.115 15.071 690.278 13.023 665.19 102.93 482.099 102.93S202.138-1.62 74.24.019C46.49.326 21.811 4.217 0 9.849v172.237z\"\/>\n\t\t\t\t\t\t\t\t\t<path class=\"st3\" d=\"M0 182.086h1024V80.505c-37.171 19.558-80.691 35.328-139.571 36.25-151.142 2.355-141.619-28.57-298.496-29.184s-138.854 47.002-305.459 43.725C132.813 128.428 91.238 44.563 0 28.179v153.907z\"\/>\n\t\t\t\t\t\t\t\t\t<path class=\"st4\" d=\"M0 182.086h1024v-77.312c-49.05 20.07-120.525 42.394-193.229 42.086-128.922-.512-159.846-72.294-255.795-72.294-89.088 0-134.656 80.179-245.043 82.022S169.063 99.346 49.971 97.401C32.768 97.094 16.077 99.244 0 103.135v78.951z\"\/>\n\t\t\t\t\t\t\t\t<\/svg><\/div><div class=\"fusion-section-separator-spacer\"><div class=\"fusion-section-separator-spacer-height\"><\/div><\/div><\/div><\/div><\/div><\/div><\/div><\/div><div id=\"premios\" class=\"fusion-container-anchor\"><div class=\"fusion-fullwidth fullwidth-box fusion-builder-row-7 fusion-flex-container has-pattern-background has-mask-background nonhundred-percent-fullwidth non-hundred-percent-height-scrolling\" style=\"--awb-border-radius-top-left:0px;--awb-border-radius-top-right:0px;--awb-border-radius-bottom-right:0px;--awb-border-radius-bottom-left:0px;--awb-padding-top:130px;--awb-padding-bottom:0px;--awb-padding-top-medium:90px;--awb-padding-bottom-medium:90px;--awb-padding-bottom-small:0px;\" id=\"faq\" ><div class=\"fusion-builder-row fusion-row fusion-flex-align-items-flex-start\" style=\"max-width:1248px;margin-left: calc(-4% \/ 2 );margin-right: calc(-4% \/ 2 );\"><div class=\"fusion-layout-column fusion_builder_column fusion-builder-column-40 fusion_builder_column_1_1 1_1 fusion-flex-column fusion-flex-align-self-flex-start fusion-column-no-min-height fusion-animated\" style=\"--awb-padding-right-medium:0px;--awb-padding-left-medium:0px;--awb-bg-blend:overlay;--awb-bg-size:cover;--awb-width-large:100%;--awb-margin-top-large:0px;--awb-spacing-right-large:7.68%;--awb-margin-bottom-large:0px;--awb-spacing-left-large:1.92%;--awb-width-medium:50%;--awb-order-medium:0;--awb-spacing-right-medium:15.36%;--awb-margin-bottom-medium:49px;--awb-spacing-left-medium:3.84%;--awb-width-small:100%;--awb-order-small:0;--awb-spacing-right-small:1.92%;--awb-margin-bottom-small:40px;--awb-spacing-left-small:1.92%;\" data-animationType=\"fadeIn\" data-animationDuration=\"0.8\" data-animationOffset=\"top-into-view\"><div class=\"fusion-column-wrapper fusion-column-has-shadow fusion-flex-justify-content-flex-start fusion-content-layout-column\"><div class=\"fusion-title title fusion-title-35 fusion-sep-none fusion-title-text fusion-title-size-three\" style=\"--awb-margin-bottom:40px;\"><h3 class=\"title-heading-left\" style=\"margin:0;\">Reconocimientos<\/h3><\/div><\/div><\/div><div class=\"fusion-layout-column fusion_builder_column fusion-builder-column-41 fusion_builder_column_1_1 1_1 fusion-flex-column\" style=\"--awb-bg-size:cover;--awb-width-large:100%;--awb-margin-top-large:0px;--awb-spacing-right-large:1.92%;--awb-margin-bottom-large:50px;--awb-spacing-left-large:60px;--awb-width-medium:50%;--awb-order-medium:0;--awb-spacing-right-medium:3.84%;--awb-spacing-left-medium:60px;--awb-width-small:100%;--awb-order-small:0;--awb-spacing-right-small:1.92%;--awb-spacing-left-small:1.92%;\"><div class=\"fusion-column-wrapper fusion-column-has-shadow fusion-flex-justify-content-flex-start fusion-content-layout-column\"><div class=\"accordian fusion-accordian\" style=\"--awb-border-size:1px;--awb-icon-size:16px;--awb-content-font-size:var(--awb-typography4-font-size);--awb-icon-alignment:left;--awb-hover-color:var(--awb-color6);--awb-border-color:var(--awb-color3);--awb-background-color:var(--awb-color1);--awb-divider-color:var(--awb-color3);--awb-divider-hover-color:var(--awb-color3);--awb-icon-color:var(--awb-color1);--awb-title-color:var(--awb-color8);--awb-content-color:var(--awb-color8);--awb-icon-box-color:var(--awb-color8);--awb-toggle-hover-accent-color:var(--awb-color5);--awb-toggle-active-accent-color:var(--awb-color4);--awb-title-font-family:var(--awb-typography1-font-family);--awb-title-font-weight:var(--awb-typography1-font-weight);--awb-title-font-style:var(--awb-typography1-font-style);--awb-title-font-size:24px;--awb-title-letter-spacing:var(--awb-typography1-letter-spacing);--awb-title-line-height:var(--awb-typography1-line-height);--awb-content-font-family:var(--awb-typography4-font-family);--awb-content-font-weight:var(--awb-typography4-font-weight);--awb-content-font-style:var(--awb-typography4-font-style);\"><div class=\"panel-group fusion-toggle-icon-boxed\" id=\"accordion-3153-1\"><div class=\"fusion-panel panel-default panel-7cbb43fdb10b4b954 fusion-toggle-has-divider\" style=\"--awb-title-color:var(--awb-color8);\"><div class=\"panel-heading\"><h4 class=\"panel-title toggle\" id=\"toggle_7cbb43fdb10b4b954\"><a aria-expanded=\"false\" aria-controls=\"7cbb43fdb10b4b954\" role=\"button\" data-toggle=\"collapse\" data-parent=\"#accordion-3153-1\" data-target=\"#7cbb43fdb10b4b954\" href=\"#7cbb43fdb10b4b954\"><span class=\"fusion-toggle-icon-wrapper\" aria-hidden=\"true\"><i class=\"fa-fusion-box active-icon awb-icon-minus\" aria-hidden=\"true\"><\/i><i class=\"fa-fusion-box inactive-icon awb-icon-plus\" aria-hidden=\"true\"><\/i><\/span><span class=\"fusion-toggle-heading\">Premios 2024<\/span><\/a><\/h4><\/div><div id=\"7cbb43fdb10b4b954\" class=\"panel-collapse collapse \" araia-labelledby=\"toggle_7cbb43fdb10b4b954\"><div class=\"panel-body toggle-content fusion-clearfix\">\n<ul>\n<li>VI Premis Inclusius de l&#8217;Esport Catal\u00e0.<\/li>\n<\/ul>\n<\/div><\/div><\/div><div class=\"fusion-panel panel-default panel-18810ece99012f434 fusion-toggle-has-divider\" style=\"--awb-title-color:var(--awb-color8);\"><div class=\"panel-heading\"><h4 class=\"panel-title toggle\" id=\"toggle_18810ece99012f434\"><a aria-expanded=\"false\" aria-controls=\"18810ece99012f434\" role=\"button\" data-toggle=\"collapse\" data-parent=\"#accordion-3153-1\" data-target=\"#18810ece99012f434\" href=\"#18810ece99012f434\"><span class=\"fusion-toggle-icon-wrapper\" aria-hidden=\"true\"><i class=\"fa-fusion-box active-icon awb-icon-minus\" aria-hidden=\"true\"><\/i><i class=\"fa-fusion-box inactive-icon awb-icon-plus\" aria-hidden=\"true\"><\/i><\/span><span class=\"fusion-toggle-heading\">Premios 2023<\/span><\/a><\/h4><\/div><div id=\"18810ece99012f434\" class=\"panel-collapse collapse \" araia-labelledby=\"toggle_18810ece99012f434\"><div class=\"panel-body toggle-content fusion-clearfix\">\n<ul>\n<li>Placa en la Solidaridad del Ayuntamiento de Lleida.\u00a0<\/li>\n<\/ul>\n<p><img decoding=\"async\" class=\"lazyload alignnone size-full wp-image-5305\" src=\"https:\/\/downlleida.org\/wp-content\/uploads\/2025\/09\/placa-solidaritat-ajuntament-lleida-600x400-1.jpg\" data-orig-src=\"https:\/\/downlleida.org\/wp-content\/uploads\/2025\/09\/placa-solidaritat-ajuntament-lleida-600x400-1.jpg\" alt=\"\" width=\"600\" height=\"400\" srcset=\"data:image\/svg+xml,%3Csvg%20xmlns%3D%27http%3A%2F%2Fwww.w3.org%2F2000%2Fsvg%27%20width%3D%27600%27%20height%3D%27400%27%20viewBox%3D%270%200%20600%20400%27%3E%3Crect%20width%3D%27600%27%20height%3D%27400%27%20fill-opacity%3D%220%22%2F%3E%3C%2Fsvg%3E\" data-srcset=\"https:\/\/downlleida.org\/wp-content\/uploads\/2025\/09\/placa-solidaritat-ajuntament-lleida-600x400-1-200x133.jpg 200w, https:\/\/downlleida.org\/wp-content\/uploads\/2025\/09\/placa-solidaritat-ajuntament-lleida-600x400-1-300x200.jpg 300w, https:\/\/downlleida.org\/wp-content\/uploads\/2025\/09\/placa-solidaritat-ajuntament-lleida-600x400-1-400x267.jpg 400w, https:\/\/downlleida.org\/wp-content\/uploads\/2025\/09\/placa-solidaritat-ajuntament-lleida-600x400-1.jpg 600w\" data-sizes=\"auto\" data-orig-sizes=\"(max-width: 600px) 100vw, 600px\" \/><\/p>\n<ul>\n<li>Medalla de honor del Grupo Cultural Garrigues.<\/li>\n<\/ul>\n<p><img decoding=\"async\" class=\"lazyload alignnone size-full wp-image-5307\" src=\"https:\/\/downlleida.org\/wp-content\/uploads\/2025\/09\/medalla-honor-grup-cultural-arrigues-600x450-1.jpeg\" data-orig-src=\"https:\/\/downlleida.org\/wp-content\/uploads\/2025\/09\/medalla-honor-grup-cultural-arrigues-600x450-1.jpeg\" alt=\"\" width=\"600\" height=\"450\" srcset=\"data:image\/svg+xml,%3Csvg%20xmlns%3D%27http%3A%2F%2Fwww.w3.org%2F2000%2Fsvg%27%20width%3D%27600%27%20height%3D%27450%27%20viewBox%3D%270%200%20600%20450%27%3E%3Crect%20width%3D%27600%27%20height%3D%27450%27%20fill-opacity%3D%220%22%2F%3E%3C%2Fsvg%3E\" data-srcset=\"https:\/\/downlleida.org\/wp-content\/uploads\/2025\/09\/medalla-honor-grup-cultural-arrigues-600x450-1-200x150.jpeg 200w, https:\/\/downlleida.org\/wp-content\/uploads\/2025\/09\/medalla-honor-grup-cultural-arrigues-600x450-1-300x225.jpeg 300w, https:\/\/downlleida.org\/wp-content\/uploads\/2025\/09\/medalla-honor-grup-cultural-arrigues-600x450-1-400x300.jpeg 400w, https:\/\/downlleida.org\/wp-content\/uploads\/2025\/09\/medalla-honor-grup-cultural-arrigues-600x450-1.jpeg 600w\" data-sizes=\"auto\" data-orig-sizes=\"(max-width: 600px) 100vw, 600px\" \/><\/p>\n<\/div><\/div><\/div><div class=\"fusion-panel panel-default panel-4e9274b8ddca9db27 fusion-toggle-has-divider\" style=\"--awb-title-color:var(--awb-color8);\"><div class=\"panel-heading\"><h4 class=\"panel-title toggle\" id=\"toggle_4e9274b8ddca9db27\"><a aria-expanded=\"false\" aria-controls=\"4e9274b8ddca9db27\" role=\"button\" data-toggle=\"collapse\" data-parent=\"#accordion-3153-1\" data-target=\"#4e9274b8ddca9db27\" href=\"#4e9274b8ddca9db27\"><span class=\"fusion-toggle-icon-wrapper\" aria-hidden=\"true\"><i class=\"fa-fusion-box active-icon awb-icon-minus\" aria-hidden=\"true\"><\/i><i class=\"fa-fusion-box inactive-icon awb-icon-plus\" aria-hidden=\"true\"><\/i><\/span><span class=\"fusion-toggle-heading\">Premios 2021<\/span><\/a><\/h4><\/div><div id=\"4e9274b8ddca9db27\" class=\"panel-collapse collapse \" araia-labelledby=\"toggle_4e9274b8ddca9db27\"><div class=\"panel-body toggle-content fusion-clearfix\">\n<ul>\n<li>Premios del Asociacionismo Juvenil del Consejo Nacional de la Juventud de Catalunya.<\/li>\n<\/ul>\n<\/div><\/div><\/div><div class=\"fusion-panel panel-default panel-5c8b6fab3f0ff1042 fusion-toggle-has-divider\" style=\"--awb-title-color:var(--awb-color8);\"><div class=\"panel-heading\"><h4 class=\"panel-title toggle\" id=\"toggle_5c8b6fab3f0ff1042\"><a aria-expanded=\"false\" aria-controls=\"5c8b6fab3f0ff1042\" role=\"button\" data-toggle=\"collapse\" data-parent=\"#accordion-3153-1\" data-target=\"#5c8b6fab3f0ff1042\" href=\"#5c8b6fab3f0ff1042\"><span class=\"fusion-toggle-icon-wrapper\" aria-hidden=\"true\"><i class=\"fa-fusion-box active-icon awb-icon-minus\" aria-hidden=\"true\"><\/i><i class=\"fa-fusion-box inactive-icon awb-icon-plus\" aria-hidden=\"true\"><\/i><\/span><span class=\"fusion-toggle-heading\">Premios 2019<\/span><\/a><\/h4><\/div><div id=\"5c8b6fab3f0ff1042\" class=\"panel-collapse collapse \" araia-labelledby=\"toggle_5c8b6fab3f0ff1042\"><div class=\"panel-body toggle-content fusion-clearfix\">\n<ul>\n<li>Premio Llu\u00eds Mart\u00ed al Valor Social<\/li>\n<li>Premio Gran Persona de los Armados de Lleida<\/li>\n<li>Medalla de la Paeria a la Solidaridad<\/li>\n<\/ul>\n<\/div><\/div><\/div><div class=\"fusion-panel panel-default panel-37894d955a494860d fusion-toggle-has-divider\"><div class=\"panel-heading\"><h4 class=\"panel-title toggle\" id=\"toggle_37894d955a494860d\"><a aria-expanded=\"false\" aria-controls=\"37894d955a494860d\" role=\"button\" data-toggle=\"collapse\" data-parent=\"#accordion-3153-1\" data-target=\"#37894d955a494860d\" href=\"#37894d955a494860d\"><span class=\"fusion-toggle-icon-wrapper\" aria-hidden=\"true\"><i class=\"fa-fusion-box active-icon awb-icon-minus\" aria-hidden=\"true\"><\/i><i class=\"fa-fusion-box inactive-icon awb-icon-plus\" aria-hidden=\"true\"><\/i><\/span><span class=\"fusion-toggle-heading\">Premios 2016<\/span><\/a><\/h4><\/div><div id=\"37894d955a494860d\" class=\"panel-collapse collapse \" araia-labelledby=\"toggle_37894d955a494860d\"><div class=\"panel-body toggle-content fusion-clearfix\">\n<ul>\n<li>XIII Premios Francesc Candel<\/li>\n<\/ul>\n<\/div><\/div><\/div><div class=\"fusion-panel panel-default panel-71aaa1811394d0e5c fusion-toggle-has-divider\"><div class=\"panel-heading\"><h4 class=\"panel-title toggle\" id=\"toggle_71aaa1811394d0e5c\"><a aria-expanded=\"false\" aria-controls=\"71aaa1811394d0e5c\" role=\"button\" data-toggle=\"collapse\" data-parent=\"#accordion-3153-1\" data-target=\"#71aaa1811394d0e5c\" href=\"#71aaa1811394d0e5c\"><span class=\"fusion-toggle-icon-wrapper\" aria-hidden=\"true\"><i class=\"fa-fusion-box active-icon awb-icon-minus\" aria-hidden=\"true\"><\/i><i class=\"fa-fusion-box inactive-icon awb-icon-plus\" aria-hidden=\"true\"><\/i><\/span><span class=\"fusion-toggle-heading\">Premios 2014<\/span><\/a><\/h4><\/div><div id=\"71aaa1811394d0e5c\" class=\"panel-collapse collapse \" araia-labelledby=\"toggle_71aaa1811394d0e5c\"><div class=\"panel-body toggle-content fusion-clearfix\">\n<ul>\n<li>Premio al voluntariado universitario de la Fundaci\u00f3n Mutua Madrile\u00f1a<\/li>\n<\/ul>\n<\/div><\/div><\/div><div class=\"fusion-panel panel-default panel-dad7f082decc03a3a fusion-toggle-has-divider\"><div class=\"panel-heading\"><h4 class=\"panel-title toggle\" id=\"toggle_dad7f082decc03a3a\"><a aria-expanded=\"false\" aria-controls=\"dad7f082decc03a3a\" role=\"button\" data-toggle=\"collapse\" data-parent=\"#accordion-3153-1\" data-target=\"#dad7f082decc03a3a\" href=\"#dad7f082decc03a3a\"><span class=\"fusion-toggle-icon-wrapper\" aria-hidden=\"true\"><i class=\"fa-fusion-box active-icon awb-icon-minus\" aria-hidden=\"true\"><\/i><i class=\"fa-fusion-box inactive-icon awb-icon-plus\" aria-hidden=\"true\"><\/i><\/span><span class=\"fusion-toggle-heading\">Premios 2013<\/span><\/a><\/h4><\/div><div id=\"dad7f082decc03a3a\" class=\"panel-collapse collapse \" araia-labelledby=\"toggle_dad7f082decc03a3a\"><div class=\"panel-body toggle-content fusion-clearfix\">\n<ul>\n<li>Programa J\u00f3venes: buena pr\u00e1ctica en el \u00e1mbito de la juventud (2013 hasta la actualidad)<\/li>\n<\/ul>\n<\/div><\/div><\/div><div class=\"fusion-panel panel-default panel-50dbecf3ba6ea8a25 fusion-toggle-has-divider\"><div class=\"panel-heading\"><h4 class=\"panel-title toggle\" id=\"toggle_50dbecf3ba6ea8a25\"><a aria-expanded=\"false\" aria-controls=\"50dbecf3ba6ea8a25\" role=\"button\" data-toggle=\"collapse\" data-parent=\"#accordion-3153-1\" data-target=\"#50dbecf3ba6ea8a25\" href=\"#50dbecf3ba6ea8a25\"><span class=\"fusion-toggle-icon-wrapper\" aria-hidden=\"true\"><i class=\"fa-fusion-box active-icon awb-icon-minus\" aria-hidden=\"true\"><\/i><i class=\"fa-fusion-box inactive-icon awb-icon-plus\" aria-hidden=\"true\"><\/i><\/span><span class=\"fusion-toggle-heading\">Premios 2012<\/span><\/a><\/h4><\/div><div id=\"50dbecf3ba6ea8a25\" class=\"panel-collapse collapse \" araia-labelledby=\"toggle_50dbecf3ba6ea8a25\"><div class=\"panel-body toggle-content fusion-clearfix\">\n<ul>\n<li>Premio a la mejor entidad sin \u00e1nimo de lucro organizado por la Jove Cambra Internacional de Lleida<\/li>\n<li>Premio a la Entidad en apoyo a la Asociaci\u00f3n Antisida de Lleida<\/li>\n<\/ul>\n<\/div><\/div><\/div><div class=\"fusion-panel panel-default panel-1470a99960f21cd25 fusion-toggle-has-divider\"><div class=\"panel-heading\"><h4 class=\"panel-title toggle\" id=\"toggle_1470a99960f21cd25\"><a aria-expanded=\"false\" aria-controls=\"1470a99960f21cd25\" role=\"button\" data-toggle=\"collapse\" data-parent=\"#accordion-3153-1\" data-target=\"#1470a99960f21cd25\" href=\"#1470a99960f21cd25\"><span class=\"fusion-toggle-icon-wrapper\" aria-hidden=\"true\"><i class=\"fa-fusion-box active-icon awb-icon-minus\" aria-hidden=\"true\"><\/i><i class=\"fa-fusion-box inactive-icon awb-icon-plus\" aria-hidden=\"true\"><\/i><\/span><span class=\"fusion-toggle-heading\">Premios 2011<\/span><\/a><\/h4><\/div><div id=\"1470a99960f21cd25\" class=\"panel-collapse collapse \" araia-labelledby=\"toggle_1470a99960f21cd25\"><div class=\"panel-body toggle-content fusion-clearfix\">\n<ul>\n<li>Premio INJUVE, Instituto Nacional de Juventud<\/li>\n<li>Premio Som Lleida<\/li>\n<li>Premio CERMI, en la categor\u00eda de Voluntariado<\/li>\n<\/ul>\n<\/div><\/div><\/div><div class=\"fusion-panel panel-default panel-a4f3284449c2a4810 fusion-toggle-has-divider\"><div class=\"panel-heading\"><h4 class=\"panel-title toggle\" id=\"toggle_a4f3284449c2a4810\"><a aria-expanded=\"false\" aria-controls=\"a4f3284449c2a4810\" role=\"button\" data-toggle=\"collapse\" data-parent=\"#accordion-3153-1\" data-target=\"#a4f3284449c2a4810\" href=\"#a4f3284449c2a4810\"><span class=\"fusion-toggle-icon-wrapper\" aria-hidden=\"true\"><i class=\"fa-fusion-box active-icon awb-icon-minus\" aria-hidden=\"true\"><\/i><i class=\"fa-fusion-box inactive-icon awb-icon-plus\" aria-hidden=\"true\"><\/i><\/span><span class=\"fusion-toggle-heading\">Premios 2010<\/span><\/a><\/h4><\/div><div id=\"a4f3284449c2a4810\" class=\"panel-collapse collapse \" araia-labelledby=\"toggle_a4f3284449c2a4810\"><div class=\"panel-body toggle-content fusion-clearfix\">\n<ul>\n<li>Premio Baula &amp; Ayuntamiento de Lleida (compartido con Castellers de Lleida) como \u00abmejor entidad c\u00edvica\u00bb<\/li>\n<li>XVIII Premio Voluntariado de la Generalidad de Catalu\u00f1a a Down Lleida por el proyecto \u00abNuevos Voluntarios\u00bb<\/li>\n<li>Premio NAFENT de la Coordinaci\u00f3n Territorial de Juventud y GREC 2010 en Down Lleida<\/li>\n<li>Premio Funde en la Igualdad de oportunidades en el \u00e1mbito laboral. Proyecto Integra XXI<\/li>\n<\/ul>\n<\/div><\/div><\/div><div class=\"fusion-panel panel-default panel-4bd90d07fa0e8a323 fusion-toggle-has-divider\"><div class=\"panel-heading\"><h4 class=\"panel-title toggle\" id=\"toggle_4bd90d07fa0e8a323\"><a aria-expanded=\"false\" aria-controls=\"4bd90d07fa0e8a323\" role=\"button\" data-toggle=\"collapse\" data-parent=\"#accordion-3153-1\" data-target=\"#4bd90d07fa0e8a323\" href=\"#4bd90d07fa0e8a323\"><span class=\"fusion-toggle-icon-wrapper\" aria-hidden=\"true\"><i class=\"fa-fusion-box active-icon awb-icon-minus\" aria-hidden=\"true\"><\/i><i class=\"fa-fusion-box inactive-icon awb-icon-plus\" aria-hidden=\"true\"><\/i><\/span><span class=\"fusion-toggle-heading\">Premios 2009<\/span><\/a><\/h4><\/div><div id=\"4bd90d07fa0e8a323\" class=\"panel-collapse collapse \" araia-labelledby=\"toggle_4bd90d07fa0e8a323\"><div class=\"panel-body toggle-content fusion-clearfix\">\n<ul>\n<li>Premio ONCE a Down Lleida a la Solidaridad y la Superaci\u00f3n<\/li>\n<li>Premio de Imagen infantil y Juvenil organizado por TRAMA, Educaci\u00f3n, ABACUS, Ayuntamiento de Lleida, en el programa de apoyo a la ESO de Down Lleida. II Premio<\/li>\n<\/ul>\n<\/div><\/div><\/div><div class=\"fusion-panel panel-default panel-eda068002bce0096e fusion-toggle-has-divider\"><div class=\"panel-heading\"><h4 class=\"panel-title toggle\" id=\"toggle_eda068002bce0096e\"><a aria-expanded=\"false\" aria-controls=\"eda068002bce0096e\" role=\"button\" data-toggle=\"collapse\" data-parent=\"#accordion-3153-1\" data-target=\"#eda068002bce0096e\" href=\"#eda068002bce0096e\"><span class=\"fusion-toggle-icon-wrapper\" aria-hidden=\"true\"><i class=\"fa-fusion-box active-icon awb-icon-minus\" aria-hidden=\"true\"><\/i><i class=\"fa-fusion-box inactive-icon awb-icon-plus\" aria-hidden=\"true\"><\/i><\/span><span class=\"fusion-toggle-heading\">Premios 2008<\/span><\/a><\/h4><\/div><div id=\"eda068002bce0096e\" class=\"panel-collapse collapse \" araia-labelledby=\"toggle_eda068002bce0096e\"><div class=\"panel-body toggle-content fusion-clearfix\">\n<ul>\n<li>Premio de la Fundaci\u00f3n Jaume Bofill, Aprendizaje y Servicio<\/li>\n<li>Publicaci\u00f3n de \u00abNuevos Voluntarios\u00bb en \u00abEmprendimiento Social Juvenil 18 buenas pr\u00e1cticas\u00bb de la Fundaci\u00f3n Bertelsman<\/li>\n<li>1er Premio Jaume Ciurana a Acciones C\u00edvicas. Proyecto \u00abNuevos Voluntarios\u00bb<\/li>\n<\/ul>\n<\/div><\/div><\/div><div class=\"fusion-panel panel-default panel-d3fbcc7a66b59b8e6 fusion-toggle-has-divider\"><div class=\"panel-heading\"><h4 class=\"panel-title toggle\" id=\"toggle_d3fbcc7a66b59b8e6\"><a aria-expanded=\"false\" aria-controls=\"d3fbcc7a66b59b8e6\" role=\"button\" data-toggle=\"collapse\" data-parent=\"#accordion-3153-1\" data-target=\"#d3fbcc7a66b59b8e6\" href=\"#d3fbcc7a66b59b8e6\"><span class=\"fusion-toggle-icon-wrapper\" aria-hidden=\"true\"><i class=\"fa-fusion-box active-icon awb-icon-minus\" aria-hidden=\"true\"><\/i><i class=\"fa-fusion-box inactive-icon awb-icon-plus\" aria-hidden=\"true\"><\/i><\/span><span class=\"fusion-toggle-heading\">Premios 2007<\/span><\/a><\/h4><\/div><div id=\"d3fbcc7a66b59b8e6\" class=\"panel-collapse collapse \" araia-labelledby=\"toggle_d3fbcc7a66b59b8e6\"><div class=\"panel-body toggle-content fusion-clearfix\">\n<ul>\n<li>Premio II concurso de iniciativas J\u00f3venes con valores<\/li>\n<li>Premio Obra Social la Caixa<\/li>\n<\/ul>\n<\/div><\/div><\/div><\/div><\/div><div class=\"fusion-text fusion-text-37 fusion-no-large-visibility\"><ul>\n<li><i class=\"fa fa-trophy\"><\/i>Premio Llu\u00eds Mart\u00ed al Valor Social (2019)<\/li>\n<li><i class=\"fa fa-trophy\"><\/i>Premio Gran Persona de los Armats de Lleida (2019)<\/li>\n<li>Medalla de la Paeria a la Solidaridad (2019)<\/li>\n<li><i class=\"fa fa-trophy\"><\/i>XIII Premios Francesc Candel (2016)<\/li>\n<li><i class=\"fa fa-trophy\"><\/i>Premio al voluntariado universitario de la Fundaci\u00f3n Mutua Madrile\u00f1a (2014)<\/li>\n<li><i class=\"fa fa-trophy\"><\/i>Programa J\u00f3venes: <a href=\"http:\/\/www.joventut.info\/bonespractiques\/projecte\/els-nous-voluntaris\/\">buena pr\u00e1ctica en el \u00e1mbito de la juventud<\/a> (2013 hasta la actualidad)<\/li>\n<li><i class=\"fa fa-trophy\"><\/i>Premio a la mejor entidad sin \u00e1nimo de lucro organizado por la Jove Cambra Internacional de Lleida (2012)<\/li>\n<li><i class=\"fa fa-trophy\"><\/i>Premio a la Entidad en apoyo a la Asociaci\u00f3n Antisida de Lleida (2012)<\/li>\n<li><i class=\"fa fa-trophy\"><\/i>Premio INJUVE, Instituto Nacional de Juventud (2011)<\/li>\n<li><i class=\"fa fa-trophy\"><\/i>Premio Som Lleida (2011)<\/li>\n<li><i class=\"fa fa-trophy\"><\/i>Premio CERMI, en la categor\u00eda de Voluntariado (2011)<\/li>\n<li><i class=\"fa fa-trophy\"><\/i>Premio Baula &amp; Ayuntamiento de Lleida (compartido con Castellers de Lleida) como \u201cmejor entidad c\u00edvica\u201d (2010)<\/li>\n<li><i class=\"fa fa-trophy\"><\/i>XVIII Premio Voluntariado de la Generalidad de Catalu\u00f1a a Down Lleida por el proyecto \u201cNuevos Voluntarios\u201d (2010)<\/li>\n<li><i class=\"fa fa-trophy\"><\/i>Premio NAFENT de la Coordinaci\u00f3n Territorial de Juventud y GREC 2010 en Down Lleida (2010)<\/li>\n<li><i class=\"fa fa-trophy\"><\/i>Premio Funde a la Igualdad de oportunidades en el \u00e1mbito laboral. Proyecto Integra XXI (2010)<\/li>\n<li><i class=\"fa fa-trophy\"><\/i>Premio ONCE a Down Lleida a la Solidaridad y la Superaci\u00f3n (2009)<\/li>\n<li><i class=\"fa fa-trophy\"><\/i>Premio de Imagen infantil y Juvenil organizado por TRAMA, Educaci\u00f3n, ABACUS, Ayuntamiento de Lleida, en el programa de apoyo a la ESO de Down Lleida. II Premio (2009)<\/li>\n<li><i class=\"fa fa-trophy\"><\/i>Premio de la Fundaci\u00f3n Jaume Bofill, Aprendizaje y Servicio (2008)<\/li>\n<li><i class=\"fa fa-trophy\"><\/i>Publicaci\u00f3n de Nuevos Voluntarios en Emprendimiento Social Juvenil 18 buenas pr\u00e1cticas de la Fundaci\u00f3n Bertelsman (2008)<\/li>\n<li><i class=\"fa fa-trophy\"><\/i><i class=\"fa fa-trophy\"><\/i>1er Premio Jaume Ciurana a Acciones C\u00edvicas. Proyecto \u00abNuevos Voluntarios\u00bb (2008)<\/li>\n<li><i class=\"fa fa-trophy\"><\/i>Premio II concurso de iniciativas J\u00f3venes con valores (2007)<\/li>\n<li><i class=\"fa fa-trophy\"><\/i>Premio Obra Social la Caixa (2007)<\/li>\n<\/ul>\n<\/div><\/div><\/div><div class=\"fusion-layout-column fusion_builder_column fusion-builder-column-42 fusion_builder_column_1_1 1_1 fusion-flex-column\" style=\"--awb-bg-size:cover;--awb-width-large:100%;--awb-margin-top-large:0px;--awb-spacing-right-large:1.92%;--awb-margin-bottom-large:0px;--awb-spacing-left-large:1.92%;--awb-width-medium:100%;--awb-order-medium:0;--awb-spacing-right-medium:1.92%;--awb-spacing-left-medium:1.92%;--awb-width-small:100%;--awb-order-small:0;--awb-spacing-right-small:1.92%;--awb-margin-bottom-small:0px;--awb-spacing-left-small:1.92%;\"><div class=\"fusion-column-wrapper fusion-column-has-shadow fusion-flex-justify-content-flex-start fusion-content-layout-column\"><div class=\"fusion-section-separator section-separator hills-opacity fusion-section-separator-3\" style=\"--awb-spacer-padding-top:inherit;--awb-svg-margin-left:1.92%;--awb-svg-margin-right:1.92%;--awb-svg-margin-left-medium:1.92%;--awb-svg-margin-right-medium:1.92%;--awb-svg-margin-left-small:1.92%;--awb-svg-margin-right-small:1.92%;--awb-divider-height:30px;--awb-spacer-height:30px;--awb-sep-font-size:0;--awb-sep-line-height:0;\"><div class=\"fusion-section-separator-svg\"><svg class=\"fusion-hills-opacity-candy\" fill=\"var(--awb-color4)\" xmlns=\"http:\/\/www.w3.org\/2000\/svg\" version=\"1.1\" width=\"100%\" viewBox=\"0 -0.5 1024 182\" preserveAspectRatio=\"none\" fill=\"rgba(250,201,23,1)\"><path class=\"st0\" d=\"M0 182.086h1024V41.593c-28.058-21.504-60.109-37.581-97.075-37.581-112.845 0-198.144 93.798-289.792 93.798S437.658 6.777 351.846 6.777s-142.234 82.125-238.49 82.125c-63.078 0-75.776-31.744-113.357-53.658L0 182.086z\"\/>\n\t\t\t\t\t\t\t\t\t<path class=\"st1\" d=\"M1024 181.062v-75.878c-39.731 15.872-80.794 27.341-117.658 25.805-110.387-4.506-191.795-109.773-325.53-116.224-109.158-5.12-344.166 120.115-429.466 166.298H1024v-.001z\"\/>\n\t\t\t\t\t\t\t\t\t<path class=\"st2\" d=\"M0 182.086h1024V90.028C966.451 59.103 907.059 16.3 824.115 15.071 690.278 13.023 665.19 102.93 482.099 102.93S202.138-1.62 74.24.019C46.49.326 21.811 4.217 0 9.849v172.237z\"\/>\n\t\t\t\t\t\t\t\t\t<path class=\"st3\" d=\"M0 182.086h1024V80.505c-37.171 19.558-80.691 35.328-139.571 36.25-151.142 2.355-141.619-28.57-298.496-29.184s-138.854 47.002-305.459 43.725C132.813 128.428 91.238 44.563 0 28.179v153.907z\"\/>\n\t\t\t\t\t\t\t\t\t<path class=\"st4\" d=\"M0 182.086h1024v-77.312c-49.05 20.07-120.525 42.394-193.229 42.086-128.922-.512-159.846-72.294-255.795-72.294-89.088 0-134.656 80.179-245.043 82.022S169.063 99.346 49.971 97.401C32.768 97.094 16.077 99.244 0 103.135v78.951z\"\/>\n\t\t\t\t\t\t\t\t<\/svg><\/div><div class=\"fusion-section-separator-spacer\"><div class=\"fusion-section-separator-spacer-height\"><\/div><\/div><\/div><\/div><\/div><\/div><\/div><\/div><div class=\"fusion-fullwidth fullwidth-box fusion-builder-row-8 fusion-flex-container has-pattern-background has-mask-background nonhundred-percent-fullwidth non-hundred-percent-height-scrolling\" style=\"--awb-border-radius-top-left:0px;--awb-border-radius-top-right:0px;--awb-border-radius-bottom-right:0px;--awb-border-radius-bottom-left:0px;--awb-padding-top:2%;--awb-padding-bottom:2%;--awb-background-color:var(--awb-color4);\" ><div class=\"fusion-builder-row fusion-row fusion-flex-align-items-flex-start\" style=\"max-width:1248px;margin-left: calc(-4% \/ 2 );margin-right: calc(-4% \/ 2 );\"><div class=\"fusion-layout-column fusion_builder_column fusion-builder-column-43 fusion_builder_column_1_2 1_2 fusion-flex-column\" style=\"--awb-bg-size:cover;--awb-width-large:50%;--awb-margin-top-large:0px;--awb-spacing-right-large:3.84%;--awb-margin-bottom-large:20px;--awb-spacing-left-large:3.84%;--awb-width-medium:50%;--awb-order-medium:0;--awb-spacing-right-medium:3.84%;--awb-spacing-left-medium:3.84%;--awb-width-small:100%;--awb-order-small:0;--awb-spacing-right-small:1.92%;--awb-spacing-left-small:1.92%;\"><div class=\"fusion-column-wrapper fusion-column-has-shadow fusion-flex-justify-content-flex-start fusion-content-layout-column\"><div class=\"fusion-title title fusion-title-36 fusion-sep-none fusion-title-center fusion-title-text fusion-title-size-four\" style=\"--awb-font-size:20px;\"><h4 class=\"title-heading-center\" style=\"margin:0;font-size:1em;\">Auditor\u00eda econ\u00f3mica 2024<\/h4><\/div><div class=\"fusion-title title fusion-title-37 fusion-sep-none fusion-title-center fusion-title-text fusion-title-size-six\"><h6 class=\"title-heading-center\" style=\"margin:0;\">28\/08\/2025<\/h6><\/div><div style=\"text-align:center;\"><a class=\"fusion-button button-flat fusion-button-default-size button-default fusion-button-default button-2 fusion-button-default-span fusion-button-default-type\" target=\"_blank\" rel=\"noopener noreferrer\" href=\"https:\/\/downlleida.org\/wp-content\/uploads\/2025\/08\/Memoria-economica-2024.pdf\"><span class=\"fusion-button-text\">Descargar<\/span><\/a><\/div><\/div><\/div><div class=\"fusion-layout-column fusion_builder_column fusion-builder-column-44 fusion_builder_column_1_2 1_2 fusion-flex-column\" style=\"--awb-bg-size:cover;--awb-width-large:50%;--awb-margin-top-large:0px;--awb-spacing-right-large:3.84%;--awb-margin-bottom-large:20px;--awb-spacing-left-large:3.84%;--awb-width-medium:50%;--awb-order-medium:0;--awb-spacing-right-medium:3.84%;--awb-spacing-left-medium:3.84%;--awb-width-small:100%;--awb-order-small:0;--awb-spacing-right-small:1.92%;--awb-spacing-left-small:1.92%;\"><div class=\"fusion-column-wrapper fusion-column-has-shadow fusion-flex-justify-content-flex-start fusion-content-layout-column\"><div class=\"fusion-title title fusion-title-38 fusion-sep-none fusion-title-center fusion-title-text fusion-title-size-four\" style=\"--awb-font-size:20px;\"><h4 class=\"title-heading-center\" style=\"margin:0;font-size:1em;\">Auditor\u00eda econ\u00f3mica 2023<\/h4><\/div><div class=\"fusion-title title fusion-title-39 fusion-sep-none fusion-title-center fusion-title-text fusion-title-size-six\"><h6 class=\"title-heading-center\" style=\"margin:0;\">21\/01\/2025<\/h6><\/div><div style=\"text-align:center;\"><a class=\"fusion-button button-flat fusion-button-default-size button-default fusion-button-default button-3 fusion-button-default-span fusion-button-default-type\" target=\"_blank\" rel=\"noopener noreferrer\" href=\"https:\/\/downlleida.org\/wp-content\/uploads\/2025\/01\/Memoria-economica-2023-signada-i-auditada.pdf\"><span class=\"fusion-button-text\">Descargar<\/span><\/a><\/div><\/div><\/div><\/div><\/div><div class=\"fusion-fullwidth fullwidth-box fusion-builder-row-9 fusion-flex-container has-pattern-background has-mask-background nonhundred-percent-fullwidth non-hundred-percent-height-scrolling\" style=\"--awb-border-radius-top-left:0px;--awb-border-radius-top-right:0px;--awb-border-radius-bottom-right:0px;--awb-border-radius-bottom-left:0px;--awb-padding-top:2%;--awb-padding-bottom:2%;--awb-background-color:var(--awb-color4);\" ><div class=\"fusion-builder-row fusion-row fusion-flex-align-items-flex-start\" style=\"max-width:1248px;margin-left: calc(-4% \/ 2 );margin-right: calc(-4% \/ 2 );\"><div class=\"fusion-layout-column fusion_builder_column fusion-builder-column-45 fusion_builder_column_1_3 1_3 fusion-flex-column\" style=\"--awb-bg-size:cover;--awb-width-large:33.333333333333%;--awb-margin-top-large:0px;--awb-spacing-right-large:5.76%;--awb-margin-bottom-large:20px;--awb-spacing-left-large:5.76%;--awb-width-medium:33.333333333333%;--awb-order-medium:0;--awb-spacing-right-medium:5.76%;--awb-spacing-left-medium:5.76%;--awb-width-small:100%;--awb-order-small:0;--awb-spacing-right-small:1.92%;--awb-spacing-left-small:1.92%;\"><div class=\"fusion-column-wrapper fusion-column-has-shadow fusion-flex-justify-content-flex-start fusion-content-layout-column\"><div class=\"fusion-title title fusion-title-40 fusion-sep-none fusion-title-center fusion-title-text fusion-title-size-four\" style=\"--awb-font-size:20px;\"><h4 class=\"title-heading-center\" style=\"margin:0;font-size:1em;\">Auditor\u00eda econ\u00f3mica 2022<\/h4><\/div><div class=\"fusion-title title fusion-title-41 fusion-sep-none fusion-title-center fusion-title-text fusion-title-size-six\"><h6 class=\"title-heading-center\" style=\"margin:0;\">19\/02\/2024<\/h6><\/div><div style=\"text-align:center;\"><a class=\"fusion-button button-flat fusion-button-default-size button-default fusion-button-default button-4 fusion-button-default-span fusion-button-default-type\" target=\"_blank\" rel=\"noopener noreferrer\" href=\"https:\/\/downlleida.org\/wp-content\/uploads\/2024\/02\/INFORME-MEMORIA-2022.pdf\"><span class=\"fusion-button-text\">Descargar<\/span><\/a><\/div><\/div><\/div><div class=\"fusion-layout-column fusion_builder_column fusion-builder-column-46 fusion_builder_column_1_3 1_3 fusion-flex-column\" style=\"--awb-bg-size:cover;--awb-width-large:33.333333333333%;--awb-margin-top-large:0px;--awb-spacing-right-large:5.76%;--awb-margin-bottom-large:20px;--awb-spacing-left-large:5.76%;--awb-width-medium:33.333333333333%;--awb-order-medium:0;--awb-spacing-right-medium:5.76%;--awb-spacing-left-medium:5.76%;--awb-width-small:100%;--awb-order-small:0;--awb-spacing-right-small:1.92%;--awb-spacing-left-small:1.92%;\"><div class=\"fusion-column-wrapper fusion-column-has-shadow fusion-flex-justify-content-flex-start fusion-content-layout-column\"><div class=\"fusion-title title fusion-title-42 fusion-sep-none fusion-title-center fusion-title-text fusion-title-size-four\" style=\"--awb-font-size:20px;\"><h4 class=\"title-heading-center\" style=\"margin:0;font-size:1em;\">Auditor\u00eda econ\u00f3mica 2021<\/h4><\/div><div class=\"fusion-title title fusion-title-43 fusion-sep-none fusion-title-center fusion-title-text fusion-title-size-six\"><h6 class=\"title-heading-center\" style=\"margin:0;\">10\/01\/2023<\/h6><\/div><div style=\"text-align:center;\"><a class=\"fusion-button button-flat fusion-button-default-size button-default fusion-button-default button-5 fusion-button-default-span fusion-button-default-type\" target=\"_blank\" rel=\"noopener noreferrer\" href=\"https:\/\/downlleida.org\/wp-content\/uploads\/2023\/03\/Auditoria-economica-DOWN-LLEIDA-2021.pdf\"><span class=\"fusion-button-text\">Descargar<\/span><\/a><\/div><\/div><\/div><div class=\"fusion-layout-column fusion_builder_column fusion-builder-column-47 fusion_builder_column_1_3 1_3 fusion-flex-column\" style=\"--awb-bg-size:cover;--awb-width-large:33.333333333333%;--awb-margin-top-large:0px;--awb-spacing-right-large:5.76%;--awb-margin-bottom-large:20px;--awb-spacing-left-large:5.76%;--awb-width-medium:33.333333333333%;--awb-order-medium:0;--awb-spacing-right-medium:5.76%;--awb-spacing-left-medium:5.76%;--awb-width-small:100%;--awb-order-small:0;--awb-spacing-right-small:1.92%;--awb-spacing-left-small:1.92%;\"><div class=\"fusion-column-wrapper fusion-column-has-shadow fusion-flex-justify-content-flex-start fusion-content-layout-column\"><div class=\"fusion-title title fusion-title-44 fusion-sep-none fusion-title-center fusion-title-text fusion-title-size-four\" style=\"--awb-font-size:20px;\"><h4 class=\"title-heading-center\" style=\"margin:0;font-size:1em;\">Memoria econ\u00f3mica 2020<\/h4><\/div><div class=\"fusion-title title fusion-title-45 fusion-sep-none fusion-title-center fusion-title-text fusion-title-size-six\"><h6 class=\"title-heading-center\" style=\"margin:0;\">03\/01\/2022<\/h6><\/div><div style=\"text-align:center;\"><a class=\"fusion-button button-flat fusion-button-default-size button-default fusion-button-default button-6 fusion-button-default-span fusion-button-default-type\" target=\"_blank\" rel=\"noopener noreferrer\" href=\"https:\/\/downlleida.org\/wp-content\/uploads\/2023\/03\/Auditoria-economica-DOWN-LLEIDA-2020.pdf\"><span class=\"fusion-button-text\">Descargar<\/span><\/a><\/div><\/div><\/div><\/div><\/div><div class=\"fusion-fullwidth fullwidth-box fusion-builder-row-10 fusion-flex-container has-pattern-background has-mask-background nonhundred-percent-fullwidth non-hundred-percent-height-scrolling\" style=\"--awb-border-radius-top-left:0px;--awb-border-radius-top-right:0px;--awb-border-radius-bottom-right:0px;--awb-border-radius-bottom-left:0px;--awb-padding-top:2%;--awb-padding-bottom:2%;--awb-background-color:var(--awb-color4);\" ><div class=\"fusion-builder-row fusion-row fusion-flex-align-items-flex-start\" style=\"max-width:1248px;margin-left: calc(-4% \/ 2 );margin-right: calc(-4% \/ 2 );\"><div class=\"fusion-layout-column fusion_builder_column fusion-builder-column-48 fusion_builder_column_1_3 1_3 fusion-flex-column\" style=\"--awb-bg-size:cover;--awb-width-large:33.333333333333%;--awb-margin-top-large:0px;--awb-spacing-right-large:5.76%;--awb-margin-bottom-large:20px;--awb-spacing-left-large:5.76%;--awb-width-medium:33.333333333333%;--awb-order-medium:0;--awb-spacing-right-medium:5.76%;--awb-spacing-left-medium:5.76%;--awb-width-small:100%;--awb-order-small:0;--awb-spacing-right-small:1.92%;--awb-spacing-left-small:1.92%;\"><div class=\"fusion-column-wrapper fusion-column-has-shadow fusion-flex-justify-content-flex-start fusion-content-layout-column\"><div class=\"fusion-title title fusion-title-46 fusion-sep-none fusion-title-center fusion-title-text fusion-title-size-four\" style=\"--awb-font-size:20px;\"><h4 class=\"title-heading-center\" style=\"margin:0;font-size:1em;\">Auditor\u00eda econ\u00f3mica 2019<\/h4><\/div><div class=\"fusion-title title fusion-title-47 fusion-sep-none fusion-title-center fusion-title-text fusion-title-size-six\"><h6 class=\"title-heading-center\" style=\"margin:0;\">19\/02\/2024<\/h6><\/div><div style=\"text-align:center;\"><a class=\"fusion-button button-flat fusion-button-default-size button-default fusion-button-default button-7 fusion-button-default-span fusion-button-default-type\" target=\"_blank\" rel=\"noopener noreferrer\" href=\"https:\/\/downlleida.org\/wp-content\/uploads\/2024\/02\/INFORME-2019-memoria.pdf\"><span class=\"fusion-button-text\">Descargar<\/span><\/a><\/div><\/div><\/div><div class=\"fusion-layout-column fusion_builder_column fusion-builder-column-49 fusion_builder_column_1_3 1_3 fusion-flex-column\" style=\"--awb-bg-size:cover;--awb-width-large:33.333333333333%;--awb-margin-top-large:0px;--awb-spacing-right-large:5.76%;--awb-margin-bottom-large:20px;--awb-spacing-left-large:5.76%;--awb-width-medium:33.333333333333%;--awb-order-medium:0;--awb-spacing-right-medium:5.76%;--awb-spacing-left-medium:5.76%;--awb-width-small:100%;--awb-order-small:0;--awb-spacing-right-small:1.92%;--awb-spacing-left-small:1.92%;\"><div class=\"fusion-column-wrapper fusion-column-has-shadow fusion-flex-justify-content-flex-start fusion-content-layout-column\"><div class=\"fusion-title title fusion-title-48 fusion-sep-none fusion-title-center fusion-title-text fusion-title-size-four\" style=\"--awb-font-size:20px;\"><h4 class=\"title-heading-center\" style=\"margin:0;font-size:1em;\">Auditor\u00eda econ\u00f3mica 2018<\/h4><\/div><div class=\"fusion-title title fusion-title-49 fusion-sep-none fusion-title-center fusion-title-text fusion-title-size-six\"><h6 class=\"title-heading-center\" style=\"margin:0;\">19\/02\/2024<\/h6><\/div><div style=\"text-align:center;\"><a class=\"fusion-button button-flat fusion-button-default-size button-default fusion-button-default button-8 fusion-button-default-span fusion-button-default-type\" target=\"_blank\" rel=\"noopener noreferrer\" href=\"https:\/\/downlleida.org\/wp-content\/uploads\/2024\/02\/memoria-2018-signada.pdf\"><span class=\"fusion-button-text\">Descargar<\/span><\/a><\/div><\/div><\/div><div class=\"fusion-layout-column fusion_builder_column fusion-builder-column-50 fusion_builder_column_1_3 1_3 fusion-flex-column\" style=\"--awb-bg-size:cover;--awb-width-large:33.333333333333%;--awb-margin-top-large:0px;--awb-spacing-right-large:5.76%;--awb-margin-bottom-large:20px;--awb-spacing-left-large:5.76%;--awb-width-medium:33.333333333333%;--awb-order-medium:0;--awb-spacing-right-medium:5.76%;--awb-spacing-left-medium:5.76%;--awb-width-small:100%;--awb-order-small:0;--awb-spacing-right-small:1.92%;--awb-spacing-left-small:1.92%;\"><div class=\"fusion-column-wrapper fusion-column-has-shadow fusion-flex-justify-content-flex-start fusion-content-layout-column\"><div class=\"fusion-title title fusion-title-50 fusion-sep-none fusion-title-center fusion-title-text fusion-title-size-four\" style=\"--awb-font-size:20px;\"><h4 class=\"title-heading-center\" style=\"margin:0;font-size:1em;\">Memoria econ\u00f3mica 2017<\/h4><\/div><div class=\"fusion-title title fusion-title-51 fusion-sep-none fusion-title-center fusion-title-text fusion-title-size-six\"><h6 class=\"title-heading-center\" style=\"margin:0;\">23\/05\/2018<\/h6><\/div><div style=\"text-align:center;\"><a class=\"fusion-button button-flat fusion-button-default-size button-default fusion-button-default button-9 fusion-button-default-span fusion-button-default-type\" target=\"_blank\" rel=\"noopener noreferrer\" href=\"https:\/\/downlleida.org\/wp-content\/uploads\/2023\/03\/Memoria-economica.pdf\"><span class=\"fusion-button-text\">Descargar<\/span><\/a><\/div><\/div><\/div><\/div><\/div><div id=\"transparecia\" class=\"fusion-container-anchor\"><div class=\"fusion-fullwidth fullwidth-box fusion-builder-row-11 fusion-flex-container has-pattern-background has-mask-background nonhundred-percent-fullwidth non-hundred-percent-height-scrolling\" style=\"--link_hover_color: var(--awb-color7);--link_color: var(--awb-color4);--awb-border-radius-top-left:0px;--awb-border-radius-top-right:0px;--awb-border-radius-bottom-right:0px;--awb-border-radius-bottom-left:0px;--awb-padding-bottom:2%;\" ><div class=\"fusion-builder-row fusion-row fusion-flex-align-items-stretch\" style=\"max-width:1248px;margin-left: calc(-4% \/ 2 );margin-right: calc(-4% \/ 2 );\"><div class=\"fusion-layout-column fusion_builder_column fusion-builder-column-51 fusion_builder_column_1_1 1_1 fusion-flex-column\" style=\"--awb-bg-size:cover;--awb-width-large:100%;--awb-margin-top-large:0px;--awb-spacing-right-large:1.92%;--awb-margin-bottom-large:50px;--awb-spacing-left-large:1.92%;--awb-width-medium:100%;--awb-order-medium:0;--awb-spacing-right-medium:1.92%;--awb-spacing-left-medium:1.92%;--awb-width-small:100%;--awb-order-small:0;--awb-spacing-right-small:1.92%;--awb-spacing-left-small:1.92%;\"><div class=\"fusion-column-wrapper fusion-column-has-shadow fusion-flex-justify-content-flex-start fusion-content-layout-column\"><div class=\"fusion-section-separator section-separator hills-opacity fusion-section-separator-4\" style=\"--awb-spacer-padding-top:inherit;--awb-svg-margin-left:1.92%;--awb-svg-margin-right:1.92%;--awb-svg-margin-left-medium:1.92%;--awb-svg-margin-right-medium:1.92%;--awb-svg-margin-left-small:1.92%;--awb-svg-margin-right-small:1.92%;--awb-divider-height:30px;--awb-spacer-height:30px;--awb-sep-font-size:0;--awb-sep-line-height:0;\"><div class=\"fusion-section-separator-svg\"><svg class=\"fusion-hills-opacity-candy\" fill=\"var(--awb-color4)\" xmlns=\"http:\/\/www.w3.org\/2000\/svg\" version=\"1.1\" width=\"100%\" viewBox=\"0 0 1024 182\" preserveAspectRatio=\"none\" fill=\"rgba(250,201,23,1)\"><path class=\"st0\" d=\"M0 0h1024v140.5C995.9 162 963.9 178 926.9 178c-112.8 0-198.1-93.8-289.8-93.8s-199.5 91-285.3 91-142.2-82.1-238.5-82.1c-63.1 0-75.7 31.6-113.3 53.6V0z\"\/>\n\t\t\t\t\t\t\t\t\t<path class=\"st1\" d=\"M1024 0v75.9C984.3 60 942.2 48.6 905.3 50.1c-110.4 4.5-191.8 109.8-325.5 116.2C470.6 171.5 235.6 46.1 150.3 0H1024z\"\/>\n\t\t\t\t\t\t\t\t\t<path class=\"st2\" d=\"M0 0h1024v92c-57.5 30.9-116.9 73.7-199.9 75-133.8 2-158.9-87.9-342-87.9S202.1 183.7 74.2 182c-27.8-.3-52.4-4.2-74.2-9.7V0z\"\/>\n\t\t\t\t\t\t\t\t\t<path class=\"st3\" d=\"M0 0h1024v101.6C986.8 82 943.3 66.3 884.4 65.4 733.3 63 742.8 94 585.9 94.6S447 47.6 280.4 50.9C132.8 53.6 91.2 137.5 0 154V0z\"\/>\n\t\t\t\t\t\t\t\t\t<path class=\"st4\" d=\"M0 0h1024v77.3c-49-20.1-120.5-42.4-193.2-42.1-128.9.5-159.8 72.3-255.8 72.3-89.1 0-134.7-80.2-245-82-110.4-1.8-160.9 57.2-280 59.2-17.2.3-33.9-1.8-50-5.7V0z\"\/>\n\t\t\t\t\t\t\t\t<\/svg><\/div><div class=\"fusion-section-separator-spacer\"><div class=\"fusion-section-separator-spacer-height\"><\/div><\/div><\/div><\/div><\/div><div class=\"fusion-layout-column fusion_builder_column fusion-builder-column-52 fusion_builder_column_1_1 1_1 fusion-flex-column\" style=\"--awb-bg-size:cover;--awb-width-large:100%;--awb-margin-top-large:0px;--awb-spacing-right-large:1.92%;--awb-margin-bottom-large:20px;--awb-spacing-left-large:1.92%;--awb-width-medium:100%;--awb-order-medium:0;--awb-spacing-right-medium:1.92%;--awb-spacing-left-medium:1.92%;--awb-width-small:100%;--awb-order-small:0;--awb-spacing-right-small:1.92%;--awb-spacing-left-small:1.92%;\"><div class=\"fusion-column-wrapper fusion-column-has-shadow fusion-flex-justify-content-flex-start fusion-content-layout-column\"><div class=\"fusion-title title fusion-title-52 fusion-sep-none fusion-title-text fusion-title-size-four\" style=\"--awb-text-color:var(--awb-color5);\"><h4 class=\"title-heading-left\" style=\"margin:0;\">TRANSPARENCIA<\/h4><\/div><div class=\"accordian fusion-accordian\" style=\"--awb-border-size:1px;--awb-icon-size:16px;--awb-content-font-size:var(--awb-typography4-font-size);--awb-icon-alignment:left;--awb-hover-color:var(--awb-color6);--awb-border-color:var(--awb-color3);--awb-background-color:var(--awb-color1);--awb-divider-color:var(--awb-color3);--awb-divider-hover-color:var(--awb-color3);--awb-icon-color:var(--awb-color1);--awb-title-color:var(--awb-color8);--awb-content-color:var(--awb-color8);--awb-icon-box-color:var(--awb-color8);--awb-toggle-hover-accent-color:var(--awb-color5);--awb-toggle-active-accent-color:var(--awb-color4);--awb-title-font-family:var(--awb-typography1-font-family);--awb-title-font-weight:var(--awb-typography1-font-weight);--awb-title-font-style:var(--awb-typography1-font-style);--awb-title-font-size:24px;--awb-title-letter-spacing:var(--awb-typography1-letter-spacing);--awb-title-line-height:var(--awb-typography1-line-height);--awb-content-font-family:var(--awb-typography4-font-family);--awb-content-font-weight:var(--awb-typography4-font-weight);--awb-content-font-style:var(--awb-typography4-font-style);\"><div class=\"panel-group fusion-toggle-icon-boxed\" id=\"accordion-3153-2\"><div class=\"fusion-panel panel-default panel-7e811b2032be7e949 fusion-toggle-has-divider\" style=\"--awb-title-color:var(--awb-color8);\"><div class=\"panel-heading\"><h4 class=\"panel-title toggle\" id=\"toggle_7e811b2032be7e949\"><a aria-expanded=\"false\" aria-controls=\"7e811b2032be7e949\" role=\"button\" data-toggle=\"collapse\" data-parent=\"#accordion-3153-2\" data-target=\"#7e811b2032be7e949\" href=\"#7e811b2032be7e949\"><span class=\"fusion-toggle-icon-wrapper\" aria-hidden=\"true\"><i class=\"fa-fusion-box active-icon awb-icon-minus\" aria-hidden=\"true\"><\/i><i class=\"fa-fusion-box inactive-icon awb-icon-plus\" aria-hidden=\"true\"><\/i><\/span><span class=\"fusion-toggle-heading\">Ingresos<\/span><\/a><\/h4><\/div><div id=\"7e811b2032be7e949\" class=\"panel-collapse collapse \" araia-labelledby=\"toggle_7e811b2032be7e949\"><div class=\"panel-body toggle-content fusion-clearfix\">\n<div style=\"overflow-x: auto;\">\n<p><img decoding=\"async\" class=\"lazyload alignnone size-full wp-image-3270\" src=\"data:image\/svg+xml,%3Csvg%20xmlns%3D%27http%3A%2F%2Fwww.w3.org%2F2000%2Fsvg%27%20width%3D%27800%27%20height%3D%27414%27%20viewBox%3D%270%200%20800%20414%27%3E%3Crect%20width%3D%27800%27%20height%3D%27414%27%20fill-opacity%3D%220%22%2F%3E%3C%2Fsvg%3E\" data-orig-src=\"https:\/\/downlleida.org\/wp-content\/uploads\/2025\/01\/Ingresos-1.png\" alt=\"\" width=\"800\" height=\"414\" \/><\/p>\n<table border=\"1\" width=\"800\">\n<tbody>\n<tr>\n<th><span style=\"vertical-align: inherit;\"><span style=\"vertical-align: inherit;\">ENTRADAS<\/span><\/span><\/th>\n<td><b><span style=\"vertical-align: inherit;\"><span style=\"vertical-align: inherit;\">2023<\/span><\/span><\/b><\/td>\n<\/tr>\n<tr>\n<th style=\"text-align: center;\"><span style=\"vertical-align: inherit;\"><span style=\"vertical-align: inherit;\">Cuotas asociativo<\/span><\/span><\/th>\n<td><span style=\"vertical-align: inherit;\"><span style=\"vertical-align: inherit;\">42.644\u20ac<\/span><\/span><\/td>\n<\/tr>\n<tr>\n<th><span style=\"vertical-align: inherit;\"><span style=\"vertical-align: inherit;\">Cuotas actividades<\/span><\/span><\/th>\n<td><span style=\"vertical-align: inherit;\"><span style=\"vertical-align: inherit;\">164.785,16\u20ac<\/span><\/span><\/td>\n<\/tr>\n<tr>\n<th><span style=\"vertical-align: inherit;\"><span style=\"vertical-align: inherit;\">Cuotas socios\/ocias colaboradoras<\/span><\/span><\/th>\n<td><span style=\"vertical-align: inherit;\"><span class=\"\" style=\"vertical-align: inherit;\">8.028,20\u20ac<\/span><\/span><\/td>\n<\/tr>\n<tr>\n<th><span style=\"vertical-align: inherit;\"><span style=\"vertical-align: inherit;\">Subvenciones<\/span><\/span><\/th>\n<td><span style=\"vertical-align: inherit;\"><span style=\"vertical-align: inherit;\">301.380,22\u20ac<\/span><\/span><\/td>\n<\/tr>\n<tr>\n<th><span style=\"vertical-align: inherit;\"><span style=\"vertical-align: inherit;\">Actividades diversas<\/span><\/span><\/th>\n<td><span style=\"vertical-align: inherit;\"><span style=\"vertical-align: inherit;\">83.400,40\u20ac<\/span><\/span><\/td>\n<\/tr>\n<tr>\n<th><span style=\"vertical-align: inherit;\"><span style=\"vertical-align: inherit;\">Donativos varios<\/span><\/span><\/th>\n<td><span style=\"vertical-align: inherit;\"><span style=\"vertical-align: inherit;\">127.094,52\u20ac<\/span><\/span><\/td>\n<\/tr>\n<tr>\n<th><span style=\"vertical-align: inherit;\"><span style=\"vertical-align: inherit;\">Ingresos varios<\/span><\/span><\/th>\n<td><span style=\"vertical-align: inherit;\"><span style=\"vertical-align: inherit;\">2.055,06\u20ac<\/span><\/span><\/td>\n<\/tr>\n<tr>\n<th><span style=\"vertical-align: inherit;\"><span style=\"vertical-align: inherit;\">Total<\/span><\/span><\/th>\n<td><strong><span style=\"vertical-align: inherit;\"><span style=\"vertical-align: inherit;\">729.387,56\u20ac<\/span><\/span><\/strong><\/td>\n<\/tr>\n<\/tbody>\n<\/table>\n<\/div>\n<div style=\"overflow-x: auto;\">\n<table border=\"1\" width=\"800\">\n<tbody>\n<tr>\n<td width=\"148\"><strong><span style=\"vertical-align: inherit;\"><span style=\"vertical-align: inherit;\">ENTRADAS<\/span><\/span><\/strong><\/td>\n<td width=\"128\"><strong><span style=\"vertical-align: inherit;\"><span style=\"vertical-align: inherit;\">2018<\/span><\/span><\/strong><\/td>\n<td width=\"128\"><strong><span style=\"vertical-align: inherit;\"><span style=\"vertical-align: inherit;\">2019<\/span><\/span><\/strong><\/td>\n<td width=\"127\"><strong><span style=\"vertical-align: inherit;\"><span style=\"vertical-align: inherit;\">2020<\/span><\/span><\/strong><\/td>\n<td width=\"127\"><strong><span style=\"vertical-align: inherit;\"><span style=\"vertical-align: inherit;\">2021<\/span><\/span><br \/>\n<\/strong><\/td>\n<td width=\"127\"><strong><span style=\"vertical-align: inherit;\"><span style=\"vertical-align: inherit;\">2022<\/span><\/span><br \/>\n<\/strong><\/td>\n<\/tr>\n<tr>\n<td width=\"148\"><span style=\"vertical-align: inherit;\"><span style=\"vertical-align: inherit;\">Servicios<\/span><\/span><\/td>\n<td width=\"128\"><span style=\"vertical-align: inherit;\"><span style=\"vertical-align: inherit;\">126.238,45\u20ac<\/span><\/span><\/td>\n<td width=\"128\"><span style=\"vertical-align: inherit;\"><span style=\"vertical-align: inherit;\">119.911,50\u20ac<\/span><\/span><\/td>\n<td width=\"127\"><span style=\"vertical-align: inherit;\"><span style=\"vertical-align: inherit;\">111.020,40\u20ac<\/span><\/span><\/td>\n<td width=\"127\"><span style=\"vertical-align: inherit;\"><span style=\"vertical-align: inherit;\">134.154,07\u20ac<\/span><\/span><\/td>\n<td width=\"127\"><span style=\"vertical-align: inherit;\"><span style=\"vertical-align: inherit;\">145.815,15\u20ac<\/span><\/span><\/td>\n<\/tr>\n<tr>\n<td width=\"148\"><span style=\"vertical-align: inherit;\"><span style=\"vertical-align: inherit;\">Socias\/socias<\/span><\/span><\/td>\n<td width=\"128\"><span style=\"vertical-align: inherit;\"><span style=\"vertical-align: inherit;\">42.192,84\u20ac<\/span><\/span><\/td>\n<td width=\"128\"><span style=\"vertical-align: inherit;\"><span style=\"vertical-align: inherit;\">42.774,10\u20ac<\/span><\/span><\/td>\n<td width=\"127\"><span style=\"vertical-align: inherit;\"><span style=\"vertical-align: inherit;\">68.640,93\u20ac<\/span><\/span><\/td>\n<td width=\"127\"><span style=\"vertical-align: inherit;\"><span style=\"vertical-align: inherit;\">50.832,31\u20ac<\/span><\/span><\/td>\n<td width=\"127\"><span style=\"vertical-align: inherit;\"><span style=\"vertical-align: inherit;\">53.398,25\u20ac<\/span><\/span><\/td>\n<\/tr>\n<tr>\n<td width=\"148\"><span style=\"vertical-align: inherit;\"><span style=\"vertical-align: inherit;\">Subvenciones<\/span><\/span><\/td>\n<td width=\"128\"><span style=\"vertical-align: inherit;\"><span style=\"vertical-align: inherit;\">288.788,19\u20ac<\/span><\/span><\/td>\n<td width=\"128\"><span style=\"vertical-align: inherit;\"><span style=\"vertical-align: inherit;\">316.030,80\u20ac<\/span><\/span><\/td>\n<td width=\"127\"><span style=\"vertical-align: inherit;\"><span style=\"vertical-align: inherit;\">283.534,04\u20ac<\/span><\/span><\/td>\n<td width=\"127\"><span style=\"vertical-align: inherit;\"><span style=\"vertical-align: inherit;\">203.531,76\u20ac<\/span><\/span><\/td>\n<td width=\"127\"><span style=\"vertical-align: inherit;\"><span style=\"vertical-align: inherit;\">279.453,17\u20ac<\/span><\/span><\/td>\n<\/tr>\n<tr>\n<td width=\"148\"><span style=\"vertical-align: inherit;\"><span style=\"vertical-align: inherit;\">Donativos<\/span><\/span><\/td>\n<td width=\"128\"><span style=\"vertical-align: inherit;\"><span style=\"vertical-align: inherit;\">99.090,39 \u20ac<\/span><\/span><\/td>\n<td width=\"128\"><span style=\"vertical-align: inherit;\"><span style=\"vertical-align: inherit;\">83.539,14\u20ac<\/span><\/span><\/td>\n<td width=\"127\"><span style=\"vertical-align: inherit;\"><span style=\"vertical-align: inherit;\">70.658,16\u20ac<\/span><\/span><\/td>\n<td width=\"127\"><span style=\"vertical-align: inherit;\"><span style=\"vertical-align: inherit;\">32.118,46\u20ac<\/span><\/span><\/td>\n<td width=\"127\"><span style=\"vertical-align: inherit;\"><span style=\"vertical-align: inherit;\">36.749,29\u20ac<\/span><\/span><\/td>\n<\/tr>\n<tr>\n<td width=\"148\"><span style=\"vertical-align: inherit;\"><span class=\"\" style=\"vertical-align: inherit;\">Activ. Extraordinarias<\/span><\/span><\/td>\n<td width=\"128\"><span style=\"vertical-align: inherit;\"><span style=\"vertical-align: inherit;\">35.623,31\u20ac<\/span><\/span><\/td>\n<td width=\"128\"><span style=\"vertical-align: inherit;\"><span style=\"vertical-align: inherit;\">41.679,65\u20ac<\/span><\/span><\/td>\n<td width=\"127\"><span style=\"vertical-align: inherit;\"><span style=\"vertical-align: inherit;\">34.193,20\u20ac<\/span><\/span><\/td>\n<td width=\"127\"><span style=\"vertical-align: inherit;\"><span style=\"vertical-align: inherit;\">47.463,29\u20ac<\/span><\/span><\/td>\n<td width=\"127\"><span style=\"vertical-align: inherit;\"><span style=\"vertical-align: inherit;\">51.882,39\u20ac<\/span><\/span><\/td>\n<\/tr>\n<tr>\n<td width=\"148\">Ing. Financieros<\/td>\n<td width=\"128\"><span style=\"vertical-align: inherit;\"><span style=\"vertical-align: inherit;\">130,86\u20ac<\/span><\/span><\/td>\n<td width=\"128\"><span style=\"vertical-align: inherit;\"><span style=\"vertical-align: inherit;\">2.084,65 \u20ac<\/span><\/span><\/td>\n<td width=\"127\"><span style=\"vertical-align: inherit;\"><span style=\"vertical-align: inherit;\">6.750\u20ac<\/span><\/span><\/td>\n<td width=\"127\"><span style=\"vertical-align: inherit;\"><span style=\"vertical-align: inherit;\">0\u20ac<\/span><\/span><\/td>\n<td width=\"127\"><span style=\"vertical-align: inherit;\"><span style=\"vertical-align: inherit;\">0\u20ac<\/span><\/span><\/td>\n<\/tr>\n<tr>\n<td width=\"148\"><strong><span style=\"vertical-align: inherit;\"><span style=\"vertical-align: inherit;\">Total<\/span><\/span><\/strong><\/td>\n<td width=\"128\"><strong><span style=\"vertical-align: inherit;\"><span style=\"vertical-align: inherit;\">592.064,04\u20ac<\/span><\/span><\/strong><\/td>\n<td width=\"128\"><strong><span style=\"vertical-align: inherit;\"><span style=\"vertical-align: inherit;\">606.019,84\u20ac<\/span><\/span><\/strong><\/td>\n<td width=\"127\"><strong><span style=\"vertical-align: inherit;\"><span style=\"vertical-align: inherit;\">574.796,73\u20ac<\/span><\/span><\/strong><\/td>\n<td width=\"127\"><strong><span style=\"vertical-align: inherit;\"><span style=\"vertical-align: inherit;\">468.099,89\u20ac<\/span><\/span><\/strong><\/td>\n<td width=\"127\"><strong><span style=\"vertical-align: inherit;\"><span style=\"vertical-align: inherit;\">567.298,25\u20ac<\/span><\/span><\/strong><\/td>\n<\/tr>\n<\/tbody>\n<\/table>\n<\/div>\n<\/div><\/div><\/div><div class=\"fusion-panel panel-default panel-6a1c917ab2e2e7c6f fusion-toggle-has-divider\" style=\"--awb-title-color:var(--awb-color8);\"><div class=\"panel-heading\"><h4 class=\"panel-title toggle\" id=\"toggle_6a1c917ab2e2e7c6f\"><a aria-expanded=\"false\" aria-controls=\"6a1c917ab2e2e7c6f\" role=\"button\" data-toggle=\"collapse\" data-parent=\"#accordion-3153-2\" data-target=\"#6a1c917ab2e2e7c6f\" href=\"#6a1c917ab2e2e7c6f\"><span class=\"fusion-toggle-icon-wrapper\" aria-hidden=\"true\"><i class=\"fa-fusion-box active-icon awb-icon-minus\" aria-hidden=\"true\"><\/i><i class=\"fa-fusion-box inactive-icon awb-icon-plus\" aria-hidden=\"true\"><\/i><\/span><span class=\"fusion-toggle-heading\">Gastos<\/span><\/a><\/h4><\/div><div id=\"6a1c917ab2e2e7c6f\" class=\"panel-collapse collapse \" araia-labelledby=\"toggle_6a1c917ab2e2e7c6f\"><div class=\"panel-body toggle-content fusion-clearfix\">\n<div style=\"overflow-x: auto;\">\n<p><img decoding=\"async\" class=\"lazyload alignnone size-full wp-image-2389\" src=\"data:image\/svg+xml,%3Csvg%20xmlns%3D%27http%3A%2F%2Fwww.w3.org%2F2000%2Fsvg%27%20width%3D%27880%27%20height%3D%27577%27%20viewBox%3D%270%200%20880%20577%27%3E%3Crect%20width%3D%27880%27%20height%3D%27577%27%20fill-opacity%3D%220%22%2F%3E%3C%2Fsvg%3E\" data-orig-src=\"https:\/\/downlleida.org\/wp-content\/uploads\/2025\/01\/Gastos.png\" alt=\"\" width=\"880\" height=\"577\" \/><\/p>\n<table border=\"1\" width=\"880\">\n<tbody>\n<tr>\n<th><span style=\"vertical-align: inherit;\"><span style=\"vertical-align: inherit;\">Gastos<\/span><\/span><\/th>\n<td><b><span style=\"vertical-align: inherit;\"><span style=\"vertical-align: inherit;\">2023<\/span><\/span><\/b><\/td>\n<\/tr>\n<tr>\n<th><span style=\"vertical-align: inherit;\"><span class=\"\" style=\"vertical-align: inherit;\">Sueldos profesionales<\/span><\/span><\/th>\n<td><span style=\"vertical-align: inherit;\"><span style=\"vertical-align: inherit;\">401.253,17\u20ac<\/span><\/span><\/td>\n<\/tr>\n<tr>\n<th><span style=\"vertical-align: inherit;\"><span style=\"vertical-align: inherit;\">Servicios profesionales<\/span><\/span><\/th>\n<td><span style=\"vertical-align: inherit;\"><span style=\"vertical-align: inherit;\">14.194,93\u20ac<\/span><\/span><\/td>\n<\/tr>\n<tr>\n<th><span style=\"vertical-align: inherit;\"><span style=\"vertical-align: inherit;\">Suministros<\/span><\/span><\/th>\n<td><span style=\"vertical-align: inherit;\"><span style=\"vertical-align: inherit;\">11.761,76\u20ac<\/span><\/span><\/td>\n<\/tr>\n<tr>\n<th><span style=\"vertical-align: inherit;\"><span style=\"vertical-align: inherit;\">Gastos de gesti\u00f3n<\/span><\/span><\/th>\n<td><span style=\"vertical-align: inherit;\"><span style=\"vertical-align: inherit;\">40.749,76\u20ac<\/span><\/span><\/td>\n<\/tr>\n<tr>\n<th><span style=\"vertical-align: inherit;\"><span style=\"vertical-align: inherit;\">Reparaci\u00f3n y mantenimiento<\/span><\/span><\/th>\n<td><span style=\"vertical-align: inherit;\"><span class=\"\" style=\"vertical-align: inherit;\">121.133,16\u20ac<\/span><\/span><\/td>\n<\/tr>\n<tr>\n<th><span style=\"vertical-align: inherit;\"><span style=\"vertical-align: inherit;\">Viajes y representaci\u00f3n<\/span><\/span><\/th>\n<td><span style=\"vertical-align: inherit;\"><span style=\"vertical-align: inherit;\">16.837,84\u20ac<\/span><\/span><\/td>\n<\/tr>\n<tr>\n<th><span style=\"vertical-align: inherit;\"><span style=\"vertical-align: inherit;\">Mantenimiento viviendas<\/span><\/span><\/th>\n<td><span style=\"vertical-align: inherit;\"><span style=\"vertical-align: inherit;\">36.931,24\u20ac<\/span><\/span><\/td>\n<\/tr>\n<tr>\n<th><span style=\"vertical-align: inherit;\"><span style=\"vertical-align: inherit;\">Material de difusi\u00f3n<\/span><\/span><\/th>\n<td><span style=\"vertical-align: inherit;\"><span style=\"vertical-align: inherit;\">12.842,81\u20ac<\/span><\/span><\/td>\n<\/tr>\n<tr>\n<th><span style=\"vertical-align: inherit;\"><span style=\"vertical-align: inherit;\">Actividades diversas<\/span><\/span><\/th>\n<td><span style=\"vertical-align: inherit;\"><span style=\"vertical-align: inherit;\">19.990,68\u20ac<\/span><\/span><\/td>\n<\/tr>\n<tr>\n<th><span style=\"vertical-align: inherit;\"><span style=\"vertical-align: inherit;\">Gastos bancarios<\/span><\/span><\/th>\n<td><span style=\"vertical-align: inherit;\"><span style=\"vertical-align: inherit;\">2.368,92\u20ac<\/span><\/span><\/td>\n<\/tr>\n<tr>\n<th><span style=\"vertical-align: inherit;\"><span style=\"vertical-align: inherit;\">Gastos varios<\/span><\/span><\/th>\n<td><span style=\"vertical-align: inherit;\"><span style=\"vertical-align: inherit;\">20.010,71\u20ac<\/span><\/span><\/td>\n<\/tr>\n<tr>\n<th><span style=\"vertical-align: inherit;\"><span style=\"vertical-align: inherit;\">Eventos imprevistos<\/span><\/span><\/th>\n<td><span style=\"vertical-align: inherit;\"><span style=\"vertical-align: inherit;\">341,05\u20ac<\/span><\/span><\/td>\n<\/tr>\n<tr>\n<th><span style=\"vertical-align: inherit;\"><span style=\"vertical-align: inherit;\">Amortizaciones<\/span><\/span><\/th>\n<td><span style=\"vertical-align: inherit;\"><span style=\"vertical-align: inherit;\">13.223,44\u20ac<\/span><\/span><\/td>\n<\/tr>\n<tr>\n<th><span style=\"vertical-align: inherit;\"><span style=\"vertical-align: inherit;\">Total<\/span><\/span><\/th>\n<td><b><span style=\"vertical-align: inherit;\"><span style=\"vertical-align: inherit;\"><strong>711.639,47<\/strong>\u20ac<\/span><\/span><\/b><\/td>\n<\/tr>\n<\/tbody>\n<\/table>\n<\/div>\n<div style=\"overflow-x: auto;\">\n<table border=\"1\" width=\"880\">\n<tbody>\n<tr>\n<td width=\"148\"><strong><span style=\"vertical-align: inherit;\"><span style=\"vertical-align: inherit;\">GASTOS<\/span><\/span><\/strong><\/td>\n<td width=\"128\"><strong><span style=\"vertical-align: inherit;\"><span style=\"vertical-align: inherit;\">2018<\/span><\/span><\/strong><\/td>\n<td width=\"128\"><strong><span style=\"vertical-align: inherit;\"><span style=\"vertical-align: inherit;\">2019<\/span><\/span><\/strong><\/td>\n<td width=\"127\"><strong><span style=\"vertical-align: inherit;\"><span style=\"vertical-align: inherit;\">2020<\/span><\/span><\/strong><\/td>\n<td width=\"127\"><strong><span style=\"vertical-align: inherit;\"><span style=\"vertical-align: inherit;\">2021<\/span><\/span><\/strong><\/td>\n<td width=\"127\"><strong><span style=\"vertical-align: inherit;\"><span style=\"vertical-align: inherit;\">2022<\/span><\/span><\/strong><\/td>\n<\/tr>\n<tr>\n<td width=\"148\"><span style=\"vertical-align: inherit;\"><span style=\"vertical-align: inherit;\">Personal<\/span><\/span><\/td>\n<td width=\"128\"><span style=\"vertical-align: inherit;\"><span style=\"vertical-align: inherit;\">382.747,83\u20ac<\/span><\/span><\/td>\n<td width=\"128\"><span style=\"vertical-align: inherit;\"><span style=\"vertical-align: inherit;\">386.466,54\u20ac<\/span><\/span><\/td>\n<td width=\"127\"><span style=\"vertical-align: inherit;\"><span style=\"vertical-align: inherit;\">357.528,58\u20ac<\/span><\/span><\/td>\n<td width=\"127\"><span style=\"vertical-align: inherit;\"><span style=\"vertical-align: inherit;\">353.093,63\u20ac<\/span><\/span><\/td>\n<td width=\"127\"><span style=\"vertical-align: inherit;\"><span style=\"vertical-align: inherit;\">378.052,78\u20ac<\/span><\/span><\/td>\n<\/tr>\n<tr>\n<td width=\"148\"><span style=\"vertical-align: inherit;\"><span style=\"vertical-align: inherit;\">Alquileres<\/span><\/span><\/td>\n<td width=\"128\"><span style=\"vertical-align: inherit;\"><span style=\"vertical-align: inherit;\">31.337,24\u20ac<\/span><\/span><\/td>\n<td width=\"128\"><span style=\"vertical-align: inherit;\"><span style=\"vertical-align: inherit;\">26.279,52\u20ac<\/span><\/span><\/td>\n<td width=\"127\"><span style=\"vertical-align: inherit;\"><span style=\"vertical-align: inherit;\">12.809,74\u20ac<\/span><\/span><\/td>\n<td width=\"127\"><span style=\"vertical-align: inherit;\"><span style=\"vertical-align: inherit;\">10.319,69\u20ac<\/span><\/span><\/td>\n<td width=\"127\"><span style=\"vertical-align: inherit;\"><span style=\"vertical-align: inherit;\">17.236,21\u20ac<\/span><\/span><\/td>\n<\/tr>\n<tr>\n<td width=\"148\"><span style=\"vertical-align: inherit;\"><span style=\"vertical-align: inherit;\">Reparaciones<\/span><\/span><\/td>\n<td width=\"128\"><span style=\"vertical-align: inherit;\"><span style=\"vertical-align: inherit;\">15.923,50\u20ac<\/span><\/span><\/td>\n<td width=\"128\"><span style=\"vertical-align: inherit;\"><span style=\"vertical-align: inherit;\">16.338,33\u20ac<\/span><\/span><\/td>\n<td width=\"127\"><span style=\"vertical-align: inherit;\"><span style=\"vertical-align: inherit;\">31.547,11\u20ac<\/span><\/span><\/td>\n<td width=\"127\"><span style=\"vertical-align: inherit;\"><span style=\"vertical-align: inherit;\">17.304,65\u20ac<\/span><\/span><\/td>\n<td width=\"127\"><span style=\"vertical-align: inherit;\"><span style=\"vertical-align: inherit;\">15.674,81\u20ac<\/span><\/span><\/td>\n<\/tr>\n<tr>\n<td width=\"148\"><span style=\"vertical-align: inherit;\"><span style=\"vertical-align: inherit;\">Servicios profesionales<\/span><\/span><\/td>\n<td width=\"128\"><span style=\"vertical-align: inherit;\"><span style=\"vertical-align: inherit;\">6.043,38\u20ac<\/span><\/span><\/td>\n<td width=\"128\"><span style=\"vertical-align: inherit;\"><span style=\"vertical-align: inherit;\">10.726,70\u20ac<\/span><\/span><\/td>\n<td width=\"127\"><span style=\"vertical-align: inherit;\"><span style=\"vertical-align: inherit;\">8.072,20\u20ac<\/span><\/span><\/td>\n<td width=\"127\"><span style=\"vertical-align: inherit;\"><span style=\"vertical-align: inherit;\">10.036,97\u20ac<\/span><\/span><\/td>\n<td width=\"127\"><span style=\"vertical-align: inherit;\"><span style=\"vertical-align: inherit;\">12.028,79\u20ac<\/span><\/span><\/td>\n<\/tr>\n<tr>\n<td width=\"148\"><span style=\"vertical-align: inherit;\"><span style=\"vertical-align: inherit;\">Transportes<\/span><\/span><\/td>\n<td width=\"128\"><span style=\"vertical-align: inherit;\"><span style=\"vertical-align: inherit;\">7.395,91\u20ac<\/span><\/span><\/td>\n<td width=\"128\"><span style=\"vertical-align: inherit;\"><span style=\"vertical-align: inherit;\">12.773,14\u20ac<\/span><\/span><\/td>\n<td width=\"127\"><span style=\"vertical-align: inherit;\"><span style=\"vertical-align: inherit;\">7.191,28\u20ac<\/span><\/span><\/td>\n<td width=\"127\"><span style=\"vertical-align: inherit;\"><span style=\"vertical-align: inherit;\">10.116,28\u20ac<\/span><\/span><\/td>\n<td width=\"127\"><span style=\"vertical-align: inherit;\"><span style=\"vertical-align: inherit;\">8.998,93\u20ac<\/span><\/span><\/td>\n<\/tr>\n<tr>\n<td width=\"148\"><span style=\"vertical-align: inherit;\"><span style=\"vertical-align: inherit;\">Seguros<\/span><\/span><\/td>\n<td width=\"128\"><span style=\"vertical-align: inherit;\"><span style=\"vertical-align: inherit;\">4.271,31\u20ac<\/span><\/span><\/td>\n<td width=\"128\"><span style=\"vertical-align: inherit;\"><span style=\"vertical-align: inherit;\">3.428,15\u20ac<\/span><\/span><\/td>\n<td width=\"127\"><span style=\"vertical-align: inherit;\"><span style=\"vertical-align: inherit;\">3.848,54\u20ac<\/span><\/span><\/td>\n<td width=\"127\"><span style=\"vertical-align: inherit;\"><span style=\"vertical-align: inherit;\">4.389,27\u20ac<\/span><\/span><\/td>\n<td width=\"127\"><span style=\"vertical-align: inherit;\"><span style=\"vertical-align: inherit;\">17.848,97\u20ac<\/span><\/span><\/td>\n<\/tr>\n<tr>\n<td width=\"148\"><span style=\"vertical-align: inherit;\"><span style=\"vertical-align: inherit;\">Servicios bancarios<\/span><\/span><\/td>\n<td width=\"128\"><span style=\"vertical-align: inherit;\"><span style=\"vertical-align: inherit;\">1.944,72\u20ac<\/span><\/span><\/td>\n<td width=\"128\"><span style=\"vertical-align: inherit;\"><span style=\"vertical-align: inherit;\">2.046,06\u20ac<\/span><\/span><\/td>\n<td width=\"127\"><span style=\"vertical-align: inherit;\"><span style=\"vertical-align: inherit;\">1.973,44\u20ac<\/span><\/span><\/td>\n<td width=\"127\"><span style=\"vertical-align: inherit;\"><span style=\"vertical-align: inherit;\">2.063,70\u20ac<\/span><\/span><\/td>\n<td width=\"127\"><span style=\"vertical-align: inherit;\"><span style=\"vertical-align: inherit;\">2.208,52\u20ac<\/span><\/span><\/td>\n<\/tr>\n<tr>\n<td width=\"148\"><span style=\"vertical-align: inherit;\"><span style=\"vertical-align: inherit;\">Suministros<\/span><\/span><\/td>\n<td width=\"128\"><span style=\"vertical-align: inherit;\"><span style=\"vertical-align: inherit;\">12.725,98\u20ac<\/span><\/span><\/td>\n<td width=\"128\"><span style=\"vertical-align: inherit;\"><span style=\"vertical-align: inherit;\">12.596,14\u20ac<\/span><\/span><\/td>\n<td width=\"127\"><span style=\"vertical-align: inherit;\"><span style=\"vertical-align: inherit;\">11.177,11\u20ac<\/span><\/span><\/td>\n<td width=\"127\"><span style=\"vertical-align: inherit;\"><span style=\"vertical-align: inherit;\">8.278,13\u20ac<\/span><\/span><\/td>\n<td width=\"127\"><span style=\"vertical-align: inherit;\"><span style=\"vertical-align: inherit;\">10.055,14\u20ac<\/span><\/span><\/td>\n<\/tr>\n<tr>\n<td width=\"148\"><span style=\"vertical-align: inherit;\"><span style=\"vertical-align: inherit;\">Otros servicios<\/span><\/span><\/td>\n<td width=\"128\"><span style=\"vertical-align: inherit;\"><span style=\"vertical-align: inherit;\">83.740,11\u20ac<\/span><\/span><\/td>\n<td width=\"128\"><span style=\"vertical-align: inherit;\"><span style=\"vertical-align: inherit;\">113.515,96\u20ac<\/span><\/span><\/td>\n<td width=\"127\"><span style=\"vertical-align: inherit;\"><span style=\"vertical-align: inherit;\">18.873,01\u20ac<\/span><\/span><\/td>\n<td width=\"127\"><span style=\"vertical-align: inherit;\"><span style=\"vertical-align: inherit;\">31.603,83\u20ac<\/span><\/span><\/td>\n<td width=\"127\"><span style=\"vertical-align: inherit;\"><span style=\"vertical-align: inherit;\">34.036,54\u20ac<\/span><\/span><\/td>\n<\/tr>\n<tr>\n<td width=\"148\"><span style=\"vertical-align: inherit;\"><span style=\"vertical-align: inherit;\">Otros tributos<\/span><\/span><\/td>\n<td width=\"128\"><span style=\"vertical-align: inherit;\"><span style=\"vertical-align: inherit;\">163,85<\/span><\/span><\/td>\n<td width=\"128\"><span style=\"vertical-align: inherit;\"><span style=\"vertical-align: inherit;\">163,85\u20ac<\/span><\/span><\/td>\n<td width=\"127\"><span style=\"vertical-align: inherit;\"><span style=\"vertical-align: inherit;\">927,81\u20ac<\/span><\/span><\/td>\n<td width=\"127\"><span style=\"vertical-align: inherit;\"><span style=\"vertical-align: inherit;\">7.700,54\u20ac<\/span><\/span><\/td>\n<td width=\"127\"><span style=\"vertical-align: inherit;\"><span style=\"vertical-align: inherit;\">25.998,95\u20ac<\/span><\/span><\/td>\n<\/tr>\n<tr>\n<td width=\"148\"><span style=\"vertical-align: inherit;\"><span style=\"vertical-align: inherit;\">Deudas impagadas<\/span><\/span><\/td>\n<td width=\"128\"><span style=\"vertical-align: inherit;\"><span style=\"vertical-align: inherit;\">0\u20ac<\/span><\/span><\/td>\n<td width=\"128\"><span style=\"vertical-align: inherit;\"><span style=\"vertical-align: inherit;\">0\u20ac<\/span><\/span><\/td>\n<td width=\"127\"><span style=\"vertical-align: inherit;\"><span style=\"vertical-align: inherit;\">0\u20ac<\/span><\/span><\/td>\n<td width=\"127\"><span style=\"vertical-align: inherit;\"><span style=\"vertical-align: inherit;\">0\u20ac<\/span><\/span><\/td>\n<td width=\"127\"><span style=\"vertical-align: inherit;\"><span style=\"vertical-align: inherit;\">0\u20ac<\/span><\/span><\/td>\n<\/tr>\n<tr>\n<td width=\"148\"><span style=\"vertical-align: inherit;\"><span style=\"vertical-align: inherit;\">Amortizaciones<\/span><\/span><\/td>\n<td width=\"128\"><span style=\"vertical-align: inherit;\"><span style=\"vertical-align: inherit;\">10.685,34\u20ac<\/span><\/span><\/td>\n<td width=\"128\"><span style=\"vertical-align: inherit;\"><span style=\"vertical-align: inherit;\">18.475,60\u20ac<\/span><\/span><\/td>\n<td width=\"127\"><span style=\"vertical-align: inherit;\"><span style=\"vertical-align: inherit;\">15.981,58\u20ac<\/span><\/span><\/td>\n<td width=\"127\"><span style=\"vertical-align: inherit;\"><span style=\"vertical-align: inherit;\">2.190,44\u20ac<\/span><\/span><\/td>\n<td width=\"127\"><span style=\"vertical-align: inherit;\"><span style=\"vertical-align: inherit;\">12.196,41\u20ac<\/span><\/span><\/td>\n<\/tr>\n<tr>\n<td width=\"148\"><strong><span style=\"vertical-align: inherit;\"><span style=\"vertical-align: inherit;\">Total<\/span><\/span><\/strong><\/td>\n<td width=\"128\"><strong><span style=\"vertical-align: inherit;\"><span style=\"vertical-align: inherit;\">556.979,17\u20ac<\/span><\/span><\/strong><\/td>\n<td width=\"128\"><strong><span style=\"vertical-align: inherit;\"><span style=\"vertical-align: inherit;\">602.809,99\u20ac<\/span><\/span><\/strong><\/td>\n<td width=\"127\"><strong><span style=\"vertical-align: inherit;\"><span style=\"vertical-align: inherit;\">469.930,38\u20ac<\/span><\/span><\/strong><\/td>\n<td width=\"127\"><strong><span style=\"vertical-align: inherit;\"><span style=\"vertical-align: inherit;\">457.097,13\u20ac<\/span><\/span><\/strong><\/td>\n<td width=\"127\"><strong><span style=\"vertical-align: inherit;\"><span style=\"vertical-align: inherit;\">534.336,05\u20ac<\/span><\/span><\/strong><\/td>\n<\/tr>\n<\/tbody>\n<\/table>\n<\/div>\n<div id=\"gtx-trans\" style=\"position: absolute; left: 5px; top: 1325.83px;\">\n<div class=\"gtx-trans-icon\"><\/div>\n<\/div>\n<\/div><\/div><\/div><\/div><\/div><\/div><\/div><div class=\"fusion-layout-column fusion_builder_column fusion-builder-column-53 fusion_builder_column_1_2 1_2 fusion-flex-column fusion-animated\" style=\"--awb-padding-top:5%;--awb-padding-right:5%;--awb-padding-bottom:5%;--awb-padding-left:5%;--awb-overflow:hidden;--awb-bg-color:#2282bf;--awb-bg-size:cover;--awb-box-shadow:1px 1px 6px 0px var(--awb-color8);;--awb-border-radius:20px 20px 20px 20px;--awb-width-large:50%;--awb-margin-top-large:0px;--awb-spacing-right-large:3.84%;--awb-margin-bottom-large:20px;--awb-spacing-left-large:3.84%;--awb-width-medium:50%;--awb-order-medium:0;--awb-spacing-right-medium:3.84%;--awb-spacing-left-medium:3.84%;--awb-width-small:100%;--awb-order-small:0;--awb-spacing-right-small:1.92%;--awb-spacing-left-small:1.92%;\" data-animationType=\"fadeInUp\" data-animationDuration=\"0.8\" data-animationDelay=\"1.3\" data-animationOffset=\"top-into-view\"><div class=\"fusion-column-wrapper fusion-column-has-shadow fusion-flex-justify-content-flex-start fusion-content-layout-column\"><div class=\"fusion-title title fusion-title-53 fusion-sep-none fusion-title-text fusion-title-size-four\" style=\"--awb-text-color:var(--awb-color4);\"><h4 class=\"title-heading-left\" style=\"margin:0;\">Marco Legal<\/h4><\/div><div class=\"accordian fusion-accordian\" style=\"--awb-border-size:1px;--awb-icon-size:16px;--awb-content-font-size:var(--awb-typography4-font-size);--awb-icon-alignment:left;--awb-hover-color:var(--awb-color6);--awb-border-color:var(--awb-color3);--awb-background-color:var(--awb-color1);--awb-divider-color:var(--awb-color3);--awb-divider-hover-color:var(--awb-color3);--awb-icon-color:var(--awb-color1);--awb-title-color:var(--awb-color8);--awb-content-color:var(--awb-color8);--awb-icon-box-color:var(--awb-color8);--awb-toggle-hover-accent-color:var(--awb-color4);--awb-toggle-active-accent-color:var(--awb-color4);--awb-title-font-family:var(--awb-typography1-font-family);--awb-title-font-weight:var(--awb-typography1-font-weight);--awb-title-font-style:var(--awb-typography1-font-style);--awb-title-font-size:24px;--awb-title-letter-spacing:var(--awb-typography1-letter-spacing);--awb-title-line-height:var(--awb-typography1-line-height);--awb-content-font-family:var(--awb-typography4-font-family);--awb-content-font-weight:var(--awb-typography4-font-weight);--awb-content-font-style:var(--awb-typography4-font-style);\"><div class=\"panel-group fusion-toggle-icon-boxed\" id=\"accordion-3153-3\"><div class=\"fusion-panel panel-default panel-4b0654c3ae4b67518 fusion-toggle-has-divider\" style=\"--awb-title-color:var(--awb-color8);\"><div class=\"panel-heading\"><h4 class=\"panel-title toggle\" id=\"toggle_4b0654c3ae4b67518\"><a aria-expanded=\"false\" aria-controls=\"4b0654c3ae4b67518\" role=\"button\" data-toggle=\"collapse\" data-parent=\"#accordion-3153-3\" data-target=\"#4b0654c3ae4b67518\" href=\"#4b0654c3ae4b67518\"><span class=\"fusion-toggle-icon-wrapper\" aria-hidden=\"true\"><i class=\"fa-fusion-box active-icon awb-icon-minus\" aria-hidden=\"true\"><\/i><i class=\"fa-fusion-box inactive-icon awb-icon-plus\" aria-hidden=\"true\"><\/i><\/span><span class=\"fusion-toggle-heading\">Marco legal<\/span><\/a><\/h4><\/div><div id=\"4b0654c3ae4b67518\" class=\"panel-collapse collapse \" araia-labelledby=\"toggle_4b0654c3ae4b67518\"><div class=\"panel-body toggle-content fusion-clearfix\">\n<ul>\n<li><a href=\"http:\/\/www.boe.es\/diario_boe\/txt.php?id=BOE-A-1978-31229\">Constituci\u00f3n Espa\u00f1ola de 29 de diciembre 1978<\/a><\/li>\n<li><a href=\"http:\/\/www.parlament.cat\/document\/cataleg\/48089.pdf\">Estatuto de autonom\u00eda de Catalu\u00f1a de 19 de julio de 2006<\/a><\/li>\n<li><a href=\"http:\/\/portaljuridic.gencat.cat\/ca\/pjur_ocults\/pjur_resultats_fitxa\/?action=fitxa&amp;documentId=415692\">Ley 12\/2007, de 11 de octubre, de servicios sociales de Catalu\u00f1a<\/a><\/li>\n<li><a href=\"https:\/\/portaljuridic.gencat.cat\/ca\/document-del-pjur\/?documentId=490798\">Ley 4\/2008, de 24 de abril, del libro tercero del C\u00f3digo civil de Catalu\u00f1a<\/a><\/li>\n<li><a href=\"https:\/\/portaljuridic.gencat.cat\/ca\/document-del-pjur\/?documentId=555976\" target=\"_blank\" rel=\"noopener\">Ley org\u00e1nica 1\/2002, 22 de marzo, reguladora del derecho de asociaci\u00f3n.<\/a><\/li>\n<li><a href=\"https:\/\/portaljuridic.gencat.cat\/ca\/document-del-pjur\/?documentId=726269\">Ley 38\/2003, de 17 noviembre, General de subvenciones<\/a><\/li>\n<li><a href=\"https:\/\/portaljuridic.gencat.cat\/ca\/document-del-pjur\/?documentId=680124\" target=\"_blank\" rel=\"noopener\">Ley 19\/2014, de 29 de diciembre, de transparencia, acceso a la informaci\u00f3n p\u00fablica y buen gobierno.<\/a><\/li>\n<li><a href=\"https:\/\/www.boe.es\/buscar\/doc.php?id=BOE-A-2004-615\">Real decreto 1740\/2003, de 19 de diciembre, sobre los procedimientos relativos a asociaciones de utilidad p\u00fablica<\/a><\/li>\n<li><a href=\"https:\/\/cido.diba.cat\/legislacio\/1365421\/decret-1252010-de-14-de-setembre-de-modificacio-del-pla-de-comptabilitat-de-les-fundacions-i-les-associacions-subjectes-a-la-legislacio-de-la-generalitat-de-catalunya-aprovat-pel-decret-2592008-de-23-de-desembre-departament-de-justicia\" target=\"_blank\" rel=\"noopener\">Decreto 125\/2010, de 14 de septiembre, de modificaci\u00f3n del Plan de contablilidad de las fundaciones y asociaciones sujetas a la legislaci\u00f3n de la Generalidad de Catalu\u00f1a, aprobado por el Decreto 259\/2008, de 23 de diciembre.<\/a><\/li>\n<li><a href=\"http:\/\/www.un.org\/esa\/socdev\/enable\/documents\/tccconvs.pdf\">La Convenci\u00f3n Internacional de la ONU sobre los derechos de las personas con discapacidad (2006)<\/a><\/li>\n<\/ul>\n<p>Aparte de este marco legal, nuestra asociaci\u00f3n est\u00e1 sujeta a la normativa ISO 9001:2015 para la prestaci\u00f3n de servicios de intervenci\u00f3n con personas con s\u00edndrome de Down dirigidos a mejorar su inclusi\u00f3n educativa, familiar, laboral y social.<\/p>\n<\/div><\/div><\/div><div class=\"fusion-panel panel-default panel-5235b23d2364864f4 fusion-toggle-has-divider\" style=\"--awb-title-color:var(--awb-color8);\"><div class=\"panel-heading\"><h4 class=\"panel-title toggle\" id=\"toggle_5235b23d2364864f4\"><a aria-expanded=\"false\" aria-controls=\"5235b23d2364864f4\" role=\"button\" data-toggle=\"collapse\" data-parent=\"#accordion-3153-3\" data-target=\"#5235b23d2364864f4\" href=\"#5235b23d2364864f4\"><span class=\"fusion-toggle-icon-wrapper\" aria-hidden=\"true\"><i class=\"fa-fusion-box active-icon awb-icon-minus\" aria-hidden=\"true\"><\/i><i class=\"fa-fusion-box inactive-icon awb-icon-plus\" aria-hidden=\"true\"><\/i><\/span><span class=\"fusion-toggle-heading\">Certificado de Calidad de DOWN LLEIDA<\/span><\/a><\/h4><\/div><div id=\"5235b23d2364864f4\" class=\"panel-collapse collapse \" araia-labelledby=\"toggle_5235b23d2364864f4\"><div class=\"panel-body toggle-content fusion-clearfix\">\n<p><a href=\"https:\/\/downlleida.org\/wp-content\/uploads\/2024\/09\/18660737-BUP-ASSOCIACIO-LLEIDATANA-SINDROME-DOWN-ESPANOL.pdf\" target=\"_blank\" rel=\"noopener\">Descargar<\/a><\/p>\n<\/div><\/div><\/div><div class=\"fusion-panel panel-default panel-12b36647f7a2f34f1 fusion-toggle-has-divider\" style=\"--awb-title-color:var(--awb-color8);\"><div class=\"panel-heading\"><h4 class=\"panel-title toggle\" id=\"toggle_12b36647f7a2f34f1\"><a aria-expanded=\"false\" aria-controls=\"12b36647f7a2f34f1\" role=\"button\" data-toggle=\"collapse\" data-parent=\"#accordion-3153-3\" data-target=\"#12b36647f7a2f34f1\" href=\"#12b36647f7a2f34f1\"><span class=\"fusion-toggle-icon-wrapper\" aria-hidden=\"true\"><i class=\"fa-fusion-box active-icon awb-icon-minus\" aria-hidden=\"true\"><\/i><i class=\"fa-fusion-box inactive-icon awb-icon-plus\" aria-hidden=\"true\"><\/i><\/span><span class=\"fusion-toggle-heading\"> Certificado de la Fundaci\u00f3n Lealtad<\/span><\/a><\/h4><\/div><div id=\"12b36647f7a2f34f1\" class=\"panel-collapse collapse \" araia-labelledby=\"toggle_12b36647f7a2f34f1\"><div class=\"panel-body toggle-content fusion-clearfix\"><img decoding=\"async\" class=\"lazyload alignnone size-full wp-image-2407\" src=\"https:\/\/downlleida.org\/wp-content\/uploads\/2023\/04\/Sello_dona_con_confianza__CAT_CMYK_Color@4x.png\" data-orig-src=\"https:\/\/downlleida.org\/wp-content\/uploads\/2023\/04\/Sello_dona_con_confianza__CAT_CMYK_Color@4x.png\" alt=\"\" width=\"200px\" height=\"auto\" srcset=\"data:image\/svg+xml,%3Csvg%20xmlns%3D%27http%3A%2F%2Fwww.w3.org%2F2000%2Fsvg%27%20width%3D%27200%27%20height%3D%270%27%20viewBox%3D%270%200%20200%200%27%3E%3Crect%20width%3D%27200%27%20height%3D%270%27%20fill-opacity%3D%220%22%2F%3E%3C%2Fsvg%3E\" data-srcset=\"https:\/\/downlleida.org\/wp-content\/uploads\/2023\/04\/Sello_dona_con_confianza__CAT_CMYK_Color@4x-200x89.png 200w, https:\/\/downlleida.org\/wp-content\/uploads\/2023\/04\/Sello_dona_con_confianza__CAT_CMYK_Color@4x-300x133.png 300w, https:\/\/downlleida.org\/wp-content\/uploads\/2023\/04\/Sello_dona_con_confianza__CAT_CMYK_Color@4x-400x178.png 400w, https:\/\/downlleida.org\/wp-content\/uploads\/2023\/04\/Sello_dona_con_confianza__CAT_CMYK_Color@4x-600x267.png 600w, https:\/\/downlleida.org\/wp-content\/uploads\/2023\/04\/Sello_dona_con_confianza__CAT_CMYK_Color@4x-768x342.png 768w, https:\/\/downlleida.org\/wp-content\/uploads\/2023\/04\/Sello_dona_con_confianza__CAT_CMYK_Color@4x-800x356.png 800w, https:\/\/downlleida.org\/wp-content\/uploads\/2023\/04\/Sello_dona_con_confianza__CAT_CMYK_Color@4x.png 1009w\" data-sizes=\"auto\" data-orig-sizes=\"(max-width: 1009px) 100vw, 1009px\" \/><\/p>\n<p><a href=\"https:\/\/downlleida.org\/wp-content\/uploads\/2023\/04\/FL_Nuevodocumentodeacreditacion_DownLleida.pdf\">Descargar<\/a><\/div><\/div><\/div><div class=\"fusion-panel panel-default panel-57134b15e2095463e fusion-toggle-has-divider\" style=\"--awb-title-color:var(--awb-color8);\"><div class=\"panel-heading\"><h4 class=\"panel-title toggle\" id=\"toggle_57134b15e2095463e\"><a aria-expanded=\"false\" aria-controls=\"57134b15e2095463e\" role=\"button\" data-toggle=\"collapse\" data-parent=\"#accordion-3153-3\" data-target=\"#57134b15e2095463e\" href=\"#57134b15e2095463e\"><span class=\"fusion-toggle-icon-wrapper\" aria-hidden=\"true\"><i class=\"fa-fusion-box active-icon awb-icon-minus\" aria-hidden=\"true\"><\/i><i class=\"fa-fusion-box inactive-icon awb-icon-plus\" aria-hidden=\"true\"><\/i><\/span><span class=\"fusion-toggle-heading\">Pol\u00edtica de calidad<\/span><\/a><\/h4><\/div><div id=\"57134b15e2095463e\" class=\"panel-collapse collapse \" araia-labelledby=\"toggle_57134b15e2095463e\"><div class=\"panel-body toggle-content fusion-clearfix\">\n<p><a href=\"https:\/\/downlleida.org\/wp-content\/uploads\/2025\/10\/DP-Declaracion-Politica-de-Calidad-Revision-05.pdf\">Descargar\u00a0<\/a><\/p>\n<\/div><\/div><\/div><div class=\"fusion-panel panel-default panel-491bfc00caae6832c fusion-toggle-has-divider\" style=\"--awb-title-color:var(--awb-color8);\"><div class=\"panel-heading\"><h4 class=\"panel-title toggle\" id=\"toggle_491bfc00caae6832c\"><a aria-expanded=\"false\" aria-controls=\"491bfc00caae6832c\" role=\"button\" data-toggle=\"collapse\" data-parent=\"#accordion-3153-3\" data-target=\"#491bfc00caae6832c\" href=\"#491bfc00caae6832c\"><span class=\"fusion-toggle-icon-wrapper\" aria-hidden=\"true\"><i class=\"fa-fusion-box active-icon awb-icon-minus\" aria-hidden=\"true\"><\/i><i class=\"fa-fusion-box inactive-icon awb-icon-plus\" aria-hidden=\"true\"><\/i><\/span><span class=\"fusion-toggle-heading\">C\u00f3digo \u00c9tico DOWN LLEIDA<\/span><\/a><\/h4><\/div><div id=\"491bfc00caae6832c\" class=\"panel-collapse collapse \" araia-labelledby=\"toggle_491bfc00caae6832c\"><div class=\"panel-body toggle-content fusion-clearfix\">\n<p><a href=\"https:\/\/downlleida.org\/wp-content\/uploads\/2023\/06\/Codi-Etic-DOWN-LLEIDA-CATALA-v2.pdf\" target=\"_blank\" rel=\"noopener\">Descargar<\/a><\/p>\n<\/div><\/div><\/div><div class=\"fusion-panel panel-default panel-9bc037ce2119db224 fusion-toggle-has-divider\" style=\"--awb-title-color:var(--awb-color8);\"><div class=\"panel-heading\"><h4 class=\"panel-title toggle\" id=\"toggle_9bc037ce2119db224\"><a aria-expanded=\"false\" aria-controls=\"9bc037ce2119db224\" role=\"button\" data-toggle=\"collapse\" data-parent=\"#accordion-3153-3\" data-target=\"#9bc037ce2119db224\" href=\"#9bc037ce2119db224\"><span class=\"fusion-toggle-icon-wrapper\" aria-hidden=\"true\"><i class=\"fa-fusion-box active-icon awb-icon-minus\" aria-hidden=\"true\"><\/i><i class=\"fa-fusion-box inactive-icon awb-icon-plus\" aria-hidden=\"true\"><\/i><\/span><span class=\"fusion-toggle-heading\">Plan de Igualdad<\/span><\/a><\/h4><\/div><div id=\"9bc037ce2119db224\" class=\"panel-collapse collapse \" araia-labelledby=\"toggle_9bc037ce2119db224\"><div class=\"panel-body toggle-content fusion-clearfix\">\n<p><a href=\"https:\/\/downlleida.org\/wp-content\/uploads\/2023\/07\/I-Plan-Igualdad-Down-Lleida.pdf\" target=\"_blank\" rel=\"noopener\">Descargar<\/a><\/p>\n<\/div><\/div><\/div><\/div><\/div><\/div><\/div><div class=\"fusion-layout-column fusion_builder_column fusion-builder-column-54 fusion_builder_column_1_2 1_2 fusion-flex-column fusion-animated\" style=\"--awb-padding-top:5%;--awb-padding-right:5%;--awb-padding-bottom:5%;--awb-padding-left:5%;--awb-overflow:hidden;--awb-bg-color:#2282bf;--awb-bg-size:cover;--awb-box-shadow:1px 1px 6px 0px var(--awb-color8);;--awb-border-radius:20px 20px 20px 20px;--awb-width-large:50%;--awb-margin-top-large:0px;--awb-spacing-right-large:3.84%;--awb-margin-bottom-large:20px;--awb-spacing-left-large:3.84%;--awb-width-medium:50%;--awb-order-medium:0;--awb-spacing-right-medium:3.84%;--awb-spacing-left-medium:3.84%;--awb-width-small:100%;--awb-order-small:0;--awb-spacing-right-small:1.92%;--awb-spacing-left-small:1.92%;\" data-animationType=\"fadeInUp\" data-animationDuration=\"0.8\" data-animationDelay=\"1.3\" data-animationOffset=\"top-into-view\"><div class=\"fusion-column-wrapper fusion-column-has-shadow fusion-flex-justify-content-flex-start fusion-content-layout-column\"><div class=\"fusion-title title fusion-title-54 fusion-sep-none fusion-title-text fusion-title-size-four\" style=\"--awb-text-color:var(--awb-color4);\"><h4 class=\"title-heading-left\" style=\"margin:0;\">Trabajo en red<\/h4><\/div><ul style=\"--awb-line-height:27.2px;--awb-icon-width:27.2px;--awb-icon-height:27.2px;--awb-icon-margin:11.2px;--awb-content-margin:38.4px;--awb-circlecolor:var(--awb-color4);--awb-circle-yes-font-size:14.08px;\" class=\"fusion-checklist fusion-checklist-2 fusion-checklist-default type-icons\"><li class=\"fusion-li-item\" style=\"\"><span class=\"icon-wrapper circle-yes\"><i class=\"fusion-li-icon awb-icon-check\" aria-hidden=\"true\"><\/i><\/span><div class=\"fusion-li-item-content\"><a href=\"http:\/\/sindromedown.cat\/\">DOWN CATALU\u00d1A<\/a> (Coordinadora s\u00edndrome de Down de Catalunya)<\/div><\/li><li class=\"fusion-li-item\" style=\"\"><span class=\"icon-wrapper circle-yes\"><i class=\"fusion-li-icon awb-icon-check\" aria-hidden=\"true\"><\/i><\/span><div class=\"fusion-li-item-content\">\n<p><a href=\"https:\/\/www.sindromedown.net\/\">DOWN ESPA\u00d1A<\/a> Integrada dentro de Red Nacional de Vida Independiente (RNVI), Red Integra (Trabajo), Red Nacional de Hermanos (RNHER) y Red Nacional de Educaci\u00f3n Inclusiva (RNED)<\/p>\n<\/div><\/li><li class=\"fusion-li-item\" style=\"\"><span class=\"icon-wrapper circle-yes\"><i class=\"fusion-li-icon awb-icon-check\" aria-hidden=\"true\"><\/i><\/span><div class=\"fusion-li-item-content\">\n<p><a href=\"http:\/\/www.actas.cat\/castellano\/\">ACTAS<\/a> (Asociaci\u00f3n Catalana de Trabajo con Apoyo)<\/p>\n<\/div><\/li><li class=\"fusion-li-item\" style=\"\"><span class=\"icon-wrapper circle-yes\"><i class=\"fusion-li-icon awb-icon-check\" aria-hidden=\"true\"><\/i><\/span><div class=\"fusion-li-item-content\">\n<p><a href=\"http:\/\/voluntaris.cat\/\">FCVS<\/a> (Federaci\u00f3n Catalana de Voluntariado Social)<\/p>\n<\/div><\/li><\/ul><\/div><\/div><\/div><\/div><\/div><div id=\"ods\" class=\"fusion-container-anchor\"><div class=\"fusion-fullwidth fullwidth-box fusion-builder-row-12 fusion-flex-container has-pattern-background has-mask-background nonhundred-percent-fullwidth non-hundred-percent-height-scrolling\" style=\"--link_hover_color: var(--awb-color2);--link_color: var(--awb-color4);--awb-background-position:left top;--awb-border-sizes-top:0px;--awb-border-sizes-bottom:0px;--awb-border-sizes-left:0px;--awb-border-sizes-right:0px;--awb-border-radius-top-left:0px;--awb-border-radius-top-right:0px;--awb-border-radius-bottom-right:0px;--awb-border-radius-bottom-left:0px;--awb-padding-top:80px;--awb-padding-bottom:0px;--awb-padding-top-medium:90px;--awb-padding-bottom-medium:90px;--awb-margin-top:0px;--awb-margin-bottom:0px;--awb-margin-bottom-medium:0px;--awb-background-color:#f4f4f4;\" ><div class=\"fusion-builder-row fusion-row fusion-flex-align-items-flex-start fusion-flex-justify-content-center\" style=\"max-width:calc( 1200px + 120px );margin-left: calc(-120px \/ 2 );margin-right: calc(-120px \/ 2 );\"><div class=\"fusion-layout-column fusion_builder_column fusion-builder-column-55 fusion_builder_column_3_5 3_5 fusion-flex-column fusion-flex-align-self-flex-start fusion-column-no-min-height fusion-animated\" style=\"--awb-padding-right-medium:0px;--awb-padding-left-medium:0px;--awb-bg-blend:overlay;--awb-bg-size:cover;--awb-width-large:60%;--awb-margin-top-large:0px;--awb-spacing-right-large:calc( 0.13333333333333 * calc( 100% - 120px ) );--awb-margin-bottom-large:90px;--awb-spacing-left-large:60px;--awb-width-medium:50%;--awb-spacing-right-medium:calc( 0.16 * calc( 100% - 120px ) );--awb-margin-bottom-medium:49px;--awb-spacing-left-medium:60px;--awb-width-small:100%;--awb-spacing-right-small:60px;--awb-margin-bottom-small:0px;--awb-spacing-left-small:60px;\" data-animationType=\"fadeIn\" data-animationDuration=\"0.8\" data-animationOffset=\"top-into-view\"><div class=\"fusion-column-wrapper fusion-flex-justify-content-flex-start fusion-content-layout-column\"><div class=\"fusion-title title fusion-title-55 fusion-sep-none fusion-title-text fusion-title-size-four\" style=\"--awb-text-color:var(--awb-color5);--awb-margin-bottom:10px;\"><h4 class=\"title-heading-left\" style=\"margin:0;\"><span style=\"vertical-align: inherit;\"><span style=\"vertical-align: inherit;\">Objetivos Desarrollo Sostenible<\/span><\/span><\/h4><\/div><div class=\"fusion-text fusion-text-38\" style=\"--awb-text-color:var(--awb-color8);\"><p><span style=\"vertical-align: inherit;\"><span style=\"vertical-align: inherit;\">Desde Down Lleida nos comprometemos con los Objetivos de Desarrollo Sostenible (ODS) de Naciones Unidas.<\/span><\/span><\/p>\n<p><span style=\"vertical-align: inherit;\"><span style=\"vertical-align: inherit;\">El 25 de septiembre de 2015 fue aprobada por la Asamblea General de Naciones Unidas la Agenda 2030 de Desarrollo Sostenible, con los objetivos de erradicar la pobreza, luchar contra las desigualdades y la injusticia, y poner freno al cambio clim\u00e1tico, entre otros.<\/span><\/span><\/p>\n<p><span style=\"vertical-align: inherit;\"><span class=\"\" style=\"vertical-align: inherit;\">Estos objetivos tienen en cuenta a cada una de las personas con sus necesidades y potencialidades, por eso creemos que sigue nuestra l\u00ednea de trabajo de la Planificaci\u00f3n Centro en la Persona y progresivamente lo estamos incorporando a nuestro pr\u00f3ximo plan estrat\u00e9gico para los pr\u00f3ximos a\u00f1os.<\/span><\/span><\/p>\n<\/div><\/div><\/div><div class=\"fusion-layout-column fusion_builder_column fusion-builder-column-56 fusion_builder_column_2_5 2_5 fusion-flex-column fusion-flex-align-self-flex-end fusion-column-no-min-height fusion-animated\" style=\"--awb-padding-right-medium:0px;--awb-padding-left-medium:0px;--awb-bg-blend:overlay;--awb-bg-size:cover;--awb-width-large:40%;--awb-margin-top-large:0px;--awb-spacing-right-large:60px;--awb-margin-bottom-large:80px;--awb-spacing-left-large:calc( 0.04 * calc( 100% - 120px ) );--awb-width-medium:50%;--awb-spacing-right-medium:60px;--awb-margin-bottom-medium:49px;--awb-spacing-left-medium:calc( 0.032 * calc( 100% - 120px ) );--awb-width-small:100%;--awb-spacing-right-small:60px;--awb-margin-bottom-small:30px;--awb-spacing-left-small:60px;\" data-animationType=\"fadeIn\" data-animationDuration=\"0.8\" data-animationOffset=\"top-into-view\"><div class=\"fusion-column-wrapper fusion-flex-justify-content-flex-end fusion-content-layout-column\"><div class=\"fusion-text fusion-text-39\" style=\"--awb-text-color:var(--awb-color8);\"><p><b style=\"font-size: 16px; color: var(--awb-color5);\" data-fusion-font=\"true\"><span style=\"vertical-align: inherit;\"><span class=\"\" style=\"vertical-align: inherit;\">\u00bfTE SUMAS T\u00da TAMBI\u00c9N A TRANSFORMAR NUESTRO MUNDO?<\/span><\/span><\/b><br \/>\n<span style=\"vertical-align: inherit;\"><span class=\"\" style=\"vertical-align: inherit;\"> Y aqu\u00ed puede encontrar un video resumen de cada uno de los Objetivos de Desarrollo Sostenible explicados por miembros de DOWN LLEIDA.<\/span><\/span><\/p>\n<\/div><div class=\"fusion-video fusion-youtube\" style=\"--awb-max-width:600px;--awb-max-height:360px;\"><div class=\"video-shortcode\"><div class=\"fluid-width-video-wrapper\" style=\"padding-top:60%;\" ><iframe class=\"lazyload\" title=\"YouTube video player 1\" src=\"data:image\/svg+xml,%3Csvg%20xmlns%3D%27http%3A%2F%2Fwww.w3.org%2F2000%2Fsvg%27%20width%3D%27600%27%20height%3D%27360%27%20viewBox%3D%270%200%20600%20360%27%3E%3Crect%20width%3D%27600%27%20height%3D%27360%27%20fill-opacity%3D%220%22%2F%3E%3C%2Fsvg%3E\" data-orig-src=\"https:\/\/www.youtube.com\/embed\/aXABxgB3xgg?wmode=transparent&autoplay=0\" width=\"600\" height=\"360\" allowfullscreen allow=\"autoplay; fullscreen\"><\/iframe><\/div><\/div><\/div><\/div><\/div><div class=\"fusion-layout-column fusion_builder_column fusion-builder-column-57 fusion_builder_column_1_4 1_4 fusion-flex-column fusion-animated\" style=\"--awb-bg-size:cover;--awb-width-large:25%;--awb-margin-top-large:0px;--awb-spacing-right-large:20px;--awb-margin-bottom-large:70px;--awb-spacing-left-large:20px;--awb-width-medium:25%;--awb-order-medium:0;--awb-spacing-right-medium:20px;--awb-spacing-left-medium:20px;--awb-width-small:100%;--awb-order-small:0;--awb-spacing-right-small:60px;--awb-margin-bottom-small:55px;--awb-spacing-left-small:60px;--awb-animation-color:hsla(var(--awb-color7-h),var(--awb-color7-s),calc(var(--awb-color7-l) + 5%),var(--awb-color7-a));\" data-animationType=\"revealInLeft\" data-animationDuration=\"1.3\" data-animationOffset=\"top-into-view\"><div class=\"fusion-column-wrapper fusion-column-has-shadow fusion-flex-justify-content-flex-start fusion-content-layout-column\"><div class=\"fusion-image-element \" style=\"text-align:center;--awb-aspect-ratio: 100 \/ 90;--awb-margin-bottom:35px;--awb-max-width:150px;--awb-caption-title-size:var(--h2_typography-font-size);--awb-caption-title-transform:var(--h2_typography-text-transform);--awb-caption-title-line-height:var(--h2_typography-line-height);--awb-caption-title-letter-spacing:var(--h2_typography-letter-spacing);\"><div style=\"display:inline-block;width:150px;\"><span class=\" fusion-imageframe imageframe-none imageframe-30 hover-type-none has-aspect-ratio\"><img decoding=\"async\" width=\"150\" height=\"150\" title=\"1cat-150&#215;150\" src=\"data:image\/svg+xml,%3Csvg%20xmlns%3D%27http%3A%2F%2Fwww.w3.org%2F2000%2Fsvg%27%20width%3D%27150%27%20height%3D%27150%27%20viewBox%3D%270%200%20150%20150%27%3E%3Crect%20width%3D%27150%27%20height%3D%27150%27%20fill-opacity%3D%220%22%2F%3E%3C%2Fsvg%3E\" data-orig-src=\"https:\/\/downlleida.org\/wp-content\/uploads\/2024\/01\/1cat-150x150-1.png\" class=\"lazyload img-responsive wp-image-4575 img-with-aspect-ratio\" alt \/><\/span><\/div><\/div><div class=\"fusion-title title fusion-title-56 fusion-sep-none fusion-title-center fusion-title-text fusion-title-size-three\" style=\"--awb-text-color:var(--awb-color5);--awb-margin-top:0px;--awb-margin-bottom:5px;--awb-font-size:25px;\"><h3 class=\"title-heading-center\" style=\"margin:0;font-size:1em;\"><span style=\"vertical-align: inherit;\"><span style=\"vertical-align: inherit;\">Fin de la pobreza<\/span><\/span><\/h3><\/div><div class=\"fusion-text fusion-text-40 fusion-text-no-margin\" style=\"--awb-content-alignment:center;--awb-font-size:var(--awb-typography5-font-size);--awb-line-height:var(--awb-typography5-line-height);--awb-letter-spacing:var(--awb-typography5-letter-spacing);--awb-text-transform:var(--awb-typography5-text-transform);--awb-text-color:var(--awb-color8);--awb-text-font-family:var(--awb-typography5-font-family);--awb-text-font-weight:var(--awb-typography5-font-weight);--awb-text-font-style:var(--awb-typography5-font-style);\"><p><span style=\"vertical-align: inherit;\"><span style=\"vertical-align: inherit;\">Nuestra \u00e1rea de atenci\u00f3n a las personas vela por qu\u00e9 todas las personas puedan tener cubiertas sus necesidades b\u00e1sicas y para reducir la situaci\u00f3n de pobreza por motivo de la discapacidad.<\/span><\/span><\/p>\n<\/div><\/div><\/div><div class=\"fusion-layout-column fusion_builder_column fusion-builder-column-58 fusion_builder_column_1_4 1_4 fusion-flex-column fusion-animated\" style=\"--awb-bg-size:cover;--awb-width-large:25%;--awb-margin-top-large:0px;--awb-spacing-right-large:20px;--awb-margin-bottom-large:70px;--awb-spacing-left-large:20px;--awb-width-medium:25%;--awb-order-medium:0;--awb-spacing-right-medium:20px;--awb-spacing-left-medium:20px;--awb-width-small:100%;--awb-order-small:0;--awb-spacing-right-small:60px;--awb-margin-bottom-small:55px;--awb-spacing-left-small:60px;--awb-animation-color:hsla(var(--awb-color7-h),var(--awb-color7-s),calc(var(--awb-color7-l) + 5%),var(--awb-color7-a));\" data-animationType=\"revealInLeft\" data-animationDuration=\"1.3\" data-animationOffset=\"top-into-view\"><div class=\"fusion-column-wrapper fusion-column-has-shadow fusion-flex-justify-content-flex-start fusion-content-layout-column\"><div class=\"fusion-image-element \" style=\"text-align:center;--awb-aspect-ratio: 100 \/ 90;--awb-margin-bottom:35px;--awb-max-width:150px;--awb-caption-title-size:var(--h2_typography-font-size);--awb-caption-title-transform:var(--h2_typography-text-transform);--awb-caption-title-line-height:var(--h2_typography-line-height);--awb-caption-title-letter-spacing:var(--h2_typography-letter-spacing);\"><div style=\"display:inline-block;width:150px;\"><span class=\" fusion-imageframe imageframe-none imageframe-31 hover-type-none has-aspect-ratio\"><img decoding=\"async\" width=\"150\" height=\"150\" title=\"3cat-150&#215;150\" src=\"data:image\/svg+xml,%3Csvg%20xmlns%3D%27http%3A%2F%2Fwww.w3.org%2F2000%2Fsvg%27%20width%3D%27150%27%20height%3D%27150%27%20viewBox%3D%270%200%20150%20150%27%3E%3Crect%20width%3D%27150%27%20height%3D%27150%27%20fill-opacity%3D%220%22%2F%3E%3C%2Fsvg%3E\" data-orig-src=\"https:\/\/downlleida.org\/wp-content\/uploads\/2024\/01\/3cat-150x150-1.png\" class=\"lazyload img-responsive wp-image-4577 img-with-aspect-ratio\" alt \/><\/span><\/div><\/div><div class=\"fusion-title title fusion-title-57 fusion-sep-none fusion-title-center fusion-title-text fusion-title-size-three\" style=\"--awb-text-color:var(--awb-color5);--awb-margin-top:0px;--awb-margin-bottom:5px;--awb-font-size:25px;\"><h3 class=\"title-heading-center\" style=\"margin:0;font-size:1em;\"><span style=\"vertical-align: inherit;\"><span style=\"vertical-align: inherit;\">Salud y Bienestar<\/span><\/span><\/h3><\/div><div class=\"fusion-text fusion-text-41 fusion-text-no-margin\" style=\"--awb-content-alignment:center;--awb-font-size:var(--awb-typography5-font-size);--awb-line-height:var(--awb-typography5-line-height);--awb-letter-spacing:var(--awb-typography5-letter-spacing);--awb-text-transform:var(--awb-typography5-text-transform);--awb-text-color:var(--awb-color8);--awb-text-font-family:var(--awb-typography5-font-family);--awb-text-font-weight:var(--awb-typography5-font-weight);--awb-text-font-style:var(--awb-typography5-font-style);\"><p><span style=\"vertical-align: inherit;\"><span style=\"vertical-align: inherit;\">Promoci\u00f3n activa de la salud y bienestar de las personas con discapacidad y sus familias, mediante proyectos deportivos, de alimentaci\u00f3n y h\u00e1bitos saludables. Atenci\u00f3n psicol\u00f3gica a todas las personas y promoci\u00f3n de un envejecimiento activo e inclusivo.<\/span><\/span><\/p>\n<\/div><\/div><\/div><div class=\"fusion-layout-column fusion_builder_column fusion-builder-column-59 fusion_builder_column_1_4 1_4 fusion-flex-column fusion-animated\" style=\"--awb-bg-size:cover;--awb-width-large:25%;--awb-margin-top-large:0px;--awb-spacing-right-large:20px;--awb-margin-bottom-large:70px;--awb-spacing-left-large:20px;--awb-width-medium:25%;--awb-order-medium:0;--awb-spacing-right-medium:20px;--awb-spacing-left-medium:20px;--awb-width-small:100%;--awb-order-small:0;--awb-spacing-right-small:60px;--awb-margin-bottom-small:55px;--awb-spacing-left-small:60px;--awb-animation-color:hsla(var(--awb-color7-h),var(--awb-color7-s),calc(var(--awb-color7-l) + 5%),var(--awb-color7-a));\" data-animationType=\"revealInLeft\" data-animationDuration=\"1.3\" data-animationOffset=\"top-into-view\"><div class=\"fusion-column-wrapper fusion-column-has-shadow fusion-flex-justify-content-flex-start fusion-content-layout-column\"><div class=\"fusion-image-element \" style=\"text-align:center;--awb-aspect-ratio: 100 \/ 90;--awb-margin-bottom:35px;--awb-max-width:150px;--awb-caption-title-size:var(--h2_typography-font-size);--awb-caption-title-transform:var(--h2_typography-text-transform);--awb-caption-title-line-height:var(--h2_typography-line-height);--awb-caption-title-letter-spacing:var(--h2_typography-letter-spacing);\"><div style=\"display:inline-block;width:150px;\"><span class=\" fusion-imageframe imageframe-none imageframe-32 hover-type-none has-aspect-ratio\"><img decoding=\"async\" width=\"150\" height=\"150\" title=\"4cat-150&#215;150\" src=\"data:image\/svg+xml,%3Csvg%20xmlns%3D%27http%3A%2F%2Fwww.w3.org%2F2000%2Fsvg%27%20width%3D%27150%27%20height%3D%27150%27%20viewBox%3D%270%200%20150%20150%27%3E%3Crect%20width%3D%27150%27%20height%3D%27150%27%20fill-opacity%3D%220%22%2F%3E%3C%2Fsvg%3E\" data-orig-src=\"https:\/\/downlleida.org\/wp-content\/uploads\/2024\/01\/4cat-150x150-1.png\" class=\"lazyload img-responsive wp-image-4579 img-with-aspect-ratio\" alt \/><\/span><\/div><\/div><div class=\"fusion-title title fusion-title-58 fusion-sep-none fusion-title-center fusion-title-text fusion-title-size-three\" style=\"--awb-text-color:var(--awb-color5);--awb-margin-top:0px;--awb-margin-bottom:5px;--awb-font-size:25px;\"><h3 class=\"title-heading-center\" style=\"margin:0;font-size:1em;\"><span style=\"vertical-align: inherit;\"><span style=\"vertical-align: inherit;\">Educaci\u00f3n de calidad<\/span><\/span><\/h3><\/div><div class=\"fusion-text fusion-text-42 fusion-text-no-margin\" style=\"--awb-content-alignment:center;--awb-font-size:var(--awb-typography5-font-size);--awb-line-height:var(--awb-typography5-line-height);--awb-letter-spacing:var(--awb-typography5-letter-spacing);--awb-text-transform:var(--awb-typography5-text-transform);--awb-text-color:var(--awb-color8);--awb-text-font-family:var(--awb-typography5-font-family);--awb-text-font-weight:var(--awb-typography5-font-weight);--awb-text-font-style:var(--awb-typography5-font-style);\"><p><span style=\"vertical-align: inherit;\"><span style=\"vertical-align: inherit;\">Promoci\u00f3n de la educaci\u00f3n inclusiva de calidad para personas con s\u00edndrome de Down y discapacidad intelectual. Formaci\u00f3n del profesorado. Sensibilizaci\u00f3n en la comunidad educativa.<\/span><\/span><\/p>\n<\/div><\/div><\/div><div class=\"fusion-layout-column fusion_builder_column fusion-builder-column-60 fusion_builder_column_1_4 1_4 fusion-flex-column fusion-animated\" style=\"--awb-bg-size:cover;--awb-width-large:25%;--awb-margin-top-large:0px;--awb-spacing-right-large:20px;--awb-margin-bottom-large:70px;--awb-spacing-left-large:20px;--awb-width-medium:25%;--awb-order-medium:0;--awb-spacing-right-medium:20px;--awb-spacing-left-medium:20px;--awb-width-small:100%;--awb-order-small:0;--awb-spacing-right-small:60px;--awb-margin-bottom-small:55px;--awb-spacing-left-small:60px;--awb-animation-color:hsla(var(--awb-color7-h),var(--awb-color7-s),calc(var(--awb-color7-l) + 5%),var(--awb-color7-a));\" data-animationType=\"revealInLeft\" data-animationDuration=\"1.3\" data-animationOffset=\"top-into-view\"><div class=\"fusion-column-wrapper fusion-column-has-shadow fusion-flex-justify-content-flex-start fusion-content-layout-column\"><div class=\"fusion-image-element \" style=\"text-align:center;--awb-aspect-ratio: 100 \/ 90;--awb-margin-bottom:35px;--awb-max-width:150px;--awb-caption-title-size:var(--h2_typography-font-size);--awb-caption-title-transform:var(--h2_typography-text-transform);--awb-caption-title-line-height:var(--h2_typography-line-height);--awb-caption-title-letter-spacing:var(--h2_typography-letter-spacing);\"><div style=\"display:inline-block;width:150px;\"><span class=\" fusion-imageframe imageframe-none imageframe-33 hover-type-none has-aspect-ratio\"><img decoding=\"async\" width=\"150\" height=\"150\" title=\"5cat-150&#215;150\" src=\"data:image\/svg+xml,%3Csvg%20xmlns%3D%27http%3A%2F%2Fwww.w3.org%2F2000%2Fsvg%27%20width%3D%27150%27%20height%3D%27150%27%20viewBox%3D%270%200%20150%20150%27%3E%3Crect%20width%3D%27150%27%20height%3D%27150%27%20fill-opacity%3D%220%22%2F%3E%3C%2Fsvg%3E\" data-orig-src=\"https:\/\/downlleida.org\/wp-content\/uploads\/2024\/01\/5cat-150x150-1.png\" class=\"lazyload img-responsive wp-image-4581 img-with-aspect-ratio\" alt \/><\/span><\/div><\/div><div class=\"fusion-title title fusion-title-59 fusion-sep-none fusion-title-center fusion-title-text fusion-title-size-three\" style=\"--awb-text-color:var(--awb-color5);--awb-margin-top:0px;--awb-margin-bottom:5px;--awb-font-size:25px;\"><h3 class=\"title-heading-center\" style=\"margin:0;font-size:1em;\"><span style=\"vertical-align: inherit;\"><span style=\"vertical-align: inherit;\">Igualdad de g\u00e9nero<\/span><\/span><\/h3><\/div><div class=\"fusion-text fusion-text-43 fusion-text-no-margin\" style=\"--awb-content-alignment:center;--awb-font-size:var(--awb-typography5-font-size);--awb-line-height:var(--awb-typography5-line-height);--awb-letter-spacing:var(--awb-typography5-letter-spacing);--awb-text-transform:var(--awb-typography5-text-transform);--awb-text-color:var(--awb-color8);--awb-text-font-family:var(--awb-typography5-font-family);--awb-text-font-weight:var(--awb-typography5-font-weight);--awb-text-font-style:var(--awb-typography5-font-style);\"><p><span style=\"vertical-align: inherit;\"><span style=\"vertical-align: inherit;\">Alcanzar la igualdad de g\u00e9nero entre mujeres y hombres con discapacidad, para que puedan tener las mismas oportunidades. Velamos por la igualdad de g\u00e9nero en el organigrama de la entidad.<\/span><\/span><\/p>\n<\/div><\/div><\/div><div class=\"fusion-layout-column fusion_builder_column fusion-builder-column-61 fusion_builder_column_1_4 1_4 fusion-flex-column fusion-animated\" style=\"--awb-bg-size:cover;--awb-width-large:25%;--awb-margin-top-large:0px;--awb-spacing-right-large:20px;--awb-margin-bottom-large:70px;--awb-spacing-left-large:20px;--awb-width-medium:25%;--awb-order-medium:0;--awb-spacing-right-medium:20px;--awb-spacing-left-medium:20px;--awb-width-small:100%;--awb-order-small:0;--awb-spacing-right-small:60px;--awb-margin-bottom-small:55px;--awb-spacing-left-small:60px;--awb-animation-color:hsla(var(--awb-color7-h),var(--awb-color7-s),calc(var(--awb-color7-l) + 5%),var(--awb-color7-a));\" data-animationType=\"revealInLeft\" data-animationDuration=\"1.3\" data-animationOffset=\"top-into-view\"><div class=\"fusion-column-wrapper fusion-column-has-shadow fusion-flex-justify-content-flex-start fusion-content-layout-column\"><div class=\"fusion-image-element \" style=\"text-align:center;--awb-aspect-ratio: 100 \/ 90;--awb-margin-bottom:35px;--awb-max-width:150px;--awb-caption-title-size:var(--h2_typography-font-size);--awb-caption-title-transform:var(--h2_typography-text-transform);--awb-caption-title-line-height:var(--h2_typography-line-height);--awb-caption-title-letter-spacing:var(--h2_typography-letter-spacing);\"><div style=\"display:inline-block;width:150px;\"><span class=\" fusion-imageframe imageframe-none imageframe-34 hover-type-none has-aspect-ratio\"><img decoding=\"async\" width=\"150\" height=\"150\" title=\"8cat-150&#215;150\" src=\"data:image\/svg+xml,%3Csvg%20xmlns%3D%27http%3A%2F%2Fwww.w3.org%2F2000%2Fsvg%27%20width%3D%27150%27%20height%3D%27150%27%20viewBox%3D%270%200%20150%20150%27%3E%3Crect%20width%3D%27150%27%20height%3D%27150%27%20fill-opacity%3D%220%22%2F%3E%3C%2Fsvg%3E\" data-orig-src=\"https:\/\/downlleida.org\/wp-content\/uploads\/2024\/01\/8cat-150x150-1.png\" class=\"lazyload img-responsive wp-image-4583 img-with-aspect-ratio\" alt \/><\/span><\/div><\/div><div class=\"fusion-title title fusion-title-60 fusion-sep-none fusion-title-center fusion-title-text fusion-title-size-three\" style=\"--awb-text-color:var(--awb-color5);--awb-margin-top:0px;--awb-margin-bottom:5px;--awb-font-size:25px;\"><h3 class=\"title-heading-center\" style=\"margin:0;font-size:1em;\"><span style=\"vertical-align: inherit;\"><span style=\"vertical-align: inherit;\">Trabajo decente y crecimiento econ\u00f3mico<\/span><\/span><\/h3><\/div><div class=\"fusion-text fusion-text-44 fusion-text-no-margin\" style=\"--awb-content-alignment:center;--awb-font-size:var(--awb-typography5-font-size);--awb-line-height:var(--awb-typography5-line-height);--awb-letter-spacing:var(--awb-typography5-letter-spacing);--awb-text-transform:var(--awb-typography5-text-transform);--awb-text-color:var(--awb-color8);--awb-text-font-family:var(--awb-typography5-font-family);--awb-text-font-weight:var(--awb-typography5-font-weight);--awb-text-font-style:var(--awb-typography5-font-style);\"><p><span style=\"vertical-align: inherit;\"><span style=\"vertical-align: inherit;\">Nuestra \u00e1rea de inserci\u00f3n sociolaboral presta los soportes necesarios para que todas las personas con s\u00edndrome de Down y discapacidad puedan trabajar en la empresa ordinaria mediante la metodolog\u00eda de trabajo con soporte.<\/span><\/span><\/p>\n<\/div><\/div><\/div><div class=\"fusion-layout-column fusion_builder_column fusion-builder-column-62 fusion_builder_column_1_4 1_4 fusion-flex-column fusion-animated\" style=\"--awb-bg-size:cover;--awb-width-large:25%;--awb-margin-top-large:0px;--awb-spacing-right-large:20px;--awb-margin-bottom-large:70px;--awb-spacing-left-large:20px;--awb-width-medium:25%;--awb-order-medium:0;--awb-spacing-right-medium:20px;--awb-spacing-left-medium:20px;--awb-width-small:100%;--awb-order-small:0;--awb-spacing-right-small:60px;--awb-margin-bottom-small:55px;--awb-spacing-left-small:60px;--awb-animation-color:hsla(var(--awb-color7-h),var(--awb-color7-s),calc(var(--awb-color7-l) + 5%),var(--awb-color7-a));\" data-animationType=\"revealInLeft\" data-animationDuration=\"1.3\" data-animationOffset=\"top-into-view\"><div class=\"fusion-column-wrapper fusion-column-has-shadow fusion-flex-justify-content-flex-start fusion-content-layout-column\"><div class=\"fusion-image-element \" style=\"text-align:center;--awb-aspect-ratio: 100 \/ 90;--awb-margin-bottom:35px;--awb-max-width:150px;--awb-caption-title-size:var(--h2_typography-font-size);--awb-caption-title-transform:var(--h2_typography-text-transform);--awb-caption-title-line-height:var(--h2_typography-line-height);--awb-caption-title-letter-spacing:var(--h2_typography-letter-spacing);\"><div style=\"display:inline-block;width:150px;\"><span class=\" fusion-imageframe imageframe-none imageframe-35 hover-type-none has-aspect-ratio\"><img decoding=\"async\" width=\"150\" height=\"150\" title=\"9cat-150&#215;150\" src=\"data:image\/svg+xml,%3Csvg%20xmlns%3D%27http%3A%2F%2Fwww.w3.org%2F2000%2Fsvg%27%20width%3D%27150%27%20height%3D%27150%27%20viewBox%3D%270%200%20150%20150%27%3E%3Crect%20width%3D%27150%27%20height%3D%27150%27%20fill-opacity%3D%220%22%2F%3E%3C%2Fsvg%3E\" data-orig-src=\"https:\/\/downlleida.org\/wp-content\/uploads\/2024\/01\/9cat-150x150-1.png\" class=\"lazyload img-responsive wp-image-4585 img-with-aspect-ratio\" alt \/><\/span><\/div><\/div><div class=\"fusion-title title fusion-title-61 fusion-sep-none fusion-title-center fusion-title-text fusion-title-size-three\" style=\"--awb-text-color:var(--awb-color5);--awb-margin-top:0px;--awb-margin-bottom:5px;--awb-font-size:25px;\"><h3 class=\"title-heading-center\" style=\"margin:0;font-size:1em;\"><span style=\"vertical-align: inherit;\"><span style=\"vertical-align: inherit;\"><span style=\"vertical-align: inherit;\"><span style=\"vertical-align: inherit;\">Industria, innovaci\u00f3n e infraestruturas<\/span><\/span><\/span><\/span><\/h3><\/div><div class=\"fusion-text fusion-text-45 fusion-text-no-margin\" style=\"--awb-content-alignment:center;--awb-font-size:var(--awb-typography5-font-size);--awb-line-height:var(--awb-typography5-line-height);--awb-letter-spacing:var(--awb-typography5-letter-spacing);--awb-text-transform:var(--awb-typography5-text-transform);--awb-text-color:var(--awb-color8);--awb-text-font-family:var(--awb-typography5-font-family);--awb-text-font-weight:var(--awb-typography5-font-weight);--awb-text-font-style:var(--awb-typography5-font-style);\"><p><span style=\"vertical-align: inherit;\"><span style=\"vertical-align: inherit;\">Las personas con s\u00edndrome de Down y discapacidad intelectual deben estar al d\u00eda del uso de las nuevas tecnolog\u00edas y de la innovaci\u00f3n que se produzca en este sector. Trabajamos para reducir la brecha tecnol\u00f3gica. Promovemos que el sector empresarial pueda hacer efectiva su responsabilidad social empresarial (RSE).<\/span><\/span><\/p>\n<\/div><\/div><\/div><div class=\"fusion-layout-column fusion_builder_column fusion-builder-column-63 fusion_builder_column_1_4 1_4 fusion-flex-column fusion-animated\" style=\"--awb-bg-size:cover;--awb-width-large:25%;--awb-margin-top-large:0px;--awb-spacing-right-large:20px;--awb-margin-bottom-large:70px;--awb-spacing-left-large:20px;--awb-width-medium:25%;--awb-order-medium:0;--awb-spacing-right-medium:20px;--awb-spacing-left-medium:20px;--awb-width-small:100%;--awb-order-small:0;--awb-spacing-right-small:60px;--awb-margin-bottom-small:55px;--awb-spacing-left-small:60px;--awb-animation-color:hsla(var(--awb-color7-h),var(--awb-color7-s),calc(var(--awb-color7-l) + 5%),var(--awb-color7-a));\" data-animationType=\"revealInLeft\" data-animationDuration=\"1.3\" data-animationOffset=\"top-into-view\"><div class=\"fusion-column-wrapper fusion-column-has-shadow fusion-flex-justify-content-flex-start fusion-content-layout-column\"><div class=\"fusion-image-element \" style=\"text-align:center;--awb-aspect-ratio: 100 \/ 90;--awb-margin-bottom:35px;--awb-max-width:150px;--awb-caption-title-size:var(--h2_typography-font-size);--awb-caption-title-transform:var(--h2_typography-text-transform);--awb-caption-title-line-height:var(--h2_typography-line-height);--awb-caption-title-letter-spacing:var(--h2_typography-letter-spacing);\"><div style=\"display:inline-block;width:150px;\"><span class=\" fusion-imageframe imageframe-none imageframe-36 hover-type-none has-aspect-ratio\"><img decoding=\"async\" width=\"150\" height=\"150\" title=\"10cat-150&#215;150\" src=\"data:image\/svg+xml,%3Csvg%20xmlns%3D%27http%3A%2F%2Fwww.w3.org%2F2000%2Fsvg%27%20width%3D%27150%27%20height%3D%27150%27%20viewBox%3D%270%200%20150%20150%27%3E%3Crect%20width%3D%27150%27%20height%3D%27150%27%20fill-opacity%3D%220%22%2F%3E%3C%2Fsvg%3E\" data-orig-src=\"https:\/\/downlleida.org\/wp-content\/uploads\/2024\/01\/10cat-150x150-1.png\" class=\"lazyload img-responsive wp-image-4587 img-with-aspect-ratio\" alt \/><\/span><\/div><\/div><div class=\"fusion-title title fusion-title-62 fusion-sep-none fusion-title-center fusion-title-text fusion-title-size-three\" style=\"--awb-text-color:var(--awb-color5);--awb-margin-top:0px;--awb-margin-bottom:5px;--awb-font-size:25px;\"><h3 class=\"title-heading-center\" style=\"margin:0;font-size:1em;\"><span style=\"vertical-align: inherit;\"><span style=\"vertical-align: inherit;\">Reducci\u00f3n de las desigualdades<\/span><\/span><\/h3><\/div><div class=\"fusion-text fusion-text-46 fusion-text-no-margin\" style=\"--awb-content-alignment:center;--awb-font-size:var(--awb-typography5-font-size);--awb-line-height:var(--awb-typography5-line-height);--awb-letter-spacing:var(--awb-typography5-letter-spacing);--awb-text-transform:var(--awb-typography5-text-transform);--awb-text-color:var(--awb-color8);--awb-text-font-family:var(--awb-typography5-font-family);--awb-text-font-weight:var(--awb-typography5-font-weight);--awb-text-font-style:var(--awb-typography5-font-style);\"><p><span style=\"vertical-align: inherit;\"><span style=\"vertical-align: inherit;\">Todas nuestras \u00e1reas de trabajo tienen como objetivo reducir las desigualdades existentes por raz\u00f3n de discapacidad, y asegurar que nadie queda atr\u00e1s. Establecer redes para que las familias y personas con discapacidad puedan disponer de recursos materiales y estrategias para la superaci\u00f3n de las desigualdades econ\u00f3micas.<\/span><\/span><\/p>\n<\/div><\/div><\/div><div class=\"fusion-layout-column fusion_builder_column fusion-builder-column-64 fusion_builder_column_1_4 1_4 fusion-flex-column fusion-animated\" style=\"--awb-bg-size:cover;--awb-width-large:25%;--awb-margin-top-large:0px;--awb-spacing-right-large:20px;--awb-margin-bottom-large:70px;--awb-spacing-left-large:20px;--awb-width-medium:25%;--awb-order-medium:0;--awb-spacing-right-medium:20px;--awb-spacing-left-medium:20px;--awb-width-small:100%;--awb-order-small:0;--awb-spacing-right-small:60px;--awb-margin-bottom-small:55px;--awb-spacing-left-small:60px;--awb-animation-color:hsla(var(--awb-color7-h),var(--awb-color7-s),calc(var(--awb-color7-l) + 5%),var(--awb-color7-a));\" data-animationType=\"revealInLeft\" data-animationDuration=\"1.3\" data-animationOffset=\"top-into-view\"><div class=\"fusion-column-wrapper fusion-column-has-shadow fusion-flex-justify-content-flex-start fusion-content-layout-column\"><div class=\"fusion-image-element \" style=\"text-align:center;--awb-aspect-ratio: 100 \/ 90;--awb-margin-bottom:35px;--awb-max-width:150px;--awb-caption-title-size:var(--h2_typography-font-size);--awb-caption-title-transform:var(--h2_typography-text-transform);--awb-caption-title-line-height:var(--h2_typography-line-height);--awb-caption-title-letter-spacing:var(--h2_typography-letter-spacing);\"><div style=\"display:inline-block;width:150px;\"><span class=\" fusion-imageframe imageframe-none imageframe-37 hover-type-none has-aspect-ratio\"><img decoding=\"async\" width=\"150\" height=\"150\" title=\"11cat-150&#215;150\" src=\"data:image\/svg+xml,%3Csvg%20xmlns%3D%27http%3A%2F%2Fwww.w3.org%2F2000%2Fsvg%27%20width%3D%27150%27%20height%3D%27150%27%20viewBox%3D%270%200%20150%20150%27%3E%3Crect%20width%3D%27150%27%20height%3D%27150%27%20fill-opacity%3D%220%22%2F%3E%3C%2Fsvg%3E\" data-orig-src=\"https:\/\/downlleida.org\/wp-content\/uploads\/2024\/01\/11cat-150x150-1.png\" class=\"lazyload img-responsive wp-image-4589 img-with-aspect-ratio\" alt \/><\/span><\/div><\/div><div class=\"fusion-title title fusion-title-63 fusion-sep-none fusion-title-center fusion-title-text fusion-title-size-three\" style=\"--awb-text-color:var(--awb-color5);--awb-margin-top:0px;--awb-margin-bottom:5px;--awb-font-size:25px;\"><h3 class=\"title-heading-center\" style=\"margin:0;font-size:1em;\"><span style=\"vertical-align: inherit;\"><span style=\"vertical-align: inherit;\">Ciudades y comunidades sostenibles<\/span><\/span><\/h3><\/div><div class=\"fusion-text fusion-text-47 fusion-text-no-margin\" style=\"--awb-content-alignment:center;--awb-font-size:var(--awb-typography5-font-size);--awb-line-height:var(--awb-typography5-line-height);--awb-letter-spacing:var(--awb-typography5-letter-spacing);--awb-text-transform:var(--awb-typography5-text-transform);--awb-text-color:var(--awb-color8);--awb-text-font-family:var(--awb-typography5-font-family);--awb-text-font-weight:var(--awb-typography5-font-weight);--awb-text-font-style:var(--awb-typography5-font-style);\"><p><span style=\"vertical-align: inherit;\"><span style=\"vertical-align: inherit;\">Mediante los proyectos de vida independiente trabajamos por una ciudad m\u00e1s inclusiva y segura para personas con discapacidad. Defendemos un modelo de vida integrado en la comunidad de referencia de cada persona.<\/span><\/span><\/p>\n<\/div><\/div><\/div><div class=\"fusion-layout-column fusion_builder_column fusion-builder-column-65 fusion_builder_column_1_4 1_4 fusion-flex-column fusion-animated\" style=\"--awb-bg-size:cover;--awb-width-large:25%;--awb-margin-top-large:0px;--awb-spacing-right-large:20px;--awb-margin-bottom-large:70px;--awb-spacing-left-large:20px;--awb-width-medium:25%;--awb-order-medium:0;--awb-spacing-right-medium:20px;--awb-spacing-left-medium:20px;--awb-width-small:100%;--awb-order-small:0;--awb-spacing-right-small:60px;--awb-margin-bottom-small:55px;--awb-spacing-left-small:60px;--awb-animation-color:hsla(var(--awb-color7-h),var(--awb-color7-s),calc(var(--awb-color7-l) + 5%),var(--awb-color7-a));\" data-animationType=\"revealInLeft\" data-animationDuration=\"1.3\" data-animationOffset=\"top-into-view\"><div class=\"fusion-column-wrapper fusion-column-has-shadow fusion-flex-justify-content-flex-start fusion-content-layout-column\"><div class=\"fusion-image-element \" style=\"text-align:center;--awb-aspect-ratio: 100 \/ 90;--awb-margin-bottom:35px;--awb-max-width:150px;--awb-caption-title-size:var(--h2_typography-font-size);--awb-caption-title-transform:var(--h2_typography-text-transform);--awb-caption-title-line-height:var(--h2_typography-line-height);--awb-caption-title-letter-spacing:var(--h2_typography-letter-spacing);\"><div style=\"display:inline-block;width:150px;\"><span class=\" fusion-imageframe imageframe-none imageframe-38 hover-type-none has-aspect-ratio\"><img decoding=\"async\" width=\"150\" height=\"150\" title=\"12cat-150&#215;150\" src=\"data:image\/svg+xml,%3Csvg%20xmlns%3D%27http%3A%2F%2Fwww.w3.org%2F2000%2Fsvg%27%20width%3D%27150%27%20height%3D%27150%27%20viewBox%3D%270%200%20150%20150%27%3E%3Crect%20width%3D%27150%27%20height%3D%27150%27%20fill-opacity%3D%220%22%2F%3E%3C%2Fsvg%3E\" data-orig-src=\"https:\/\/downlleida.org\/wp-content\/uploads\/2024\/01\/12cat-150x150-1.png\" class=\"lazyload img-responsive wp-image-4591 img-with-aspect-ratio\" alt \/><\/span><\/div><\/div><div class=\"fusion-title title fusion-title-64 fusion-sep-none fusion-title-center fusion-title-text fusion-title-size-three\" style=\"--awb-text-color:var(--awb-color5);--awb-margin-top:0px;--awb-margin-bottom:5px;--awb-font-size:25px;\"><h3 class=\"title-heading-center\" style=\"margin:0;font-size:1em;\"><span style=\"vertical-align: inherit;\"><span style=\"vertical-align: inherit;\">Consumo y producci\u00f3n responsables<\/span><\/span><\/h3><\/div><div class=\"fusion-text fusion-text-48 fusion-text-no-margin\" style=\"--awb-content-alignment:center;--awb-font-size:var(--awb-typography5-font-size);--awb-line-height:var(--awb-typography5-line-height);--awb-letter-spacing:var(--awb-typography5-letter-spacing);--awb-text-transform:var(--awb-typography5-text-transform);--awb-text-color:var(--awb-color8);--awb-text-font-family:var(--awb-typography5-font-family);--awb-text-font-weight:var(--awb-typography5-font-weight);--awb-text-font-style:var(--awb-typography5-font-style);\"><p><span style=\"vertical-align: inherit;\"><span style=\"vertical-align: inherit;\">Promovemos h\u00e1bitos de consumo sostenibles y saludables, poniendo importancia en el respeto al medio ambiente y al entorno.<\/span><\/span><\/p>\n<\/div><\/div><\/div><div class=\"fusion-layout-column fusion_builder_column fusion-builder-column-66 fusion_builder_column_1_4 1_4 fusion-flex-column fusion-animated\" style=\"--awb-bg-size:cover;--awb-width-large:25%;--awb-margin-top-large:0px;--awb-spacing-right-large:20px;--awb-margin-bottom-large:70px;--awb-spacing-left-large:20px;--awb-width-medium:25%;--awb-order-medium:0;--awb-spacing-right-medium:20px;--awb-spacing-left-medium:20px;--awb-width-small:100%;--awb-order-small:0;--awb-spacing-right-small:60px;--awb-margin-bottom-small:55px;--awb-spacing-left-small:60px;--awb-animation-color:hsla(var(--awb-color7-h),var(--awb-color7-s),calc(var(--awb-color7-l) + 5%),var(--awb-color7-a));\" data-animationType=\"revealInLeft\" data-animationDuration=\"1.3\" data-animationOffset=\"top-into-view\"><div class=\"fusion-column-wrapper fusion-column-has-shadow fusion-flex-justify-content-flex-start fusion-content-layout-column\"><div class=\"fusion-image-element \" style=\"text-align:center;--awb-aspect-ratio: 100 \/ 90;--awb-margin-bottom:35px;--awb-max-width:150px;--awb-caption-title-size:var(--h2_typography-font-size);--awb-caption-title-transform:var(--h2_typography-text-transform);--awb-caption-title-line-height:var(--h2_typography-line-height);--awb-caption-title-letter-spacing:var(--h2_typography-letter-spacing);\"><div style=\"display:inline-block;width:150px;\"><span class=\" fusion-imageframe imageframe-none imageframe-39 hover-type-none has-aspect-ratio\"><img decoding=\"async\" width=\"150\" height=\"150\" title=\"16cat-150&#215;150\" src=\"data:image\/svg+xml,%3Csvg%20xmlns%3D%27http%3A%2F%2Fwww.w3.org%2F2000%2Fsvg%27%20width%3D%27150%27%20height%3D%27150%27%20viewBox%3D%270%200%20150%20150%27%3E%3Crect%20width%3D%27150%27%20height%3D%27150%27%20fill-opacity%3D%220%22%2F%3E%3C%2Fsvg%3E\" data-orig-src=\"https:\/\/downlleida.org\/wp-content\/uploads\/2024\/01\/16cat-150x150-1.png\" class=\"lazyload img-responsive wp-image-4593 img-with-aspect-ratio\" alt \/><\/span><\/div><\/div><div class=\"fusion-title title fusion-title-65 fusion-sep-none fusion-title-center fusion-title-text fusion-title-size-three\" style=\"--awb-text-color:var(--awb-color5);--awb-margin-top:0px;--awb-margin-bottom:5px;--awb-font-size:25px;\"><h3 class=\"title-heading-center\" style=\"margin:0;font-size:1em;\"><span style=\"vertical-align: inherit;\"><span style=\"vertical-align: inherit;\">Alianza para alcanzar los objetivos<\/span><\/span><\/h3><\/div><div class=\"fusion-text fusion-text-49 fusion-text-no-margin\" style=\"--awb-content-alignment:center;--awb-font-size:var(--awb-typography5-font-size);--awb-line-height:var(--awb-typography5-line-height);--awb-letter-spacing:var(--awb-typography5-letter-spacing);--awb-text-transform:var(--awb-typography5-text-transform);--awb-text-color:var(--awb-color8);--awb-text-font-family:var(--awb-typography5-font-family);--awb-text-font-weight:var(--awb-typography5-font-weight);--awb-text-font-style:var(--awb-typography5-font-style);\"><p><span style=\"vertical-align: inherit;\"><span style=\"vertical-align: inherit;\">Down Lleida nos aliamos con la comunidad (empresas, administraciones p\u00fablicas, centros educativos, centros sanitarios, espacios culturales y todo tipo de entidades) para desarrollar proyectos y acciones a favor de la inclusi\u00f3n de las personas con s\u00edndrome de Down y discapacidad intelectual.<\/span><\/span><\/p>\n<\/div><\/div><\/div><div class=\"fusion-layout-column fusion_builder_column fusion-builder-column-67 fusion-flex-column fusion-animated\" style=\"--awb-bg-size:cover;--awb-width-large:37.89%;--awb-margin-top-large:0px;--awb-spacing-right-large:20px;--awb-margin-bottom-large:70px;--awb-spacing-left-large:20px;--awb-width-medium:37.89%;--awb-order-medium:0;--awb-spacing-right-medium:20px;--awb-spacing-left-medium:20px;--awb-width-small:100%;--awb-order-small:0;--awb-spacing-right-small:60px;--awb-margin-bottom-small:55px;--awb-spacing-left-small:60px;--awb-animation-color:hsla(var(--awb-color7-h),var(--awb-color7-s),calc(var(--awb-color7-l) + 5%),var(--awb-color7-a));\" data-animationType=\"revealInLeft\" data-animationDuration=\"1.3\" data-animationOffset=\"top-into-view\"><div class=\"fusion-column-wrapper fusion-column-has-shadow fusion-flex-justify-content-flex-start fusion-content-layout-column\"><div class=\"fusion-image-element \" style=\"text-align:center;--awb-margin-bottom:35px;--awb-max-width:250px;--awb-caption-title-size:var(--h2_typography-font-size);--awb-caption-title-transform:var(--h2_typography-text-transform);--awb-caption-title-line-height:var(--h2_typography-line-height);--awb-caption-title-letter-spacing:var(--h2_typography-letter-spacing);\"><span class=\" fusion-imageframe imageframe-none imageframe-40 hover-type-none\"><img decoding=\"async\" width=\"1316\" height=\"1045\" title=\"S_SDG_logo_UN_emblem_square_trans_WEB\" src=\"https:\/\/downlleida.org\/wp-content\/uploads\/2024\/01\/S_SDG_logo_UN_emblem_square_trans_WEB.png\" data-orig-src=\"https:\/\/downlleida.org\/wp-content\/uploads\/2024\/01\/S_SDG_logo_UN_emblem_square_trans_WEB.png\" alt class=\"lazyload img-responsive wp-image-4597\" srcset=\"data:image\/svg+xml,%3Csvg%20xmlns%3D%27http%3A%2F%2Fwww.w3.org%2F2000%2Fsvg%27%20width%3D%271316%27%20height%3D%271045%27%20viewBox%3D%270%200%201316%201045%27%3E%3Crect%20width%3D%271316%27%20height%3D%271045%27%20fill-opacity%3D%220%22%2F%3E%3C%2Fsvg%3E\" data-srcset=\"https:\/\/downlleida.org\/wp-content\/uploads\/2024\/01\/S_SDG_logo_UN_emblem_square_trans_WEB-200x159.png 200w, https:\/\/downlleida.org\/wp-content\/uploads\/2024\/01\/S_SDG_logo_UN_emblem_square_trans_WEB-400x318.png 400w, https:\/\/downlleida.org\/wp-content\/uploads\/2024\/01\/S_SDG_logo_UN_emblem_square_trans_WEB-600x476.png 600w, https:\/\/downlleida.org\/wp-content\/uploads\/2024\/01\/S_SDG_logo_UN_emblem_square_trans_WEB-800x635.png 800w, https:\/\/downlleida.org\/wp-content\/uploads\/2024\/01\/S_SDG_logo_UN_emblem_square_trans_WEB-1200x953.png 1200w, https:\/\/downlleida.org\/wp-content\/uploads\/2024\/01\/S_SDG_logo_UN_emblem_square_trans_WEB.png 1316w\" data-sizes=\"auto\" data-orig-sizes=\"(max-width: 700px) 100vw, 600px\" \/><\/span><\/div><\/div><\/div><\/div><\/div><\/div><\/p>\n","protected":false},"excerpt":{"rendered":"","protected":false},"author":1,"featured_media":2892,"parent":0,"menu_order":0,"comment_status":"closed","ping_status":"closed","template":"100-width.php","meta":{"footnotes":""},"class_list":["post-3153","page","type-page","status-publish","has-post-thumbnail","hentry"],"yoast_head":"<!-- This site is optimized with the Yoast SEO plugin v20.0 - https:\/\/yoast.com\/wordpress\/plugins\/seo\/ -->\n<title>Qui\u00e9nes somos - Down Lleida<\/title>\n<meta name=\"robots\" content=\"index, follow, max-snippet:-1, max-image-preview:large, max-video-preview:-1\" \/>\n<link rel=\"canonical\" href=\"https:\/\/downlleida.org\/es\/quienes-somos\/\" \/>\n<meta property=\"og:locale\" content=\"es_ES\" \/>\n<meta property=\"og:type\" content=\"article\" \/>\n<meta property=\"og:title\" content=\"Qui\u00e9nes somos - Down Lleida\" \/>\n<meta property=\"og:url\" content=\"https:\/\/downlleida.org\/es\/quienes-somos\/\" \/>\n<meta property=\"og:site_name\" content=\"Down Lleida\" \/>\n<meta property=\"article:modified_time\" content=\"2025-10-10T07:20:10+00:00\" \/>\n<meta property=\"og:image\" content=\"https:\/\/downlleida.org\/wp-content\/uploads\/2023\/02\/qui-som-down-lleida.jpg\" \/>\n\t<meta property=\"og:image:width\" content=\"1080\" \/>\n\t<meta property=\"og:image:height\" content=\"810\" \/>\n\t<meta property=\"og:image:type\" content=\"image\/jpeg\" \/>\n<meta name=\"twitter:card\" content=\"summary_large_image\" \/>\n<meta name=\"twitter:label1\" content=\"Tiempo de lectura\" \/>\n\t<meta name=\"twitter:data1\" content=\"102 minutos\" \/>\n<script type=\"application\/ld+json\" class=\"yoast-schema-graph\">{\"@context\":\"https:\/\/schema.org\",\"@graph\":[{\"@type\":\"WebPage\",\"@id\":\"https:\/\/downlleida.org\/es\/quienes-somos\/\",\"url\":\"https:\/\/downlleida.org\/es\/quienes-somos\/\",\"name\":\"Qui\u00e9nes somos - Down Lleida\",\"isPartOf\":{\"@id\":\"https:\/\/downlleida.org\/#website\"},\"datePublished\":\"2022-07-27T14:10:43+00:00\",\"dateModified\":\"2025-10-10T07:20:10+00:00\",\"breadcrumb\":{\"@id\":\"https:\/\/downlleida.org\/es\/quienes-somos\/#breadcrumb\"},\"inLanguage\":\"es\",\"potentialAction\":[{\"@type\":\"ReadAction\",\"target\":[\"https:\/\/downlleida.org\/es\/quienes-somos\/\"]}]},{\"@type\":\"BreadcrumbList\",\"@id\":\"https:\/\/downlleida.org\/es\/quienes-somos\/#breadcrumb\",\"itemListElement\":[{\"@type\":\"ListItem\",\"position\":1,\"name\":\"Portada\",\"item\":\"https:\/\/downlleida.org\/es\/\"},{\"@type\":\"ListItem\",\"position\":2,\"name\":\"Qui\u00e9nes somos\"}]},{\"@type\":\"WebSite\",\"@id\":\"https:\/\/downlleida.org\/#website\",\"url\":\"https:\/\/downlleida.org\/\",\"name\":\"Down Lleida\",\"description\":\"Associaci\u00f3 Lleidatana per a la S\u00edndrome de Down\",\"potentialAction\":[{\"@type\":\"SearchAction\",\"target\":{\"@type\":\"EntryPoint\",\"urlTemplate\":\"https:\/\/downlleida.org\/?s={search_term_string}\"},\"query-input\":\"required name=search_term_string\"}],\"inLanguage\":\"es\"}]}<\/script>\n<!-- \/ Yoast SEO plugin. -->","yoast_head_json":{"title":"Qui\u00e9nes somos - Down Lleida","robots":{"index":"index","follow":"follow","max-snippet":"max-snippet:-1","max-image-preview":"max-image-preview:large","max-video-preview":"max-video-preview:-1"},"canonical":"https:\/\/downlleida.org\/es\/quienes-somos\/","og_locale":"es_ES","og_type":"article","og_title":"Qui\u00e9nes somos - Down Lleida","og_url":"https:\/\/downlleida.org\/es\/quienes-somos\/","og_site_name":"Down Lleida","article_modified_time":"2025-10-10T07:20:10+00:00","og_image":[{"width":1080,"height":810,"url":"https:\/\/downlleida.org\/wp-content\/uploads\/2023\/02\/qui-som-down-lleida.jpg","type":"image\/jpeg"}],"twitter_card":"summary_large_image","twitter_misc":{"Tiempo de lectura":"102 minutos"},"schema":{"@context":"https:\/\/schema.org","@graph":[{"@type":"WebPage","@id":"https:\/\/downlleida.org\/es\/quienes-somos\/","url":"https:\/\/downlleida.org\/es\/quienes-somos\/","name":"Qui\u00e9nes somos - Down Lleida","isPartOf":{"@id":"https:\/\/downlleida.org\/#website"},"datePublished":"2022-07-27T14:10:43+00:00","dateModified":"2025-10-10T07:20:10+00:00","breadcrumb":{"@id":"https:\/\/downlleida.org\/es\/quienes-somos\/#breadcrumb"},"inLanguage":"es","potentialAction":[{"@type":"ReadAction","target":["https:\/\/downlleida.org\/es\/quienes-somos\/"]}]},{"@type":"BreadcrumbList","@id":"https:\/\/downlleida.org\/es\/quienes-somos\/#breadcrumb","itemListElement":[{"@type":"ListItem","position":1,"name":"Portada","item":"https:\/\/downlleida.org\/es\/"},{"@type":"ListItem","position":2,"name":"Qui\u00e9nes somos"}]},{"@type":"WebSite","@id":"https:\/\/downlleida.org\/#website","url":"https:\/\/downlleida.org\/","name":"Down Lleida","description":"Associaci\u00f3 Lleidatana per a la S\u00edndrome de Down","potentialAction":[{"@type":"SearchAction","target":{"@type":"EntryPoint","urlTemplate":"https:\/\/downlleida.org\/?s={search_term_string}"},"query-input":"required name=search_term_string"}],"inLanguage":"es"}]}},"_links":{"self":[{"href":"https:\/\/downlleida.org\/es\/wp-json\/wp\/v2\/pages\/3153","targetHints":{"allow":["GET"]}}],"collection":[{"href":"https:\/\/downlleida.org\/es\/wp-json\/wp\/v2\/pages"}],"about":[{"href":"https:\/\/downlleida.org\/es\/wp-json\/wp\/v2\/types\/page"}],"author":[{"embeddable":true,"href":"https:\/\/downlleida.org\/es\/wp-json\/wp\/v2\/users\/1"}],"replies":[{"embeddable":true,"href":"https:\/\/downlleida.org\/es\/wp-json\/wp\/v2\/comments?post=3153"}],"version-history":[{"count":64,"href":"https:\/\/downlleida.org\/es\/wp-json\/wp\/v2\/pages\/3153\/revisions"}],"predecessor-version":[{"id":5318,"href":"https:\/\/downlleida.org\/es\/wp-json\/wp\/v2\/pages\/3153\/revisions\/5318"}],"wp:featuredmedia":[{"embeddable":true,"href":"https:\/\/downlleida.org\/es\/wp-json\/wp\/v2\/media\/2892"}],"wp:attachment":[{"href":"https:\/\/downlleida.org\/es\/wp-json\/wp\/v2\/media?parent=3153"}],"curies":[{"name":"wp","href":"https:\/\/api.w.org\/{rel}","templated":true}]}}